{"id":100,"date":"2022-06-16T09:54:45","date_gmt":"2022-06-16T07:54:45","guid":{"rendered":"http:\/\/192.168.108.1\/?page_id=100"},"modified":"2022-07-12T10:41:44","modified_gmt":"2022-07-12T08:41:44","slug":"les-directions-et-divisions","status":"publish","type":"page","link":"https:\/\/www.minhdu.gov.cm\/le-ministere\/les-directions-et-divisions\/","title":{"rendered":"The Directorates and Divisions"},"content":{"rendered":"<p>[et_pb_section fb_built=&#8221;1&#8243; _builder_version=&#8221;4.17.4&#8243; _module_preset=&#8221;default&#8221; custom_margin=&#8221;0px||0px||false|false&#8221; custom_padding=&#8221;0px||0px||false|false&#8221; global_colors_info=&#8221;{}&#8221;][et_pb_row custom_padding_last_edited=&#8221;on|phone&#8221; _builder_version=&#8221;4.17.4&#8243; _module_preset=&#8221;default&#8221; background_color=&#8221;#efefef&#8221; custom_margin=&#8221;50px||50px||true|false&#8221; custom_padding=&#8221;40px|40px|40px|40px|true|true&#8221; custom_padding_tablet=&#8221;40px|40px|40px|40px|true|true&#8221; custom_padding_phone=&#8221;20px|15px|20px|15px|true|true&#8221; hover_enabled=&#8221;0&#8243; border_radii=&#8221;on|10px|10px|10px|10px&#8221; border_width_all=&#8221;1px&#8221; border_color_all=&#8221;#009400&#8243; global_colors_info=&#8221;{}&#8221; sticky_enabled=&#8221;0&#8243;][et_pb_column type=&#8221;4_4&#8243; _builder_version=&#8221;4.17.4&#8243; _module_preset=&#8221;default&#8221; global_colors_info=&#8221;{}&#8221;][et_pb_text _builder_version=&#8221;4.17.4&#8243; _module_preset=&#8221;default&#8221; text_font=&#8221;|600|||||||&#8221; text_text_color=&#8221;#000000&#8243; text_font_size=&#8221;15px&#8221; text_line_height=&#8221;1.8em&#8221; text_orientation=&#8221;justified&#8221; custom_padding=&#8221;|5px||5px|false|true&#8221; text_font_size_tablet=&#8221;14px&#8221; text_font_size_phone=&#8221;13px&#8221; text_font_size_last_edited=&#8221;on|tablet&#8221; global_colors_info=&#8221;{}&#8221;]<\/p>\n<p style=\"text-align: left; font-size: 21px; color: #006400;\"><strong>Direction des Op\u00e9rations Urbaines (DOU)<\/strong><\/p>\n<hr width=\"985 px\" size=\"5px\" color=\"#004c99\" style=\"margin-top: -10px; float: left;\" \/>\n<p>&nbsp;<\/p>\n<p>Plac\u00e9e sous l&#8217;autorit\u00e9 d&#8217;un Directeur, la Direction des Op\u00e9rations Urbaines est charg\u00e9e :<\/p>\n<ul style=\"list-style-type: none;\">\n<li><i class=\"fa-solid fa-play\" style=\"color: #009400;\"><\/i> Des \u00e9tudes et plans d&#8217;am\u00e9nagement des villes et quartiers ;<\/li>\n<li><i class=\"fa-solid fa-play\" style=\"color: #009400;\"><\/i> Des op\u00e9rations d&#8217;am\u00e9nagement en milieu urbain telles que : la restructuration urbaine, la r\u00e9novation, les lotissements, les remembrements, les op\u00e9rations d&#8217;am\u00e9nagement concert\u00e9, les\u00a0 voiries, les r\u00e9seaux divers et tout autre \u00e9quipement touchant au foncier urbain ;<\/li>\n<li><i class=\"fa-solid fa-play\" style=\"color: #009400;\"><\/i> De la participation \u00e0 l&#8217;\u00e9laboration des normes techniques en mati\u00e8re d&#8217;am\u00e9nagement ainsi que du suivi\u00a0 de leur application ;<\/li>\n<li><i class=\"fa-solid fa-play\" style=\"color: #009400;\"><\/i> De la participation \u00e0 l&#8217;\u00e9laboration des politiques et strat\u00e9gies des transports urbains durables, en liaison avec les administrations concern\u00e9es ;<\/li>\n<li><i class=\"fa-solid fa-play\" style=\"color: #009400;\"><\/i> De la coordination et du contr\u00f4le des travaux d&#8217;\u00e9quipement relevant de sa comp\u00e9tence dans les extensions urbaines ;<\/li>\n<li><i class=\"fa-solid fa-play\" style=\"color: #009400;\"><\/i> De la r\u00e9alisation des \u00e9tudes en vue de la construction, de l&#8217;entretien ou de r\u00e9habilitation des voiries ;<\/li>\n<li><i class=\"fa-solid fa-play\" style=\"color: #009400;\"><\/i> De la participation \u00e0 la protection du patrimoine routier urbain et de ses d\u00e9pendances en liaison avec les administrations concern\u00e9es ;<\/li>\n<li><i class=\"fa-solid fa-play\" style=\"color: #009400;\"><\/i> De la participation \u00e0 l&#8217;\u00e9laboration de la nomenclature et de la classification des voiries et \u00e9quipements urbains ;<\/li>\n<li><i class=\"fa-solid fa-play\" style=\"color: #009400;\"><\/i> De l&#8217;\u00e9laboration des strat\u00e9gies de gestion des infrastructures et \u00e9quipements urbains relevant de sa comp\u00e9tence ;<\/li>\n<li><i class=\"fa-solid fa-play\" style=\"color: #009400;\"><\/i> De la mise en \u0153uvre des strat\u00e9gies de gestion des infrastructures urbaines ;<\/li>\n<li><i class=\"fa-solid fa-play\" style=\"color: #009400;\"><\/i> De la ma\u00eetrise\u00a0 d&#8217;ouvrage et du contr\u00f4le des travaux d&#8217;\u00e9clairage public des villes ;<\/li>\n<li><i class=\"fa-solid fa-play\" style=\"color: #009400;\"><\/i> De l&#8217;embellissement des centres urbains, en liaison avec les administrations et collectivit\u00e9s territoriales d\u00e9centralis\u00e9es concern\u00e9es ;<\/li>\n<li><i class=\"fa-solid fa-play\" style=\"color: #009400;\"><\/i> Du suivi et du contr\u00f4le des travaux de construction des voiries, des r\u00e9seaux divers, ainsi que des ouvrages d&#8217;art, en liaison avec les administrations concern\u00e9es ;<\/li>\n<li><i class=\"fa-solid fa-play\" style=\"color: #009400;\"><\/i> De la pr\u00e9vention\u00a0 et du suivi de la r\u00e9pression des occupations spontan\u00e9es et anarchiques de l&#8217;espace urbain ;<\/li>\n<li><i class=\"fa-solid fa-play\" style=\"color: #009400;\"><\/i> De la participation aux op\u00e9rations d&#8217;expropriation pour cause d&#8217;utilit\u00e9 publique ;<\/li>\n<li><i class=\"fa-solid fa-play\" style=\"color: #009400;\"><\/i>De la mise en \u0153uvre des projets \u00e0 haute intensit\u00e9 de main d&#8217;\u0153uvre dans le secteur de l&#8217;am\u00e9nagement urbain.<\/li>\n<\/ul>\n<p>Elle comprend :<\/p>\n<ul style=\"list-style-type: none;\">\n<li><i class=\"fa-solid fa-diamond\" style=\"color: #009400;\"><\/i> La Sous-Direction des Op\u00e9rations d&#8217;Am\u00e9nagement et d&#8217;Embellissement ;<\/li>\n<li><i class=\"fa-solid fa-diamond\" style=\"color: #009400;\"><\/i> La Sous-Direction des Voiries et R\u00e9seaux Divers ;<\/li>\n<li><i class=\"fa-solid fa-diamond\" style=\"color: #009400;\"><\/i> La Sous-Direction de l&#8217;Assainissement et du Drainage.<\/li>\n<\/ul>\n<p>&nbsp;<\/p>\n<p style=\"text-align: left; font-size: 21px; color: #006400;\"><strong>Direction de l\u2019Habitat Social et de la Promotion Immobili\u00e8re (DHSPI)<\/strong><\/p>\n<hr width=\"985 px\" size=\"5px\" color=\"#004c99\" style=\"margin-top: -10px; float: left;\" \/>\n<p>&nbsp;<\/p>\n<p>Plac\u00e9e sous l&#8217;autorit\u00e9 d&#8217;un Directeur, la Direction de l&#8217;Habitat Social et de la Promotion Immobili\u00e8re est charg\u00e9e :<\/p>\n<ul style=\"list-style-type: none;\">\n<li><i class=\"fa-solid fa-play\" style=\"color: #009400;\"><\/i> De l&#8217;\u00e9laboration et de la mise en \u0153uvre des strat\u00e9gies de promotion de l&#8217;habitat social ;<\/li>\n<li><i class=\"fa-solid fa-play\" style=\"color: #009400;\"><\/i> De la participation \u00e0 la d\u00e9finition des normes pour l&#8217;habitat social, en liaison avec les administrations concern\u00e9es ;<\/li>\n<li><i class=\"fa-solid fa-play\" style=\"color: #009400;\"><\/i> De la ma\u00eetrise d&#8217;ouvrage des programmes de construction des logements sociaux conduits par l&#8217;Etat ;<\/li>\n<li><i class=\"fa-solid fa-play\" style=\"color: #009400;\"><\/i> Du montage financier des projets financ\u00e9s totalement ou partiellement par l&#8217;Etat dans le secteur , en relation avec les administrations concern\u00e9es ;<\/li>\n<li><i class=\"fa-solid fa-play\" style=\"color: #009400;\"><\/i> Du contr\u00f4le de l&#8217;ex\u00e9cution des programmes d&#8217;habitat social ;<\/li>\n<li><i class=\"fa-solid fa-play\" style=\"color: #009400;\"><\/i> De l&#8217;examen des dossiers techniques et financiers relatifs aux projets d&#8217;habitat social ;<\/li>\n<li><i class=\"fa-solid fa-play\" style=\"color: #009400;\"><\/i> De la d\u00e9finition des crit\u00e8res d&#8217;\u00e9ligibilit\u00e9 des programmes immobiliers \u00e0 caract\u00e8re social ;<\/li>\n<li><i class=\"fa-solid fa-play\" style=\"color: #009400;\"><\/i> De l&#8217;identification des types d&#8217;aides correspondants \u00e0 chaque programme immobilier\u00a0 \u00e0 caract\u00e8re social ;<\/li>\n<li><i class=\"fa-solid fa-play\" style=\"color: #009400;\"><\/i> De la participation \u00e0 la pr\u00e9paration des textes r\u00e9glementant l&#8217;activit\u00e9 de promotion immobili\u00e8re et l&#8217;auto-construction, ainsi que du contr\u00f4le de leur application ;<\/li>\n<li><i class=\"fa-solid fa-play\" style=\"color: #009400;\"><\/i> De la d\u00e9finition des syst\u00e8mes de production des logements, ainsi que des modes d&#8217;intervention de l&#8217;Etat dans les programmes d&#8217;habitat social ;<\/li>\n<li><i class=\"fa-solid fa-play\" style=\"color: #009400;\"><\/i> De l&#8217;\u00e9valuation des besoins\u00a0 en logements et en financement de l&#8217;habitat social par l&#8217;Etat ;<\/li>\n<li><i class=\"fa-solid fa-play\" style=\"color: #009400;\"><\/i> De la conception et de la mise en place d&#8217;un cadre institutionnel d&#8217;incitation \u00e0 la promotion immobili\u00e8re et \u00e0 l&#8217;auto- construction ;<\/li>\n<li><i class=\"fa-solid fa-play\" style=\"color: #009400;\"><\/i> De l&#8217;\u00e9tablissement des indicateurs des cat\u00e9gories de logement, de leurs cibles et des loyers ;<\/li>\n<li><i class=\"fa-solid fa-play\" style=\"color: #009400;\"><\/i> Du suivi des op\u00e9rations de promotion immobili\u00e8re et de l&#8217;auto-construction ;<\/li>\n<li><i class=\"fa-solid fa-play\" style=\"color: #009400;\"><\/i> Du suivi des activit\u00e9s des professionnels du secteur de l&#8217;habitat ;<\/li>\n<li><i class=\"fa-solid fa-play\" style=\"color: #009400;\"><\/i> Du suivi du programme national de logement.<\/li>\n<\/ul>\n<p>Elle comprend :<\/p>\n<ul style=\"list-style-type: none;\">\n<li><i class=\"fa-solid fa-diamond\" style=\"color: #009400;\"><\/i> La Sous-Direction de l&#8217;Habitat Social;<\/li>\n<li><i class=\"fa-solid fa-diamond\" style=\"color: #009400;\"><\/i> La Sous-Direction de la Promotion Immobili\u00e8re et de l&#8217;Auto-construction.<\/li>\n<\/ul>\n<p>&nbsp;<\/p>\n<p style=\"text-align: left; font-size: 21px; color: #006400;\"><strong>Direction de l\u2019Architecture et des Normes d\u2019Habitat (DANH)<\/strong><\/p>\n<hr width=\"985 px\" size=\"5px\" color=\"#004c99\" style=\"margin-top: -10px; float: left;\" \/>\n<p>Plac\u00e9e sous l&#8217;autorit\u00e9 d&#8217;un Directeur, la Direction de l&#8217;Architecture et des Normes d&#8217;Habitat est charg\u00e9e :<\/p>\n<ul style=\"list-style-type: none;\">\n<li><i class=\"fa-solid fa-play\" style=\"color: #009400;\"><\/i> De la promotion du patrimoine architectural national ;<\/li>\n<li><i class=\"fa-solid fa-play\" style=\"color: #009400;\"><\/i> Du suivi des activit\u00e9s des Ordres et corps professionnels du secteur de l&#8217;habitat ;<\/li>\n<li><i class=\"fa-solid fa-play\" style=\"color: #009400;\"><\/i> De l&#8217;innovation et de l&#8217;am\u00e9lioration de la qualit\u00e9 architecturale des r\u00e9alisations en\u00a0 milieux urbain et rural ;<\/li>\n<li><i class=\"fa-solid fa-play\" style=\"color: #009400;\"><\/i> De l&#8217;\u00e9laboration des prescriptions architecturales favorisant l&#8217;embellissement des villes, en liaison avec les collectivit\u00e9s territoriales d\u00e9centralis\u00e9es ;<\/li>\n<li><i class=\"fa-solid fa-play\" style=\"color: #009400;\"><\/i> Des expertises immobili\u00e8res, en relation avec les administrations concern\u00e9es ;<\/li>\n<li><i class=\"fa-solid fa-play\" style=\"color: #009400;\"><\/i> De la participation \u00e0 l&#8217;\u00e9laboration des \u00e9tudes relatives aux mat\u00e9riaux et techniques de construction adapt\u00e9es aux conditions des \u00e9cosyst\u00e8mes nationaux ;<\/li>\n<li><i class=\"fa-solid fa-play\" style=\"color: #009400;\"><\/i> De la participation \u00e0 la d\u00e9finition des normes et sp\u00e9cifications techniques des mat\u00e9riaux locaux de construction ;<\/li>\n<li><i class=\"fa-solid fa-play\" style=\"color: #009400;\"><\/i> De la vulgarisation de l&#8217;utilisation des mat\u00e9riaux locaux de construction, en\u00a0 liaison avec les administrations concern\u00e9es ;<\/li>\n<li><i class=\"fa-solid fa-play\" style=\"color: #009400;\"><\/i> De la ma\u00eetrise d&#8217;ouvrage des b\u00e2timents publics ;<\/li>\n<li><i class=\"fa-solid fa-play\" style=\"color: #009400;\"><\/i> De la conception et du contr\u00f4le des \u00e9tudes architecturales des b\u00e2timents publics.<\/li>\n<\/ul>\n<p>Elle comprend :<\/p>\n<ul style=\"list-style-type: none;\">\n<li><i class=\"fa-solid fa-diamond\" style=\"color: #009400;\"><\/i> La Sous-Direction de l&#8217;Architecture ;<\/li>\n<li><i class=\"fa-solid fa-diamond\" style=\"color: #009400;\"><\/i> La Sous-Direction des Normes d&#8217;Habitat.<\/li>\n<\/ul>\n<p>&nbsp;<\/p>\n<p style=\"text-align: left; font-size: 21px; color: #006400;\"><strong>Division des\u00a0 Etudes, de la Planification et de la Coop\u00e9ration (DEPC)<\/strong><\/p>\n<hr width=\"985 px\" size=\"5px\" color=\"#004c99\" style=\"margin-top: -10px; float: left;\" \/>\n<p>&nbsp;<\/p>\n<p>Plac\u00e9e sous l&#8217;autorit\u00e9 d&#8217;un Chef de Division, la Division des Etudes, de la Planification et de la Coop\u00e9ration est charg\u00e9e :<\/p>\n<ul style=\"list-style-type: none;\">\n<li><i class=\"fa-solid fa-play\" style=\"color: #009400;\"><\/i> De la formulation, de l&#8217;\u00e9laboration et de la mise en \u0153uvre des politiques, des plans d&#8217;actions, de la gouvernance urbaine et des partenariats socio-\u00e9conomiques, en mati\u00e8re du d\u00e9veloppement urbain ;<\/li>\n<li><i class=\"fa-solid fa-play\" style=\"color: #009400;\"><\/i> De l&#8217;\u00e9laboration, du suivi et de l&#8217;\u00e9valuation des contrats de ville ;<\/li>\n<li><i class=\"fa-solid fa-play\" style=\"color: #009400;\"><\/i> De la planification en mati\u00e8re du d\u00e9veloppement urbain et de l&#8217;habitat, en liaison avec les administrations concern\u00e9es et les collectivit\u00e9s territoriales d\u00e9centralis\u00e9es ;<\/li>\n<li><i class=\"fa-solid fa-play\" style=\"color: #009400;\"><\/i> Du suivi de l&#8217;\u00e9laboration des plans directeurs des projets d&#8217;urbanisation en liaison avec les collectivit\u00e9s territoriales d\u00e9centralis\u00e9es ;<\/li>\n<li><i class=\"fa-solid fa-play\" style=\"color: #009400;\"><\/i> De la programmation pr\u00e9visionnelle et op\u00e9rationnelle des activit\u00e9s du Minist\u00e8re ;<\/li>\n<li><i class=\"fa-solid fa-play\" style=\"color: #009400;\"><\/i> Des \u00e9tudes prospectives relatives \u00e0 l&#8217;\u00e9volution des indicateurs urbains en relation avec les structures comp\u00e9tentes ;<\/li>\n<li><i class=\"fa-solid fa-play\" style=\"color: #009400;\"><\/i> De la constitution et de la mise \u00e0 jour d&#8217;une banque de projets ;<\/li>\n<li><i class=\"fa-solid fa-play\" style=\"color: #009400;\"><\/i> Du suivi de la r\u00e9alisation\u00a0 des \u00e9tudes, des projets et des programmes, en liaison avec les directions techniques, administrations et partenaires concern\u00e9s ;<\/li>\n<li><i class=\"fa-solid fa-play\" style=\"color: #009400;\"><\/i> De l&#8217;\u00e9laboration des strat\u00e9gies dans les domaines relevant du Minist\u00e8re ;<\/li>\n<li><i class=\"fa-solid fa-play\" style=\"color: #009400;\"><\/i> De la d\u00e9finition des normes en mati\u00e8re de d\u00e9veloppement urbain, en liaison avec les directions techniques et les administrations concern\u00e9es ;<\/li>\n<li><i class=\"fa-solid fa-play\" style=\"color: #009400;\"><\/i> De l&#8217;\u00e9valuation des technologies nouvelles et du lien avec la recherche, dans le domaine de comp\u00e9tence du Minist\u00e8re ;<\/li>\n<li><i class=\"fa-solid fa-play\" style=\"color: #009400;\"><\/i> De la structuration et de la mise en \u0153uvre du partenariat en mati\u00e8re de d\u00e9veloppement urbain ;<\/li>\n<li><i class=\"fa-solid fa-play\" style=\"color: #009400;\"><\/i> De l&#8217;\u00e9laboration des normes en mati\u00e8re d&#8217;\u00e9tudes d&#8217;impact, en relation avec les administrations et organismes concern\u00e9s ;<\/li>\n<li><i class=\"fa-solid fa-play\" style=\"color: #009400;\"><\/i> De la constitution et de l&#8217;exploitation d&#8217;une banque des donn\u00e9es urbaines.<\/li>\n<\/ul>\n<p>Elle comprend :<\/p>\n<ul style=\"list-style-type: none;\">\n<li><i class=\"fa-solid fa-diamond\" style=\"color: #009400;\"><\/i> La Cellule des Etudes et de la Planification ;<\/li>\n<li><i class=\"fa-solid fa-diamond\" style=\"color: #009400;\"><\/i> La Cellule de la Coop\u00e9ration et des Contrats de ville ;<\/li>\n<li><i class=\"fa-solid fa-diamond\" style=\"color: #009400;\"><\/i> La Cellule des Donn\u00e9es Urbaines et d&#8217;Habitat.<\/li>\n<\/ul>\n<p style=\"text-align: left; font-size: 21px; color: #006400;\"><strong>Division du D\u00e9veloppement Social et Urbain (DDSU)<\/strong><\/p>\n<hr width=\"985 px\" size=\"5px\" color=\"#004c99\" style=\"margin-top: -10px; float: left;\" \/>\n<p>&nbsp;<\/p>\n<p>Plac\u00e9e sous l&#8217;autorit\u00e9 d&#8217;un Chef de Division, la Division du D\u00e9veloppement Social Urbain est charg\u00e9e, en liaison avec les Minist\u00e8res concern\u00e9s et les collectivit\u00e9s territoriales d\u00e9centralis\u00e9es\u00a0 :<\/p>\n<ul style=\"list-style-type: none;\">\n<li><i class=\"fa-solid fa-play\" style=\"color: #009400;\"><\/i> De la participation \u00e0 l&#8217;\u00e9laboration de la politique du Gouvernement en mati\u00e8re de promotion sociale en faveur des populations urbaines ;<\/li>\n<li><i class=\"fa-solid fa-play\" style=\"color: #009400;\"><\/i> De la pr\u00e9vention de la d\u00e9linquance, de l&#8217;alcoolisme et de la toxicomanie en milieu urbain;<\/li>\n<li><i class=\"fa-solid fa-play\" style=\"color: #009400;\"><\/i> Du suivi de la mise en \u0153uvre des engagements internationaux du Cameroun en mati\u00e8re de d\u00e9veloppement social en milieu urbain;<\/li>\n<li><i class=\"fa-solid fa-play\" style=\"color: #009400;\"><\/i> De la promotion de la mixit\u00e9 sociale ;<\/li>\n<li><i class=\"fa-solid fa-play\" style=\"color: #009400;\"><\/i> De la participation \u00e0 la lutte contre la s\u00e9gr\u00e9gation en milieu urbain ;<\/li>\n<li><i class=\"fa-solid fa-play\" style=\"color: #009400;\"><\/i> De la participation \u00e0 l&#8217;\u00e9laboration des strat\u00e9gies de promotion des activit\u00e9s \u00e0 haute intensit\u00e9 de main-d&#8217;\u0153uvre ;<\/li>\n<li><i class=\"fa-solid fa-play\" style=\"color: #009400;\"><\/i> Du suivi de la mise en \u0153uvre des activit\u00e9s \u00e0 haute intensit\u00e9 de main d&#8217;\u0153uvre ;<\/li>\n<li><i class=\"fa-solid fa-play\" style=\"color: #009400;\"><\/i> De la participation \u00e0 l&#8217;encadrement, en milieu urbain, des jeunes en difficult\u00e9 et de leur insertion sociale;<\/li>\n<li><i class=\"fa-solid fa-play\" style=\"color: #009400;\"><\/i> Du suivi des questions relatives au d\u00e9veloppement durable en milieu urbain.<\/li>\n<\/ul>\n<p>Elle comprend :<\/p>\n<ul style=\"list-style-type: none;\">\n<li><i class=\"fa-solid fa-diamond\" style=\"color: #009400;\"><\/i> La Cellule de la Promotion de l&#8217;Insertion Sociale en Milieu Urbain;<\/li>\n<li><i class=\"fa-solid fa-diamond\" style=\"color: #009400;\"><\/i> La Cellule du D\u00e9veloppement Social des Zones Urbaines.<\/li>\n<\/ul>\n<p>&nbsp;<\/p>\n<p style=\"text-align: left; font-size: 21px; color: #006400;\"><strong>Direction des Affaires G\u00e9n\u00e9rales (DAG)<\/strong><\/p>\n<hr width=\"985 px\" size=\"5px\" color=\"#004c99\" style=\"margin-top: -10px; float: left;\" \/>\n<p>&nbsp;<\/p>\n<p>Plac\u00e9e sous l&#8217;autorit\u00e9 d&#8217;un Directeur, la Direction des Affaires G\u00e9n\u00e9rales est charg\u00e9e :<\/p>\n<ul style=\"list-style-type: none;\">\n<li><i class=\"fa-solid fa-play\" style=\"color: #009400;\"><\/i> De la conception et de la mise en \u0153uvre de la politique de gestion des ressources humaines du Minist\u00e8re ;<\/li>\n<li><i class=\"fa-solid fa-play\" style=\"color: #009400;\"><\/i> De l&#8217;application de la politique du Gouvernement en mati\u00e8re de formation des personnels en service au Minist\u00e8re ;<\/li>\n<li><i class=\"fa-solid fa-play\" style=\"color: #009400;\"><\/i> Du recrutement des personnels d\u00e9cisionnaires ;<\/li>\n<li><i class=\"fa-solid fa-play\" style=\"color: #009400;\"><\/i> De la coordination de l&#8217;\u00e9laboration du plan de formation des personnels internes ;<\/li>\n<li><i class=\"fa-solid fa-play\" style=\"color: #009400;\"><\/i> Du suivi de l&#8217;am\u00e9lioration des conditions de travail ;<\/li>\n<li><i class=\"fa-solid fa-play\" style=\"color: #009400;\"><\/i> De la pr\u00e9paration des actes administratifs de gestion des personnels internes ;<\/li>\n<li><i class=\"fa-solid fa-play\" style=\"color: #009400;\"><\/i> De la \u00a0pr\u00e9paration des mesures d&#8217;affectation des personnels au sein du Minist\u00e8re ;<\/li>\n<li><i class=\"fa-solid fa-play\" style=\"color: #009400;\"><\/i> De l&#8217;instruction des dossiers disciplinaires des personnels internes ;<\/li>\n<li><i class=\"fa-solid fa-play\" style=\"color: #009400;\"><\/i> De l&#8217;application des textes l\u00e9gislatifs et r\u00e9glementaires relatifs aux d\u00e9penses de personnel du Minist\u00e8re ;<\/li>\n<li><i class=\"fa-solid fa-play\" style=\"color: #009400;\"><\/i> De la pr\u00e9paration des \u00e9l\u00e9ments de la solde et accessoires de\u00a0 solde des personnels en service au Minist\u00e8re ;<\/li>\n<li><i class=\"fa-solid fa-play\" style=\"color: #009400;\"><\/i> De la gestion des postes de travail ;<\/li>\n<li><i class=\"fa-solid fa-play\" style=\"color: #009400;\"><\/i> De la gestion pr\u00e9visionnelle des effectifs, en liaison avec le Minist\u00e8re charg\u00e9 de la fonction publique ;<\/li>\n<li><i class=\"fa-solid fa-play\" style=\"color: #009400;\"><\/i> De la mise \u00e0 jour du fichier solde et du fichier des personnels internes ;<\/li>\n<li><i class=\"fa-solid fa-play\" style=\"color: #009400;\"><\/i> De l&#8217;\u00e9laboration et de la liquidation des actes conc\u00e9dant des droits \u00e0 pension et rentes viag\u00e8res, apr\u00e8s visa des services comp\u00e9tents ;<\/li>\n<li><i class=\"fa-solid fa-play\" style=\"color: #009400;\"><\/i> De l&#8217;\u00e9laboration et de la liquidation des actes conc\u00e9dant des pensions d&#8217;accidents de travail et des maladies professionnelles, apr\u00e8s visa des services comp\u00e9tents ;<\/li>\n<li><i class=\"fa-solid fa-play\" style=\"color: #009400;\"><\/i> Du suivi de l&#8217;exploitation des applications informatiques\u00a0 de gestion int\u00e9gr\u00e9e des personnels de l&#8217;Etat et de la solde ;<\/li>\n<li><i class=\"fa-solid fa-play\" style=\"color: #009400;\"><\/i> De la gestion des pensions ;<\/li>\n<li><i class=\"fa-solid fa-play\" style=\"color: #009400;\"><\/i> De l&#8217;\u00e9laboration et de l&#8217;ex\u00e9cution et du contr\u00f4le du budget du Minist\u00e8re ;<\/li>\n<li><i class=\"fa-solid fa-play\" style=\"color: #009400;\"><\/i> De la pr\u00e9paration, en liaison avec les directions techniques et les administrations concern\u00e9es, des dossiers d&#8217;appels d&#8217;offres et du suivi de l&#8217;ex\u00e9cution des march\u00e9s publics au sein du Minist\u00e8re ;<\/li>\n<li><i class=\"fa-solid fa-play\" style=\"color: #009400;\"><\/i> Du contr\u00f4le du respect des proc\u00e9dures de passation des march\u00e9s publics ;<\/li>\n<li><i class=\"fa-solid fa-play\" style=\"color: #009400;\"><\/i> De la\u00a0 conservation des documents des march\u00e9s publics ;<\/li>\n<li><i class=\"fa-solid fa-play\" style=\"color: #009400;\"><\/i> De la tenue du fichier et des statistiques sur les march\u00e9s publics pass\u00e9s par le Minist\u00e8re ;<\/li>\n<li><i class=\"fa-solid fa-play\" style=\"color: #009400;\"><\/i> De la gestion et de la maintenance des biens meubles et immeubles du Minist\u00e8re.<\/li>\n<\/ul>\n<p>Elle comprend :<\/p>\n<ul style=\"list-style-type: none;\">\n<li><i class=\"fa-solid fa-diamond\" style=\"color: #009400;\"><\/i> La Cellule de Gestion du Projet SIGIPES ;<\/li>\n<li><i class=\"fa-solid fa-diamond\" style=\"color: #009400;\"><\/i> La Sous-Direction des Personnels, de la Solde et des Pensions ;<\/li>\n<li><i class=\"fa-solid fa-diamond\" style=\"color: #009400;\"><\/i> La Sous-Direction du Budget, du Mat\u00e9riel et de la Maintenance.<\/li>\n<\/ul>\n<p>&nbsp;<\/p>\n<p style=\"text-align: left; font-size: 21px; color: #006400;\"><strong>Division des Affaires Juridiques (DAJ)<\/strong><\/p>\n<hr width=\"985 px\" size=\"5px\" color=\"#004c99\" style=\"margin-top: -10px; float: left;\" \/>\n<p>&nbsp;<\/p>\n<p>Plac\u00e9e sous l&#8217;autorit\u00e9 d&#8217;un Chef de Division, la Division des Affaires Juridiques est charg\u00e9e :<\/p>\n<ul style=\"list-style-type: none;\">\n<li><i class=\"fa-solid fa-play\" style=\"color: #009400;\"><\/i> Du respect de la l\u00e9galit\u00e9 et de la r\u00e9gularit\u00e9 juridique des actes engageant le Minist\u00e8re ;<\/li>\n<li><i class=\"fa-solid fa-play\" style=\"color: #009400;\"><\/i> De la pr\u00e9paration et de la mise en forme des projets de conventions et des textes \u00e0 caract\u00e8re l\u00e9gislatif ou r\u00e9glementaire initi\u00e9s par le Minist\u00e8re ou soumis \u00e0 la signature du Ministre ;<\/li>\n<li><i class=\"fa-solid fa-play\" style=\"color: #009400;\"><\/i> De la codification des textes l\u00e9gislatifs et r\u00e9glementaires r\u00e9gissant l&#8217;activit\u00e9 du Minist\u00e8re ;<\/li>\n<li><i class=\"fa-solid fa-play\" style=\"color: #009400;\"><\/i> Des avis juridiques sur les questions relevant du Minist\u00e8re ;<\/li>\n<li><i class=\"fa-solid fa-play\" style=\"color: #009400;\"><\/i> De la promotion et de la vulgarisation de la culture juridique au sein du Minist\u00e8re ;<\/li>\n<li><i class=\"fa-solid fa-play\" style=\"color: #009400;\"><\/i> De l&#8217;instruction des recours administratifs et contentieux, en liaison avec les directions techniques ;<\/li>\n<li><i class=\"fa-solid fa-play\" style=\"color: #009400;\"><\/i> De la d\u00e9fense des int\u00e9r\u00eats de l&#8217;Etat en justice, chaque jour que le Minist\u00e8re est impliqu\u00e9 dans une affaire ;<\/li>\n<li><i class=\"fa-solid fa-play\" style=\"color: #009400;\"><\/i> Du suivi de l&#8217;ex\u00e9cution des d\u00e9cisions de justice impliquant le Minist\u00e8re.<\/li>\n<\/ul>\n<p>Elle comprend :<\/p>\n<ul style=\"list-style-type: none;\">\n<li><i class=\"fa-solid fa-diamond\" style=\"color: #009400;\"><\/i> La Cellule des Etudes et de la R\u00e9glementation ;<\/li>\n<li><i class=\"fa-solid fa-diamond\" style=\"color: #009400;\"><\/i> La Cellule du Contentieux.<\/li>\n<\/ul>\n<p>[\/et_pb_text][\/et_pb_column][\/et_pb_row][\/et_pb_section]<\/p>\n<span class=\"et_bloom_bottom_trigger\"><\/span>","protected":false},"excerpt":{"rendered":"<p>Direction des Op\u00e9rations Urbaines (DOU) &nbsp; Plac\u00e9e sous l&#8217;autorit\u00e9 d&#8217;un Directeur, la Direction des Op\u00e9rations Urbaines est charg\u00e9e : Des \u00e9tudes et plans d&#8217;am\u00e9nagement des villes et quartiers ; Des [&hellip;]<\/p>\n","protected":false},"author":2,"featured_media":0,"parent":96,"menu_order":0,"comment_status":"closed","ping_status":"closed","template":"","meta":{"_et_pb_use_builder":"on","_et_pb_old_content":"","_et_gb_content_width":"","_EventAllDay":false,"_EventTimezone":"","_EventStartDate":"","_EventEndDate":"","_EventStartDateUTC":"","_EventEndDateUTC":"","_EventShowMap":false,"_EventShowMapLink":false,"_EventURL":"","_EventCost":"","_EventCostDescription":"","_EventCurrencySymbol":"","_EventCurrencyCode":"","_EventCurrencyPosition":"","_EventDateTimeSeparator":"","_EventTimeRangeSeparator":"","_EventOrganizerID":[],"_EventVenueID":0,"_OrganizerEmail":"","_OrganizerPhone":"","_OrganizerWebsite":"","_VenueAddress":"","_VenueCity":"","_VenueCountry":"","_VenueProvince":"","_VenueZip":"","_VenuePhone":"","_VenueURL":"","_VenueStateProvince":"","_VenueLat":"","_VenueLng":"","footnotes":""},"folder":[],"class_list":["post-100","page","type-page","status-publish","hentry"],"yoast_head":"<!-- This site is optimized with the Yoast SEO plugin v19.13 - https:\/\/yoast.com\/wordpress\/plugins\/seo\/ -->\n<title>The Directorates and Divisions<\/title>\n<meta name=\"robots\" content=\"index, follow, max-snippet:-1, max-image-preview:large, max-video-preview:-1\" \/>\n<link rel=\"canonical\" href=\"https:\/\/www.minhdu.gov.cm\/le-ministere\/les-directions-et-divisions\/\" \/>\n<meta property=\"og:locale\" content=\"en_US\" \/>\n<meta property=\"og:type\" content=\"article\" \/>\n<meta property=\"og:title\" content=\"The Directorates and Divisions\" \/>\n<meta property=\"og:url\" content=\"https:\/\/www.minhdu.gov.cm\/le-ministere\/les-directions-et-divisions\/\" \/>\n<meta property=\"og:site_name\" content=\"MINHDU\" \/>\n<meta property=\"article:publisher\" content=\"https:\/\/www.facebook.com\/cameroun.minhdu\/\" \/>\n<meta property=\"article:modified_time\" content=\"2022-07-12T08:41:44+00:00\" \/>\n<meta name=\"twitter:card\" content=\"summary_large_image\" \/>\n<meta name=\"twitter:site\" content=\"@cameroun_minhdu\" \/>\n<meta name=\"twitter:label1\" content=\"Est. reading time\" \/>\n\t<meta name=\"twitter:data1\" content=\"11 minutes\" \/>\n<script type=\"application\/ld+json\" class=\"yoast-schema-graph\">{\"@context\":\"https:\/\/schema.org\",\"@graph\":[{\"@type\":\"WebPage\",\"@id\":\"https:\/\/www.minhdu.gov.cm\/le-ministere\/les-directions-et-divisions\/\",\"url\":\"https:\/\/www.minhdu.gov.cm\/le-ministere\/les-directions-et-divisions\/\",\"name\":\"Les Directions et Divisions - MINHDU\",\"isPartOf\":{\"@id\":\"https:\/\/www.minhdu.gov.cm\/#website\"},\"datePublished\":\"2022-06-16T07:54:45+00:00\",\"dateModified\":\"2022-07-12T08:41:44+00:00\",\"breadcrumb\":{\"@id\":\"https:\/\/www.minhdu.gov.cm\/le-ministere\/les-directions-et-divisions\/#breadcrumb\"},\"inLanguage\":\"en-US\",\"potentialAction\":[{\"@type\":\"ReadAction\",\"target\":[\"https:\/\/www.minhdu.gov.cm\/le-ministere\/les-directions-et-divisions\/\"]}]},{\"@type\":\"BreadcrumbList\",\"@id\":\"https:\/\/www.minhdu.gov.cm\/le-ministere\/les-directions-et-divisions\/#breadcrumb\",\"itemListElement\":[{\"@type\":\"ListItem\",\"position\":1,\"name\":\"Home\",\"item\":\"https:\/\/www.minhdu.gov.cm\/\"},{\"@type\":\"ListItem\",\"position\":2,\"name\":\"Le Minist\u00e8re\",\"item\":\"https:\/\/www.minhdu.gov.cm\/le-ministere\/\"},{\"@type\":\"ListItem\",\"position\":3,\"name\":\"Les Directions et Divisions\"}]},{\"@type\":\"WebSite\",\"@id\":\"https:\/\/www.minhdu.gov.cm\/#website\",\"url\":\"https:\/\/www.minhdu.gov.cm\/\",\"name\":\"MINHDU\",\"description\":\"\",\"publisher\":{\"@id\":\"https:\/\/www.minhdu.gov.cm\/#organization\"},\"potentialAction\":[{\"@type\":\"SearchAction\",\"target\":{\"@type\":\"EntryPoint\",\"urlTemplate\":\"https:\/\/www.minhdu.gov.cm\/?s={search_term_string}\"},\"query-input\":\"required name=search_term_string\"}],\"inLanguage\":\"en-US\"},{\"@type\":\"Organization\",\"@id\":\"https:\/\/www.minhdu.gov.cm\/#organization\",\"name\":\"MINHDU\",\"url\":\"https:\/\/www.minhdu.gov.cm\/\",\"logo\":{\"@type\":\"ImageObject\",\"inLanguage\":\"en-US\",\"@id\":\"https:\/\/www.minhdu.gov.cm\/#\/schema\/logo\/image\/\",\"url\":\"https:\/\/www.minhdu.gov.cm\/wp-content\/uploads\/2022\/06\/minhdu2.png\",\"contentUrl\":\"https:\/\/www.minhdu.gov.cm\/wp-content\/uploads\/2022\/06\/minhdu2.png\",\"width\":250,\"height\":250,\"caption\":\"MINHDU\"},\"image\":{\"@id\":\"https:\/\/www.minhdu.gov.cm\/#\/schema\/logo\/image\/\"},\"sameAs\":[\"https:\/\/www.facebook.com\/cameroun.minhdu\/\",\"https:\/\/twitter.com\/cameroun_minhdu\"]}]}<\/script>\n<!-- \/ Yoast SEO plugin. -->","yoast_head_json":{"title":"The Directorates and Divisions","robots":{"index":"index","follow":"follow","max-snippet":"max-snippet:-1","max-image-preview":"max-image-preview:large","max-video-preview":"max-video-preview:-1"},"canonical":"https:\/\/www.minhdu.gov.cm\/le-ministere\/les-directions-et-divisions\/","og_locale":"en_US","og_type":"article","og_title":"The Directorates and Divisions","og_url":"https:\/\/www.minhdu.gov.cm\/le-ministere\/les-directions-et-divisions\/","og_site_name":"MINHDU","article_publisher":"https:\/\/www.facebook.com\/cameroun.minhdu\/","article_modified_time":"2022-07-12T08:41:44+00:00","twitter_card":"summary_large_image","twitter_site":"@cameroun_minhdu","twitter_misc":{"Est. reading time":"11 minutes"},"schema":{"@context":"https:\/\/schema.org","@graph":[{"@type":"WebPage","@id":"https:\/\/www.minhdu.gov.cm\/le-ministere\/les-directions-et-divisions\/","url":"https:\/\/www.minhdu.gov.cm\/le-ministere\/les-directions-et-divisions\/","name":"Les Directions et Divisions - MINHDU","isPartOf":{"@id":"https:\/\/www.minhdu.gov.cm\/#website"},"datePublished":"2022-06-16T07:54:45+00:00","dateModified":"2022-07-12T08:41:44+00:00","breadcrumb":{"@id":"https:\/\/www.minhdu.gov.cm\/le-ministere\/les-directions-et-divisions\/#breadcrumb"},"inLanguage":"en-US","potentialAction":[{"@type":"ReadAction","target":["https:\/\/www.minhdu.gov.cm\/le-ministere\/les-directions-et-divisions\/"]}]},{"@type":"BreadcrumbList","@id":"https:\/\/www.minhdu.gov.cm\/le-ministere\/les-directions-et-divisions\/#breadcrumb","itemListElement":[{"@type":"ListItem","position":1,"name":"Home","item":"https:\/\/www.minhdu.gov.cm\/"},{"@type":"ListItem","position":2,"name":"Le Minist\u00e8re","item":"https:\/\/www.minhdu.gov.cm\/le-ministere\/"},{"@type":"ListItem","position":3,"name":"Les Directions et Divisions"}]},{"@type":"WebSite","@id":"https:\/\/www.minhdu.gov.cm\/#website","url":"https:\/\/www.minhdu.gov.cm\/","name":"MINHDU","description":"","publisher":{"@id":"https:\/\/www.minhdu.gov.cm\/#organization"},"potentialAction":[{"@type":"SearchAction","target":{"@type":"EntryPoint","urlTemplate":"https:\/\/www.minhdu.gov.cm\/?s={search_term_string}"},"query-input":"required name=search_term_string"}],"inLanguage":"en-US"},{"@type":"Organization","@id":"https:\/\/www.minhdu.gov.cm\/#organization","name":"MINHDU","url":"https:\/\/www.minhdu.gov.cm\/","logo":{"@type":"ImageObject","inLanguage":"en-US","@id":"https:\/\/www.minhdu.gov.cm\/#\/schema\/logo\/image\/","url":"https:\/\/www.minhdu.gov.cm\/wp-content\/uploads\/2022\/06\/minhdu2.png","contentUrl":"https:\/\/www.minhdu.gov.cm\/wp-content\/uploads\/2022\/06\/minhdu2.png","width":250,"height":250,"caption":"MINHDU"},"image":{"@id":"https:\/\/www.minhdu.gov.cm\/#\/schema\/logo\/image\/"},"sameAs":["https:\/\/www.facebook.com\/cameroun.minhdu\/","https:\/\/twitter.com\/cameroun_minhdu"]}]}},"_links":{"self":[{"href":"https:\/\/www.minhdu.gov.cm\/wp-json\/wp\/v2\/pages\/100","targetHints":{"allow":["GET"]}}],"collection":[{"href":"https:\/\/www.minhdu.gov.cm\/wp-json\/wp\/v2\/pages"}],"about":[{"href":"https:\/\/www.minhdu.gov.cm\/wp-json\/wp\/v2\/types\/page"}],"author":[{"embeddable":true,"href":"https:\/\/www.minhdu.gov.cm\/wp-json\/wp\/v2\/users\/2"}],"replies":[{"embeddable":true,"href":"https:\/\/www.minhdu.gov.cm\/wp-json\/wp\/v2\/comments?post=100"}],"version-history":[{"count":12,"href":"https:\/\/www.minhdu.gov.cm\/wp-json\/wp\/v2\/pages\/100\/revisions"}],"predecessor-version":[{"id":4865,"href":"https:\/\/www.minhdu.gov.cm\/wp-json\/wp\/v2\/pages\/100\/revisions\/4865"}],"up":[{"embeddable":true,"href":"https:\/\/www.minhdu.gov.cm\/wp-json\/wp\/v2\/pages\/96"}],"wp:attachment":[{"href":"https:\/\/www.minhdu.gov.cm\/wp-json\/wp\/v2\/media?parent=100"}],"wp:term":[{"taxonomy":"folder","embeddable":true,"href":"https:\/\/www.minhdu.gov.cm\/wp-json\/wp\/v2\/folder?post=100"}],"curies":[{"name":"wp","href":"https:\/\/api.w.org\/{rel}","templated":true}]}}