{"id":122,"date":"2022-06-16T09:59:46","date_gmt":"2022-06-16T07:59:46","guid":{"rendered":"http:\/\/192.168.108.1\/?page_id=122"},"modified":"2022-08-03T15:53:37","modified_gmt":"2022-08-03T13:53:37","slug":"secretaire-detat","status":"publish","type":"page","link":"https:\/\/www.minhdu.gov.cm\/le-ministere\/secretaire-detat\/","title":{"rendered":"Secretary of State"},"content":{"rendered":"<p>[et_pb_section fb_built=&#8221;1&#8243; _builder_version=&#8221;4.17.6&#8243; _module_preset=&#8221;default&#8221; background_color=&#8221;#FFFFFF&#8221; custom_margin=&#8221;-20px||0px||false|false&#8221; custom_padding=&#8221;0px||0px||false|false&#8221; global_colors_info=&#8221;{}&#8221;][et_pb_row column_structure=&#8221;2_5,3_5&#8243; use_custom_gutter=&#8221;on&#8221; gutter_width=&#8221;3&#8243; _builder_version=&#8221;4.17.6&#8243; _module_preset=&#8221;default&#8221; background_color=&#8221;#e5e5e5&#8243; width=&#8221;85%&#8221; max_width=&#8221;85%&#8221; custom_margin=&#8221;50px||50px||false|false&#8221; custom_padding=&#8221;10px|10px|10px|10px|false|false&#8221; border_radii=&#8221;on|20px|20px|20px|20px&#8221; box_shadow_style=&#8221;preset1&#8243; global_colors_info=&#8221;{}&#8221;][et_pb_column type=&#8221;2_5&#8243; _builder_version=&#8221;4.17.6&#8243; _module_preset=&#8221;default&#8221; global_colors_info=&#8221;{}&#8221;][et_pb_blurb title=&#8221;Madame Marie Rose DIBONG&#8221; image=&#8221;https:\/\/www.minhdu.gov.cm\/wp-content\/uploads\/2022\/06\/SETAT-scaled.jpg&#8221; _builder_version=&#8221;4.17.6&#8243; _module_preset=&#8221;default&#8221; header_font=&#8221;|800|||||||&#8221; header_text_align=&#8221;center&#8221; header_text_color=&#8221;#006400&#8243; header_font_size=&#8221;20px&#8221; body_font=&#8221;|600|||||||&#8221; body_text_align=&#8221;center&#8221; body_text_color=&#8221;#000000&#8243; body_font_size=&#8221;16px&#8221; custom_margin=&#8221;0px||0px||false|false&#8221; custom_padding=&#8221;0px||0px||false|false&#8221; animation_style=&#8221;fold&#8221; animation=&#8221;off&#8221; custom_css_blurb_title=&#8221;margin-top : -15px;&#8221; border_radii_image=&#8221;on|50%|50%|50%|50%&#8221; border_width_all_image=&#8221;3px&#8221; locked=&#8221;off&#8221; global_colors_info=&#8221;{}&#8221;]<\/p>\n<p style=\"margin-top: -5px;\">Secr\u00e9taire d&#8217;Etat en Charge de l&#8217;Habitat<\/p>\n<p>[\/et_pb_blurb][\/et_pb_column][et_pb_column type=&#8221;3_5&#8243; _builder_version=&#8221;4.17.6&#8243; _module_preset=&#8221;default&#8221; global_colors_info=&#8221;{}&#8221;][et_pb_text _builder_version=&#8221;4.17.6&#8243; _module_preset=&#8221;default&#8221; text_font=&#8221;||||||||&#8221; text_text_color=&#8221;#000000&#8243; custom_margin=&#8221;0px||0px||false|false&#8221; custom_padding=&#8221;||0px||false|false&#8221; global_colors_info=&#8221;{}&#8221;]<\/p>\n<h3 style=\"color: #000000; text-align: left;\"><span style=\"text-decoration: underline;\"><strong>BIOGRAPHIE<\/strong><\/span><\/h3>\n<p>[\/et_pb_text][et_pb_text _builder_version=&#8221;4.17.6&#8243; _module_preset=&#8221;default&#8221; text_font=&#8221;|600|||||||&#8221; text_text_color=&#8221;#000000&#8243; text_font_size=&#8221;16px&#8221; text_line_height=&#8221;1.8em&#8221; custom_margin=&#8221;0px||0px||false|false&#8221; custom_padding=&#8221;0px||0px||false|false&#8221; hover_enabled=&#8221;0&#8243; locked=&#8221;off&#8221; global_colors_info=&#8221;{}&#8221; sticky_enabled=&#8221;0&#8243;]<\/p>\n<p style=\"text-align: justify;\"><strong>Marie Rose DIBONG n\u00e9e NGO BIYONG <\/strong> est n\u00e9e le 20 Mars 1950 \u00e0 LIBAMBA Cameroun, <strong>mari\u00e9e et m\u00e8re de quatre(04) enfants.<\/strong> Apr\u00e8s un brillant parcours scolaire et universitaire, elle obtient 1973 un Dipl\u00f4me Universitaire de Technologie(D.U.T.)en Informatique et Gestion des Entrprises \u00e0 l&#8217;Institut Universitaire de Technologie(IUT) 16 Avenu Versailles Paris 16e France; en 1975 une Ma\u00eetrise en Informatique et Gestion des Entreprises (M.I.A.G.E.) \u00e0 l&#8217;universit\u00e9 de Paris 9e Dauphine 16e France; en 1977 un Dipl\u00f4me d&#8217;Ing\u00e9nieur en Informatique de Gestion des Entreprises au Centre National des Arts et M\u00e9tiers(CNAM) Paris 1er. En 1978, elle Entre \u00e0 la Fonction Publique, par la Pr\u00e9sidence de la R\u00e9publique, Secr\u00e9tariat G\u00e9n\u00e9ral, Service Informatique, structure qui conna\u00eetra plusieurs mutations jusqu&#8217;\u00e0 son appellation actuelle CENADI(MINFI). Elle occupe tour \u00e0 tour les fonctions suivantes : <strong>Ing\u00e9nieur d&#8217;\u00e9tude d\u00e9butant en 1978 au Service Informatique Pr\u00e9sidence de la R\u00e9publique<\/strong>; <strong>Chef de Projet Adjoint<\/strong>; <strong>Chef de Projet<\/strong>; <strong>Chef de Service de la M\u00e9thodologie<\/strong>; <strong>Chef de Service de la Formation<\/strong>; <strong>Chef d&#8217;Etudes Assistant<\/strong>; <strong>Charg\u00e9 D&#8217;Etude \u00e0 la Direction T\u00e9l\u00e9Informatique et Bureautique au Centre de D\u00e9v\u00e9loppement de l&#8217;Informatique : CENADI Minist\u00e8re des Finances 1991<\/strong>; <strong>Ing\u00e9nieur en Chef 1992<\/strong>; <strong>Conseiller Technique N\u00b01 au Minist\u00e8re de l&#8217;Urbanisme et de l&#8217;Habitat 1997<\/strong>; <strong>Ing\u00e9nieur G\u00e9n\u00e9ral le 25 janvier 1998<\/strong>; <strong> le 18 Avril 2001 Directeur G\u00e9n\u00e9ral Adjoint du CFC<\/strong>; <strong>Le 09 D\u00e9cembre 2011, elle est promue S\u00e9cr\u00e9taire d&#8217;Etat aupr\u00e8s du Ministre de l&#8217;Habitat et du D\u00e9veloppement Urbain, charg\u00e9e de l&#8217;Habitat<\/strong>.<\/p>\n<p>[\/et_pb_text][et_pb_text _builder_version=&#8221;4.17.6&#8243; _module_preset=&#8221;default&#8221; custom_margin=&#8221;20px||0px||false|false&#8221; custom_padding=&#8221;0px||0px||false|false&#8221; global_colors_info=&#8221;{}&#8221;]<\/p>\n<h3 style=\"color: #000000;\"><span style=\"text-decoration: underline;\"><strong>Activit\u00e9s Politiques<\/strong><\/h3>\n<p>[\/et_pb_text][et_pb_text _builder_version=&#8221;4.17.6&#8243; _module_preset=&#8221;default&#8221; text_font=&#8221;|600|||||||&#8221; text_text_color=&#8221;#000000&#8243; text_font_size=&#8221;16px&#8221; text_line_height=&#8221;1.8em&#8221; custom_margin=&#8221;0px||0px||false|false&#8221; custom_padding=&#8221;0px||0px||false|false&#8221; hover_enabled=&#8221;0&#8243; global_colors_info=&#8221;{}&#8221; sticky_enabled=&#8221;0&#8243;]<\/p>\n<ul style=\"list-style-type: none;\">\n<li><i class=\"fa-solid fa-check\" style=\"margin-right: 5px;\"><\/i> Membre actif : Jeune UC; Jeunesse UNC puis OFUNC;<\/li>\n<li><i class=\"fa-solid fa-check\" style=\"margin-right: 5px;\"><\/i> Tr\u00e9sori\u00e8re \u00e0 la 1\u00e8re Sous-Section Yaound\u00e9 II (Yaound\u00e9 avait une Section et deux Sous-Sections);<\/li>\n<li><i class=\"fa-solid fa-check\" style=\"margin-right: 5px;\"><\/i> Candidate dans la 1\u00e8re liste RDPC GAGNANTE de la mairie Yaound\u00e9 1er aux municipales(mais h\u00e9las);<\/li>\n<li><i class=\"fa-solid fa-check\" style=\"margin-right: 5px;\"><\/i> Mars 1991 Membre Fondateur du Parti UNDP;<\/li>\n<li><i class=\"fa-solid fa-check\" style=\"margin-right: 5px;\"><\/i> L&#8217;un des 20 Membres du Bureau Directeur Provisoire;<\/li>\n<\/ul>\n<h5 style=\"text-decoration: underline; font-weight: bold;\">1er Congr\u00e8s Ordinaire de l&#8217;UNDP \u00e0 Garoua en janvier 1992 :<\/h5>\n<p>Pr\u00e9sidente du 1er Congr\u00e8s de l&#8217;UNDP<\/p>\n<p style=\"margin-left: 40px;\">Elue pour un mandat de 5ans,<\/p>\n<p style=\"margin-left: 40px; margin-top: -15px;\">Pr\u00e9sidente Nationale des femmes de l&#8217;UNDP :<\/p>\n<ul style=\"margin-left: 60px;\">\n<li>Membre du Bureau Politique;<\/li>\n<li>Memebre du Comit\u00e9 Central<\/li>\n<\/ul>\n<h5 style=\"text-decoration: underline; font-weight: bold;\">2\u00e8me Congr\u00e8s Ordinaire de l&#8217;UNDP \u00e0 Garoua en janvier 1997 :<\/h5>\n<p style=\"margin-left: 40px;\">R\u00e9\u00e9lue pour un mandat de 5ans,<\/p>\n<p style=\"margin-left: 40px; margin-top: -15px;\">Pr\u00e9sidente Nationale des femmes de l&#8217;UNDP :<\/p>\n<ul style=\"margin-left: 60px;\">\n<li>Membre du Bureau Politique;<\/li>\n<li>Memebre du Comit\u00e9 Central<\/li>\n<\/ul>\n<h5 style=\"text-decoration: underline; font-weight: bold;\">3\u00e8me Congr\u00e8s Ordinaire de l&#8217;UNDP \u00e0 Garoua en janvier 2002 :<\/h5>\n<p style=\"margin-left: 40px;\">R\u00e9\u00e9lue pour un mandat de 5ans,<\/p>\n<p style=\"margin-left: 40px; margin-top: -15px;\">Pr\u00e9sidente Nationale des femmes de l&#8217;UNDP :<\/p>\n<ul style=\"margin-left: 60px;\">\n<li>Membre du Bureau Politique;<\/li>\n<li>Membre du Comit\u00e9 Central;<\/li>\n<li>Membre de la Commission de Suivi de la Plate-forme d&#8217;Alliance Gouvernementale RDPC\/UNDP de 1997;<\/li>\n<li>Candidate t\u00eate de liste de l&#8217;UNDP aux Elections Municipales du 30 juin 2002 (Mairie de BIYOUMA, D\u00e9partement du Nyong et K\u00e9l\u00e9);<\/li>\n<li>Conseiller Municipal.<\/li>\n<\/ul>\n<p>[\/et_pb_text][et_pb_text _builder_version=&#8221;4.17.6&#8243; _module_preset=&#8221;default&#8221; custom_margin=&#8221;20px||0px||false|false&#8221; custom_padding=&#8221;0px||0px||false|false&#8221; global_colors_info=&#8221;{}&#8221;]<\/p>\n<h3 style=\"color: #000000;\"><span style=\"text-decoration: underline;\"><strong>Vie Sociale<\/strong><\/span><\/h3>\n<p>[\/et_pb_text][et_pb_text _builder_version=&#8221;4.17.6&#8243; _module_preset=&#8221;default&#8221; text_font=&#8221;|600|||||||&#8221; text_text_color=&#8221;#000000&#8243; text_font_size=&#8221;16px&#8221; text_line_height=&#8221;1.8em&#8221; custom_margin=&#8221;0px||0px||false|false&#8221; custom_padding=&#8221;0px||0px||false|false&#8221; global_colors_info=&#8221;{}&#8221;]<\/p>\n<ul style=\"list-style-type:none;\">\n<li><i class=\"fa-solid fa-check\" style=\"margin-right:5px;\"><\/i> Pr\u00e9sidente Fondatrice du Professional Women&#8217;s Club 1983<\/li>\n<li><i class=\"fa-solid fa-check\" style=\"margin-right:5px;\"><\/i> Pr\u00e9sidente Fondatrice de la CAMNA(Camerounian Women Network Association);<\/li>\n<li><i class=\"fa-solid fa-check\" style=\"margin-right:5px;\"><\/i> Vice-Pr\u00e9sidente de la LEWCE(League for Woman and Child Education);<\/li>\n<li><i class=\"fa-solid fa-check\" style=\"margin-right:5px;\"><\/i> Membre Fondatrice d&#8217;une dizaine d&#8217;association en milieu rural: Femme &#8211; P\u00eacheurs &#8211; Artisans &#8211; Agriculteurs &#8211; Eleveurs de petit b\u00e9tail&#8230;etc.<\/li>\n<li><i class=\"fa-solid fa-check\" style=\"margin-right:5px;\"><\/i> Membre des Associations des Femmes Leaders;<\/li>\n<li><i class=\"fa-solid fa-check\" style=\"margin-right:5px;\"><\/i> Pr\u00e9sidente de la CCE(Citizen&#8217;s Civic Education);<\/li>\n<li><i class=\"fa-solid fa-check\" style=\"margin-right:5px;\"><\/i> Pr\u00e9sidente de plusieurs Gics;<\/li>\n<li><i class=\"fa-solid fa-check\" style=\"margin-right:5px;\"><\/i> Pr\u00e9sidente de l&#8217;Association des Femmes Chr\u00e9tiennes.<\/li>\n<\/ul>\n<p>[\/et_pb_text][\/et_pb_column][\/et_pb_row][\/et_pb_section]<\/p>\n<span class=\"et_bloom_bottom_trigger\"><\/span>","protected":false},"excerpt":{"rendered":"<p>Secr\u00e9taire d&#8217;Etat en Charge de l&#8217;HabitatBIOGRAPHIEMarie Rose DIBONG n\u00e9e NGO BIYONG est n\u00e9e le 20 Mars 1950 \u00e0 LIBAMBA Cameroun, mari\u00e9e et m\u00e8re de quatre(04) enfants. Apr\u00e8s un brillant parcours [&hellip;]<\/p>\n","protected":false},"author":2,"featured_media":0,"parent":96,"menu_order":0,"comment_status":"closed","ping_status":"closed","template":"","meta":{"_et_pb_use_builder":"on","_et_pb_old_content":"<!-- wp:divi\/placeholder \/-->","_et_gb_content_width":"","_EventAllDay":false,"_EventTimezone":"","_EventStartDate":"","_EventEndDate":"","_EventStartDateUTC":"","_EventEndDateUTC":"","_EventShowMap":false,"_EventShowMapLink":false,"_EventURL":"","_EventCost":"","_EventCostDescription":"","_EventCurrencySymbol":"","_EventCurrencyCode":"","_EventCurrencyPosition":"","_EventDateTimeSeparator":"","_EventTimeRangeSeparator":"","_EventOrganizerID":[],"_EventVenueID":0,"_OrganizerEmail":"","_OrganizerPhone":"","_OrganizerWebsite":"","_VenueAddress":"","_VenueCity":"","_VenueCountry":"","_VenueProvince":"","_VenueZip":"","_VenuePhone":"","_VenueURL":"","_VenueStateProvince":"","_VenueLat":"","_VenueLng":"","footnotes":""},"folder":[],"class_list":["post-122","page","type-page","status-publish","hentry"],"yoast_head":"<!-- This site is optimized with the Yoast SEO plugin v19.13 - https:\/\/yoast.com\/wordpress\/plugins\/seo\/ -->\n<title>Secretary of State<\/title>\n<meta name=\"robots\" content=\"index, follow, max-snippet:-1, max-image-preview:large, max-video-preview:-1\" \/>\n<link rel=\"canonical\" href=\"https:\/\/www.minhdu.gov.cm\/le-ministere\/secretaire-detat\/\" \/>\n<meta property=\"og:locale\" content=\"en_US\" \/>\n<meta property=\"og:type\" content=\"article\" \/>\n<meta property=\"og:title\" content=\"Secretary of State\" \/>\n<meta property=\"og:url\" content=\"https:\/\/www.minhdu.gov.cm\/le-ministere\/secretaire-detat\/\" \/>\n<meta property=\"og:site_name\" content=\"MINHDU\" \/>\n<meta property=\"article:publisher\" content=\"https:\/\/www.facebook.com\/cameroun.minhdu\/\" \/>\n<meta property=\"article:modified_time\" content=\"2022-08-03T13:53:37+00:00\" \/>\n<meta name=\"twitter:card\" content=\"summary_large_image\" \/>\n<meta name=\"twitter:site\" content=\"@cameroun_minhdu\" \/>\n<meta name=\"twitter:label1\" content=\"Est. reading time\" \/>\n\t<meta name=\"twitter:data1\" content=\"5 minutes\" \/>\n<script type=\"application\/ld+json\" class=\"yoast-schema-graph\">{\"@context\":\"https:\/\/schema.org\",\"@graph\":[{\"@type\":\"WebPage\",\"@id\":\"https:\/\/www.minhdu.gov.cm\/le-ministere\/secretaire-detat\/\",\"url\":\"https:\/\/www.minhdu.gov.cm\/le-ministere\/secretaire-detat\/\",\"name\":\"Secr\u00e9taire d'Etat - MINHDU\",\"isPartOf\":{\"@id\":\"https:\/\/www.minhdu.gov.cm\/#website\"},\"datePublished\":\"2022-06-16T07:59:46+00:00\",\"dateModified\":\"2022-08-03T13:53:37+00:00\",\"breadcrumb\":{\"@id\":\"https:\/\/www.minhdu.gov.cm\/le-ministere\/secretaire-detat\/#breadcrumb\"},\"inLanguage\":\"en-US\",\"potentialAction\":[{\"@type\":\"ReadAction\",\"target\":[\"https:\/\/www.minhdu.gov.cm\/le-ministere\/secretaire-detat\/\"]}]},{\"@type\":\"BreadcrumbList\",\"@id\":\"https:\/\/www.minhdu.gov.cm\/le-ministere\/secretaire-detat\/#breadcrumb\",\"itemListElement\":[{\"@type\":\"ListItem\",\"position\":1,\"name\":\"Home\",\"item\":\"https:\/\/www.minhdu.gov.cm\/\"},{\"@type\":\"ListItem\",\"position\":2,\"name\":\"Le Minist\u00e8re\",\"item\":\"https:\/\/www.minhdu.gov.cm\/le-ministere\/\"},{\"@type\":\"ListItem\",\"position\":3,\"name\":\"Secr\u00e9taire d&rsquo;Etat\"}]},{\"@type\":\"WebSite\",\"@id\":\"https:\/\/www.minhdu.gov.cm\/#website\",\"url\":\"https:\/\/www.minhdu.gov.cm\/\",\"name\":\"MINHDU\",\"description\":\"\",\"publisher\":{\"@id\":\"https:\/\/www.minhdu.gov.cm\/#organization\"},\"potentialAction\":[{\"@type\":\"SearchAction\",\"target\":{\"@type\":\"EntryPoint\",\"urlTemplate\":\"https:\/\/www.minhdu.gov.cm\/?s={search_term_string}\"},\"query-input\":\"required name=search_term_string\"}],\"inLanguage\":\"en-US\"},{\"@type\":\"Organization\",\"@id\":\"https:\/\/www.minhdu.gov.cm\/#organization\",\"name\":\"MINHDU\",\"url\":\"https:\/\/www.minhdu.gov.cm\/\",\"logo\":{\"@type\":\"ImageObject\",\"inLanguage\":\"en-US\",\"@id\":\"https:\/\/www.minhdu.gov.cm\/#\/schema\/logo\/image\/\",\"url\":\"https:\/\/www.minhdu.gov.cm\/wp-content\/uploads\/2022\/06\/minhdu2.png\",\"contentUrl\":\"https:\/\/www.minhdu.gov.cm\/wp-content\/uploads\/2022\/06\/minhdu2.png\",\"width\":250,\"height\":250,\"caption\":\"MINHDU\"},\"image\":{\"@id\":\"https:\/\/www.minhdu.gov.cm\/#\/schema\/logo\/image\/\"},\"sameAs\":[\"https:\/\/www.facebook.com\/cameroun.minhdu\/\",\"https:\/\/twitter.com\/cameroun_minhdu\"]}]}<\/script>\n<!-- \/ Yoast SEO plugin. -->","yoast_head_json":{"title":"Secretary of State","robots":{"index":"index","follow":"follow","max-snippet":"max-snippet:-1","max-image-preview":"max-image-preview:large","max-video-preview":"max-video-preview:-1"},"canonical":"https:\/\/www.minhdu.gov.cm\/le-ministere\/secretaire-detat\/","og_locale":"en_US","og_type":"article","og_title":"Secretary of State","og_url":"https:\/\/www.minhdu.gov.cm\/le-ministere\/secretaire-detat\/","og_site_name":"MINHDU","article_publisher":"https:\/\/www.facebook.com\/cameroun.minhdu\/","article_modified_time":"2022-08-03T13:53:37+00:00","twitter_card":"summary_large_image","twitter_site":"@cameroun_minhdu","twitter_misc":{"Est. reading time":"5 minutes"},"schema":{"@context":"https:\/\/schema.org","@graph":[{"@type":"WebPage","@id":"https:\/\/www.minhdu.gov.cm\/le-ministere\/secretaire-detat\/","url":"https:\/\/www.minhdu.gov.cm\/le-ministere\/secretaire-detat\/","name":"Secr\u00e9taire d'Etat - MINHDU","isPartOf":{"@id":"https:\/\/www.minhdu.gov.cm\/#website"},"datePublished":"2022-06-16T07:59:46+00:00","dateModified":"2022-08-03T13:53:37+00:00","breadcrumb":{"@id":"https:\/\/www.minhdu.gov.cm\/le-ministere\/secretaire-detat\/#breadcrumb"},"inLanguage":"en-US","potentialAction":[{"@type":"ReadAction","target":["https:\/\/www.minhdu.gov.cm\/le-ministere\/secretaire-detat\/"]}]},{"@type":"BreadcrumbList","@id":"https:\/\/www.minhdu.gov.cm\/le-ministere\/secretaire-detat\/#breadcrumb","itemListElement":[{"@type":"ListItem","position":1,"name":"Home","item":"https:\/\/www.minhdu.gov.cm\/"},{"@type":"ListItem","position":2,"name":"Le Minist\u00e8re","item":"https:\/\/www.minhdu.gov.cm\/le-ministere\/"},{"@type":"ListItem","position":3,"name":"Secr\u00e9taire d&rsquo;Etat"}]},{"@type":"WebSite","@id":"https:\/\/www.minhdu.gov.cm\/#website","url":"https:\/\/www.minhdu.gov.cm\/","name":"MINHDU","description":"","publisher":{"@id":"https:\/\/www.minhdu.gov.cm\/#organization"},"potentialAction":[{"@type":"SearchAction","target":{"@type":"EntryPoint","urlTemplate":"https:\/\/www.minhdu.gov.cm\/?s={search_term_string}"},"query-input":"required name=search_term_string"}],"inLanguage":"en-US"},{"@type":"Organization","@id":"https:\/\/www.minhdu.gov.cm\/#organization","name":"MINHDU","url":"https:\/\/www.minhdu.gov.cm\/","logo":{"@type":"ImageObject","inLanguage":"en-US","@id":"https:\/\/www.minhdu.gov.cm\/#\/schema\/logo\/image\/","url":"https:\/\/www.minhdu.gov.cm\/wp-content\/uploads\/2022\/06\/minhdu2.png","contentUrl":"https:\/\/www.minhdu.gov.cm\/wp-content\/uploads\/2022\/06\/minhdu2.png","width":250,"height":250,"caption":"MINHDU"},"image":{"@id":"https:\/\/www.minhdu.gov.cm\/#\/schema\/logo\/image\/"},"sameAs":["https:\/\/www.facebook.com\/cameroun.minhdu\/","https:\/\/twitter.com\/cameroun_minhdu"]}]}},"_links":{"self":[{"href":"https:\/\/www.minhdu.gov.cm\/wp-json\/wp\/v2\/pages\/122","targetHints":{"allow":["GET"]}}],"collection":[{"href":"https:\/\/www.minhdu.gov.cm\/wp-json\/wp\/v2\/pages"}],"about":[{"href":"https:\/\/www.minhdu.gov.cm\/wp-json\/wp\/v2\/types\/page"}],"author":[{"embeddable":true,"href":"https:\/\/www.minhdu.gov.cm\/wp-json\/wp\/v2\/users\/2"}],"replies":[{"embeddable":true,"href":"https:\/\/www.minhdu.gov.cm\/wp-json\/wp\/v2\/comments?post=122"}],"version-history":[{"count":59,"href":"https:\/\/www.minhdu.gov.cm\/wp-json\/wp\/v2\/pages\/122\/revisions"}],"predecessor-version":[{"id":7772,"href":"https:\/\/www.minhdu.gov.cm\/wp-json\/wp\/v2\/pages\/122\/revisions\/7772"}],"up":[{"embeddable":true,"href":"https:\/\/www.minhdu.gov.cm\/wp-json\/wp\/v2\/pages\/96"}],"wp:attachment":[{"href":"https:\/\/www.minhdu.gov.cm\/wp-json\/wp\/v2\/media?parent=122"}],"wp:term":[{"taxonomy":"folder","embeddable":true,"href":"https:\/\/www.minhdu.gov.cm\/wp-json\/wp\/v2\/folder?post=122"}],"curies":[{"name":"wp","href":"https:\/\/api.w.org\/{rel}","templated":true}]}}