{"id":126,"date":"2022-06-16T10:00:46","date_gmt":"2022-06-16T08:00:46","guid":{"rendered":"http:\/\/192.168.108.1\/?page_id=126"},"modified":"2022-07-14T14:16:19","modified_gmt":"2022-07-14T12:16:19","slug":"structures-deconcentrees","status":"publish","type":"page","link":"https:\/\/www.minhdu.gov.cm\/le-ministere\/structures-deconcentrees\/","title":{"rendered":"Decentralized Structures"},"content":{"rendered":"<p>[et_pb_section fb_built=&#8221;1&#8243; _builder_version=&#8221;4.17.4&#8243; _module_preset=&#8221;default&#8221; custom_padding=&#8221;24px|||||&#8221; global_colors_info=&#8221;{}&#8221;][et_pb_row custom_padding_last_edited=&#8221;on|phone&#8221; _builder_version=&#8221;4.17.4&#8243; _module_preset=&#8221;default&#8221; background_color=&#8221;#efefef&#8221; custom_padding=&#8221;40px|40px|40px|40px|true|true&#8221; custom_padding_tablet=&#8221;40px|40px|40px|40px|true|true&#8221; custom_padding_phone=&#8221;20px|15px|20px|15px|true|true&#8221; custom_css_main_element=&#8221;display: none;&#8221; border_radii=&#8221;on|10px|10px|10px|10px&#8221; border_width_all=&#8221;1px&#8221; border_color_all=&#8221;#009400&#8243; global_colors_info=&#8221;{}&#8221;][et_pb_column type=&#8221;4_4&#8243; _builder_version=&#8221;4.17.4&#8243; _module_preset=&#8221;default&#8221; global_colors_info=&#8221;{}&#8221;][et_pb_text _builder_version=&#8221;4.17.4&#8243; _module_preset=&#8221;default&#8221; text_font=&#8221;|600|||||||&#8221; text_text_color=&#8221;#000000&#8243; text_font_size=&#8221;15px&#8221; text_line_height=&#8221;1.8em&#8221; text_orientation=&#8221;justified&#8221; custom_padding=&#8221;|5px||5px|false|true&#8221; text_font_size_tablet=&#8221;14px&#8221; text_font_size_phone=&#8221;13px&#8221; text_font_size_last_edited=&#8221;on|tablet&#8221; global_colors_info=&#8221;{}&#8221;]<\/p>\n<p style=\"text-align: left; font-size: 21px; color: #006400;\"><strong>D\u00e9l\u00e9gation R\u00e9gionale de l&#8217;Habitat et du D\u00e9veloppement Urbain<\/strong><\/p>\n<hr width=\"985 px\" size=\"5px\" color=\"#004c99\" style=\"margin-top: -10px; float: left;\" \/>\n<p>Plac\u00e9e sous l&#8217;autorit\u00e9 d&#8217;un D\u00e9l\u00e9gu\u00e9 R\u00e9gional, la D\u00e9l\u00e9gation R\u00e9gionale de l&#8217;Habitat et du D\u00e9veloppement Urbain est charg\u00e9e de la supervision et de la coordination de toutes les\u00a0 activit\u00e9s des Services r\u00e9gionaux et des D\u00e9l\u00e9gations d\u00e9partementales.<\/p>\n<p>A ce titre, elle est charg\u00e9e :<\/p>\n<ul style=\"list-style-type: none;\">\n<li><i class=\"fa-solid fa-play\" style=\"color: #009400;\"><\/i> De la coordination technique des activit\u00e9s du Minist\u00e8re dans la R\u00e9gion ;<\/li>\n<li><i class=\"fa-solid fa-play\" style=\"color: #009400;\"><\/i> De l&#8217;approbation, du suivi et de l&#8217;\u00e9laboration des programmes d&#8217;action des D\u00e9l\u00e9gations d\u00e9partementales ;<\/li>\n<li><i class=\"fa-solid fa-play\" style=\"color: #009400;\"><\/i> De l&#8217;\u00e9laboration du projet de programme d&#8217;action et du budget de la d\u00e9l\u00e9gation r\u00e9gionale ainsi que de la mise en \u0153uvre des op\u00e9rations retenues ;<\/li>\n<li><i class=\"fa-solid fa-play\" style=\"color: #009400;\"><\/i> De la gestion des ressources humaines, mat\u00e9rielles et financi\u00e8res ;<\/li>\n<li><i class=\"fa-solid fa-play\" style=\"color: #009400;\"><\/i> Du suivi et de l&#8217;\u00e9valuation des projets ex\u00e9cut\u00e9s dans la R\u00e9gion en mati\u00e8re d&#8217;habitat et de d\u00e9veloppement\u00a0 urbain ;<\/li>\n<li><i class=\"fa-solid fa-play\" style=\"color: #009400;\"><\/i> De la collecte et de la centralisation des donn\u00e9es statistiques en mati\u00e8re d&#8217;habitat et de d\u00e9veloppement urbain ;<\/li>\n<li><i class=\"fa-solid fa-play\" style=\"color: #009400;\"><\/i> Du contr\u00f4le de l&#8217;application des cahiers de charge relatifs aux lotissements en fonction de l&#8217;importance du projet ;<\/li>\n<li><i class=\"fa-solid fa-play\" style=\"color: #009400;\"><\/i> De la coordination de l&#8217;ex\u00e9cution des \u00e9tudes relatives aux lotissements domaniaux et de visa technique des lotissements communaux et priv\u00e9s en fonction de l&#8217;importance du projet ;<\/li>\n<li><i class=\"fa-solid fa-play\" style=\"color: #009400;\"><\/i> Du contr\u00f4le du respect de l&#8217;application de la l\u00e9gislation et de la r\u00e9glementation de l&#8217;habitat et du d\u00e9veloppement urbain dans la R\u00e9gion ;<\/li>\n<li><i class=\"fa-solid fa-play\" style=\"color: #009400;\"><\/i> Du suivi des \u00e9tudes de planification urbaine ainsi que des\u00a0 op\u00e9rations d&#8217;am\u00e9nagement en fonction de l&#8217;importance du projet ;<\/li>\n<li><i class=\"fa-solid fa-play\" style=\"color: #009400;\"><\/i> De la participation \u00e0 l&#8217;\u00e9laboration, au suivi et \u00e0 l&#8217;\u00e9valuation des protocoles d&#8217;accords et des contrats de ville ;<\/li>\n<li><i class=\"fa-solid fa-play\" style=\"color: #009400;\"><\/i> De la coordination de la mobilisation des partenaires autour des enjeux de la gouvernance urbaine et des projets de d\u00e9veloppement urbain dans la R\u00e9gion ;<\/li>\n<li><i class=\"fa-solid fa-play\" style=\"color: #009400;\"><\/i> De la coordination et du suivi des activit\u00e9s li\u00e9es \u00e0 l&#8217;environnement social urbain ;<\/li>\n<li><i class=\"fa-solid fa-play\" style=\"color: #009400;\"><\/i> De la coordination et du suivi des expertises immobili\u00e8res dans le cadre des proc\u00e9dures de d\u00e9claration d&#8217;utilit\u00e9\u00a0 publique ou \u00e0 la demande d&#8217;une administration publique ou d&#8217;un priv\u00e9 dans la zone de ressort ;<\/li>\n<li><i class=\"fa-solid fa-play\" style=\"color: #009400;\"><\/i> De la ma\u00eetrise d&#8217;\u0153uvre des projets de construction, de r\u00e9habilitation et d&#8217;entretien des b\u00e2timents publics ;<\/li>\n<li><i class=\"fa-solid fa-play\" style=\"color: #009400;\"><\/i> Du suivi des travaux des commissions en charge de l&#8217;examen des dossiers de permis de construire, d&#8217;autorisation de lotir et de permis de d\u00e9molir, en relation avec les communes concern\u00e9es et en fonction de l&#8217;importance du projet.<\/li>\n<\/ul>\n<p>Elle comprend :<\/p>\n<ul style=\"list-style-type: none;\">\n<li><i class=\"fa-solid fa-diamond\" style=\"color: #009400;\"><\/i> Le Service R\u00e9gional des Op\u00e9rations Urbaines ;<\/li>\n<li><i class=\"fa-solid fa-diamond\" style=\"color: #009400;\"><\/i> Le Service R\u00e9gional de l&#8217;Habitat et de l&#8217;Architecture ;<\/li>\n<li><i class=\"fa-solid fa-diamond\" style=\"color: #009400;\"><\/i> Le Service R\u00e9gional du Partenariat Local et de la Planification ;<\/li>\n<li><i class=\"fa-solid fa-diamond\" style=\"color: #009400;\"><\/i> Le Service R\u00e9gional du D\u00e9veloppement Social Urbain ;<\/li>\n<li><i class=\"fa-solid fa-diamond\" style=\"color: #009400;\"><\/i> Le Service Administratif\u00a0 et Financier.<\/li>\n<\/ul>\n<p>&nbsp;<\/p>\n<p style=\"text-align: left; font-size: 21px; color: #006400;\"><strong>D\u00e9l\u00e9gation D\u00e9partementale de l&#8217;Habitat et du D\u00e9veloppement Urbain<\/strong><\/p>\n<hr width=\"985 px\" size=\"5px\" color=\"#004c99\" style=\"margin-top: -10px; float: left;\" \/>\n<p>&nbsp;<\/p>\n<p>Plac\u00e9e sous l&#8217;autorit\u00e9 d&#8217;un D\u00e9l\u00e9gu\u00e9 D\u00e9partemental, la D\u00e9l\u00e9gation D\u00e9partementale de l&#8217;Habitat et du D\u00e9veloppement Urbain est charg\u00e9e de la supervision et de la coordination de toutes les \u00a0activit\u00e9s des Services D\u00e9partementaux.<\/p>\n<p>A ce titre, elle est charg\u00e9e :<\/p>\n<ul style=\"list-style-type: none;\">\n<li><i class=\"fa-solid fa-play\" style=\"color: #009400;\"><\/i> De la pr\u00e9paration des projets de budget et des programmes d&#8217;action de la D\u00e9l\u00e9gation D\u00e9partementale, ainsi que de la mise en \u0153uvre des op\u00e9rations retenues ;<\/li>\n<li><i class=\"fa-solid fa-play\" style=\"color: #009400;\"><\/i> De la gestion des ressources humaines, financi\u00e8res et mat\u00e9rielles ;<\/li>\n<li><i class=\"fa-solid fa-play\" style=\"color: #009400;\"><\/i> Du contr\u00f4le, du suivi et de l&#8217;\u00e9valuation des projets ex\u00e9cut\u00e9s dans le d\u00e9partement en mati\u00e8re d&#8217;habitat et de d\u00e9veloppement urbain ;<\/li>\n<li><i class=\"fa-solid fa-play\" style=\"color: #009400;\"><\/i> De la collecte , de la centralisation et de l&#8217;exploitation des donn\u00e9es statistiques en mati\u00e8re d&#8217;habitat et de d\u00e9veloppement urbain ;<\/li>\n<li><i class=\"fa-solid fa-play\" style=\"color: #009400;\"><\/i> Du contr\u00f4le de l&#8217;application des cahiers de charge relatifs aux lotissements ;<\/li>\n<li><i class=\"fa-solid fa-play\" style=\"color: #009400;\"><\/i> De la coordination de l&#8217;ex\u00e9cution des \u00e9tudes de lotissements domaniaux et du visa technique des lotissements communaux et priv\u00e9s de\u00a0 leur ressort ;<\/li>\n<li><i class=\"fa-solid fa-play\" style=\"color: #009400;\"><\/i> Du suivi du respect de l&#8217;application de la l\u00e9gislation et de la r\u00e9glementation en mati\u00e8re d&#8217;habitat et de d\u00e9veloppement urbain dans le D\u00e9partement ;<\/li>\n<li><i class=\"fa-solid fa-play\" style=\"color: #009400;\"><\/i> De la ma\u00eetrise d&#8217;\u0153uvre des projets de construction, de r\u00e9habilitation\u00a0 et d&#8217;entretien des b\u00e2timents publics ;<\/li>\n<li><i class=\"fa-solid fa-play\" style=\"color: #009400;\"><\/i> Du suivi des travaux des commissions consultatives de gestion de proc\u00e9dures de d\u00e9claration d&#8217;utilit\u00e9 publique ou \u00e0 la demande d&#8217;une administration ou\u00a0 d&#8217;un priv\u00e9 dans la zone de ressort ;<\/li>\n<li><i class=\"fa-solid fa-play\" style=\"color: #009400;\"><\/i> De la participation \u00e0 l&#8217;\u00e9laboration, au suivi et \u00e0 l&#8217;\u00e9valuation des protocoles d&#8217;accords et des contrats de ville<\/li>\n<li><i class=\"fa-solid fa-play\" style=\"color: #009400;\"><\/i> De la coordination de la\u00a0 mobilisation des partenaires autour des enjeux de la gouvernance urbaine et des projets de d\u00e9veloppement urbain ;<\/li>\n<li><i class=\"fa-solid fa-play\" style=\"color: #009400;\"><\/i> Du suivi des travaux des commissions en charge de l&#8217;examen des dossiers de\u00a0 permis de construire, d&#8217;autorisation de lotir et de permis de d\u00e9molir en relation avec les communes concern\u00e9es ;<\/li>\n<li><i class=\"fa-solid fa-play\" style=\"color: #009400;\"><\/i> De la coordination et du suivi des activit\u00e9s li\u00e9es \u00e0\u00a0 l&#8217;environnement social urbain ;<\/li>\n<li><i class=\"fa-solid fa-play\" style=\"color: #009400;\"><\/i> Du suivi des \u00e9tudes de planification urbaine, ainsi que des op\u00e9rations d&#8217;am\u00e9nagement urbain ;<\/li>\n<li><i class=\"fa-solid fa-play\" style=\"color: #009400;\"><\/i> De la coordination des activit\u00e9s des services d\u00e9partementaux ;<\/li>\n<li><i class=\"fa-solid fa-play\" style=\"color: #009400;\"><\/i> De la\u00a0 pr\u00e9paration des projets de budget et des programmes d&#8217;action, ainsi que de la mise en \u0152uvre des op\u00e9rations retenues ;<\/li>\n<li><i class=\"fa-solid fa-play\" style=\"color: #009400;\"><\/i> Du contr\u00f4le de l&#8217;ex\u00e9cution des programmes d&#8217;action ;<\/li>\n<li><i class=\"fa-solid fa-play\" style=\"color: #009400;\"><\/i> Du contr\u00f4le technique des projets ex\u00e9cut\u00e9s dans le D\u00e9partement.<\/li>\n<\/ul>\n<p>Elle comprend :<\/p>\n<ul style=\"list-style-type: none;\">\n<li><i class=\"fa-solid fa-diamond\" style=\"color: #009400;\"><\/i> Le Service D\u00e9partemental des Op\u00e9rations Urbaines et du D\u00e9veloppement Social Urbain ;<\/li>\n<li><i class=\"fa-solid fa-diamond\" style=\"color: #009400;\"><\/i> Le Service D\u00e9partemental de l&#8217;Urbanisme, de l&#8217;Habitat et du Partenariat Local ;<\/li>\n<li><i class=\"fa-solid fa-diamond\" style=\"color: #009400;\"><\/i> Le Bureau du Courrier et des Archives ;<\/li>\n<li><i class=\"fa-solid fa-diamond\" style=\"color: #009400;\"><\/i> Le Bureau des Affaires G\u00e9n\u00e9rales.<\/li>\n<\/ul>\n<p>[\/et_pb_text][\/et_pb_column][\/et_pb_row][et_pb_row _builder_version=&#8221;4.17.4&#8243; _module_preset=&#8221;default&#8221; custom_padding=&#8221;0px||0px||false|false&#8221; global_colors_info=&#8221;{}&#8221;][et_pb_column type=&#8221;4_4&#8243; _builder_version=&#8221;4.17.4&#8243; _module_preset=&#8221;default&#8221; global_colors_info=&#8221;{}&#8221;][et_pb_tabs _builder_version=&#8221;4.17.6&#8243; _module_preset=&#8221;default&#8221; custom_padding=&#8221;||||false|true&#8221; hover_enabled=&#8221;0&#8243; global_colors_info=&#8221;{}&#8221; module_class=&#8221;onglet_services_deconcentres&#8221; sticky_enabled=&#8221;0&#8243; custom_css_active_tab=&#8221;||&#8221; active_tab_text_color=&#8221;#FFFFFF&#8221; active_tab_background_color=&#8221;#004c99&#8243; custom_margin_last_edited=&#8221;on|desktop&#8221; tab_font_size_last_edited=&#8221;on|phone&#8221; tab_font_size_tablet=&#8221;12px&#8221; tab_font_size_phone=&#8221;11px&#8221;][et_pb_tab title=&#8221;Attributions des structures d\u00e9concentr\u00e9es&#8221; _builder_version=&#8221;4.17.6&#8243; _module_preset=&#8221;default&#8221; body_font=&#8221;|600|||||||&#8221; body_text_color=&#8221;#000000&#8243; tab_font=&#8221;|600|||||||&#8221; tab_text_color=&#8221;#004c99&#8243; custom_padding=&#8221;35px||35px||true|false&#8221; hover_enabled=&#8221;0&#8243; global_colors_info=&#8221;{}&#8221; sticky_enabled=&#8221;0&#8243; body_font_size_last_edited=&#8221;on|tablet&#8221; body_font_size_tablet=&#8221;13px&#8221; content_last_edited=&#8221;on|phone&#8221; content_tablet=&#8221;<\/p>\n<p style=%22text-align: left; font-size: 16px; color: #006400;%22><strong>D\u00e9l\u00e9gation R\u00e9gionale de l&#8217;Habitat et du D\u00e9veloppement Urbain<\/strong><\/p>\n<hr width=%22985 px%22 size=%223px%22 color=%22#004c99%22 style=%22margin-top: -10px; float: left;%22 \/>\n<p>Plac\u00e9e sous l&#8217;autorit\u00e9 d&#8217;un D\u00e9l\u00e9gu\u00e9 R\u00e9gional, la D\u00e9l\u00e9gation R\u00e9gionale de l&#8217;Habitat et du D\u00e9veloppement Urbain est charg\u00e9e de la supervision et de la coordination de toutes les\u00a0 activit\u00e9s des Services r\u00e9gionaux et des D\u00e9l\u00e9gations d\u00e9partementales.<\/p>\n<p>A ce titre, elle est charg\u00e9e :<\/p>\n<ul style=%22list-style-type: none;%22>\n<li><i class=%22fa-solid fa-play%22 style=%22color: #009400;%22><\/i> De la coordination technique des activit\u00e9s du Minist\u00e8re dans la R\u00e9gion ;<\/li>\n<li><i class=%22fa-solid fa-play%22 style=%22color: #009400;%22><\/i> De l&#8217;approbation, du suivi et de l&#8217;\u00e9laboration des programmes d&#8217;action des D\u00e9l\u00e9gations d\u00e9partementales ;<\/li>\n<li><i class=%22fa-solid fa-play%22 style=%22color: #009400;%22><\/i> De l&#8217;\u00e9laboration du projet de programme d&#8217;action et du budget de la d\u00e9l\u00e9gation r\u00e9gionale ainsi que de la mise en \u0153uvre des op\u00e9rations retenues ;<\/li>\n<li><i class=%22fa-solid fa-play%22 style=%22color: #009400;%22><\/i> De la gestion des ressources humaines, mat\u00e9rielles et financi\u00e8res ;<\/li>\n<li><i class=%22fa-solid fa-play%22 style=%22color: #009400;%22><\/i> Du suivi et de l&#8217;\u00e9valuation des projets ex\u00e9cut\u00e9s dans la R\u00e9gion en mati\u00e8re d&#8217;habitat et de d\u00e9veloppement\u00a0 urbain ;<\/li>\n<li><i class=%22fa-solid fa-play%22 style=%22color: #009400;%22><\/i> De la collecte et de la centralisation des donn\u00e9es statistiques en mati\u00e8re d&#8217;habitat et de d\u00e9veloppement urbain ;<\/li>\n<li><i class=%22fa-solid fa-play%22 style=%22color: #009400;%22><\/i> Du contr\u00f4le de l&#8217;application des cahiers de charge relatifs aux lotissements en fonction de l&#8217;importance du projet ;<\/li>\n<li><i class=%22fa-solid fa-play%22 style=%22color: #009400;%22><\/i> De la coordination de l&#8217;ex\u00e9cution des \u00e9tudes relatives aux lotissements domaniaux et de visa technique des lotissements communaux et priv\u00e9s en fonction de l&#8217;importance du projet ;<\/li>\n<li><i class=%22fa-solid fa-play%22 style=%22color: #009400;%22><\/i> Du contr\u00f4le du respect de l&#8217;application de la l\u00e9gislation et de la r\u00e9glementation de l&#8217;habitat et du d\u00e9veloppement urbain dans la R\u00e9gion ;<\/li>\n<li><i class=%22fa-solid fa-play%22 style=%22color: #009400;%22><\/i> Du suivi des \u00e9tudes de planification urbaine ainsi que des\u00a0 op\u00e9rations d&#8217;am\u00e9nagement en fonction de l&#8217;importance du projet ;<\/li>\n<li><i class=%22fa-solid fa-play%22 style=%22color: #009400;%22><\/i> De la participation \u00e0 l&#8217;\u00e9laboration, au suivi et \u00e0 l&#8217;\u00e9valuation des protocoles d&#8217;accords et des contrats de ville ;<\/li>\n<li><i class=%22fa-solid fa-play%22 style=%22color: #009400;%22><\/i> De la coordination de la mobilisation des partenaires autour des enjeux de la gouvernance urbaine et des projets de d\u00e9veloppement urbain dans la R\u00e9gion ;<\/li>\n<li><i class=%22fa-solid fa-play%22 style=%22color: #009400;%22><\/i> De la coordination et du suivi des activit\u00e9s li\u00e9es \u00e0 l&#8217;environnement social urbain ;<\/li>\n<li><i class=%22fa-solid fa-play%22 style=%22color: #009400;%22><\/i> De la coordination et du suivi des expertises immobili\u00e8res dans le cadre des proc\u00e9dures de d\u00e9claration d&#8217;utilit\u00e9\u00a0 publique ou \u00e0 la demande d&#8217;une administration publique ou d&#8217;un priv\u00e9 dans la zone de ressort ;<\/li>\n<li><i class=%22fa-solid fa-play%22 style=%22color: #009400;%22><\/i> De la ma\u00eetrise d&#8217;\u0153uvre des projets de construction, de r\u00e9habilitation et d&#8217;entretien des b\u00e2timents publics ;<\/li>\n<li><i class=%22fa-solid fa-play%22 style=%22color: #009400;%22><\/i> Du suivi des travaux des commissions en charge de l&#8217;examen des dossiers de permis de construire, d&#8217;autorisation de lotir et de permis de d\u00e9molir, en relation avec les communes concern\u00e9es et en fonction de l&#8217;importance du projet.<\/li>\n<\/ul>\n<p>Elle comprend :<\/p>\n<ul style=%22list-style-type: none;%22>\n<li><i class=%22fa-solid fa-diamond%22 style=%22color: #009400;%22><\/i> Le Service R\u00e9gional des Op\u00e9rations Urbaines ;<\/li>\n<li><i class=%22fa-solid fa-diamond%22 style=%22color: #009400;%22><\/i> Le Service R\u00e9gional de l&#8217;Habitat et de l&#8217;Architecture ;<\/li>\n<li><i class=%22fa-solid fa-diamond%22 style=%22color: #009400;%22><\/i> Le Service R\u00e9gional du Partenariat Local et de la Planification ;<\/li>\n<li><i class=%22fa-solid fa-diamond%22 style=%22color: #009400;%22><\/i> Le Service R\u00e9gional du D\u00e9veloppement Social Urbain ;<\/li>\n<li><i class=%22fa-solid fa-diamond%22 style=%22color: #009400;%22><\/i> Le Service Administratif\u00a0 et Financier.<\/li>\n<\/ul>\n<p>&nbsp;<\/p>\n<p style=%22text-align: left; font-size: 16px; color: #006400;%22><strong>D\u00e9l\u00e9gation D\u00e9partementale de l&#8217;Habitat et du D\u00e9veloppement Urbain<\/strong><\/p>\n<hr width=%22985 px%22 size=%223px%22 color=%22#004c99%22 style=%22margin-top: -10px; float: left;%22 \/>\n<p>&nbsp;<\/p>\n<p>Plac\u00e9e sous l&#8217;autorit\u00e9 d&#8217;un D\u00e9l\u00e9gu\u00e9 D\u00e9partemental, la D\u00e9l\u00e9gation D\u00e9partementale de l&#8217;Habitat et du D\u00e9veloppement Urbain est charg\u00e9e de la supervision et de la coordination de toutes les \u00a0activit\u00e9s des Services D\u00e9partementaux.<\/p>\n<p>A ce titre, elle est charg\u00e9e :<\/p>\n<ul style=%22list-style-type: none;%22>\n<li><i class=%22fa-solid fa-play%22 style=%22color: #009400;%22><\/i> De la pr\u00e9paration des projets de budget et des programmes d&#8217;action de la D\u00e9l\u00e9gation D\u00e9partementale, ainsi que de la mise en \u0153uvre des op\u00e9rations retenues ;<\/li>\n<li><i class=%22fa-solid fa-play%22 style=%22color: #009400;%22><\/i> De la gestion des ressources humaines, financi\u00e8res et mat\u00e9rielles ;<\/li>\n<li><i class=%22fa-solid fa-play%22 style=%22color: #009400;%22><\/i> Du contr\u00f4le, du suivi et de l&#8217;\u00e9valuation des projets ex\u00e9cut\u00e9s dans le d\u00e9partement en mati\u00e8re d&#8217;habitat et de d\u00e9veloppement urbain ;<\/li>\n<li><i class=%22fa-solid fa-play%22 style=%22color: #009400;%22><\/i> De la collecte , de la centralisation et de l&#8217;exploitation des donn\u00e9es statistiques en mati\u00e8re d&#8217;habitat et de d\u00e9veloppement urbain ;<\/li>\n<li><i class=%22fa-solid fa-play%22 style=%22color: #009400;%22><\/i> Du contr\u00f4le de l&#8217;application des cahiers de charge relatifs aux lotissements ;<\/li>\n<li><i class=%22fa-solid fa-play%22 style=%22color: #009400;%22><\/i> De la coordination de l&#8217;ex\u00e9cution des \u00e9tudes de lotissements domaniaux et du visa technique des lotissements communaux et priv\u00e9s de\u00a0 leur ressort ;<\/li>\n<li><i class=%22fa-solid fa-play%22 style=%22color: #009400;%22><\/i> Du suivi du respect de l&#8217;application de la l\u00e9gislation et de la r\u00e9glementation en mati\u00e8re d&#8217;habitat et de d\u00e9veloppement urbain dans le D\u00e9partement ;<\/li>\n<li><i class=%22fa-solid fa-play%22 style=%22color: #009400;%22><\/i> De la ma\u00eetrise d&#8217;\u0153uvre des projets de construction, de r\u00e9habilitation\u00a0 et d&#8217;entretien des b\u00e2timents publics ;<\/li>\n<li><i class=%22fa-solid fa-play%22 style=%22color: #009400;%22><\/i> Du suivi des travaux des commissions consultatives de gestion de proc\u00e9dures de d\u00e9claration d&#8217;utilit\u00e9 publique ou \u00e0 la demande d&#8217;une administration ou\u00a0 d&#8217;un priv\u00e9 dans la zone de ressort ;<\/li>\n<li><i class=%22fa-solid fa-play%22 style=%22color: #009400;%22><\/i> De la participation \u00e0 l&#8217;\u00e9laboration, au suivi et \u00e0 l&#8217;\u00e9valuation des protocoles d&#8217;accords et des contrats de ville<\/li>\n<li><i class=%22fa-solid fa-play%22 style=%22color: #009400;%22><\/i> De la coordination de la\u00a0 mobilisation des partenaires autour des enjeux de la gouvernance urbaine et des projets de d\u00e9veloppement urbain ;<\/li>\n<li><i class=%22fa-solid fa-play%22 style=%22color: #009400;%22><\/i> Du suivi des travaux des commissions en charge de l&#8217;examen des dossiers de\u00a0 permis de construire, d&#8217;autorisation de lotir et de permis de d\u00e9molir en relation avec les communes concern\u00e9es ;<\/li>\n<li><i class=%22fa-solid fa-play%22 style=%22color: #009400;%22><\/i> De la coordination et du suivi des activit\u00e9s li\u00e9es \u00e0\u00a0 l&#8217;environnement social urbain ;<\/li>\n<li><i class=%22fa-solid fa-play%22 style=%22color: #009400;%22><\/i> Du suivi des \u00e9tudes de planification urbaine, ainsi que des op\u00e9rations d&#8217;am\u00e9nagement urbain ;<\/li>\n<li><i class=%22fa-solid fa-play%22 style=%22color: #009400;%22><\/i> De la coordination des activit\u00e9s des services d\u00e9partementaux ;<\/li>\n<li><i class=%22fa-solid fa-play%22 style=%22color: #009400;%22><\/i> De la\u00a0 pr\u00e9paration des projets de budget et des programmes d&#8217;action, ainsi que de la mise en \u0152uvre des op\u00e9rations retenues ;<\/li>\n<li><i class=%22fa-solid fa-play%22 style=%22color: #009400;%22><\/i> Du contr\u00f4le de l&#8217;ex\u00e9cution des programmes d&#8217;action ;<\/li>\n<li><i class=%22fa-solid fa-play%22 style=%22color: #009400;%22><\/i> Du contr\u00f4le technique des projets ex\u00e9cut\u00e9s dans le D\u00e9partement.<\/li>\n<\/ul>\n<p>Elle comprend :<\/p>\n<ul style=%22list-style-type: none;%22>\n<li><i class=%22fa-solid fa-diamond%22 style=%22color: #009400;%22><\/i> Le Service D\u00e9partemental des Op\u00e9rations Urbaines et du D\u00e9veloppement Social Urbain ;<\/li>\n<li><i class=%22fa-solid fa-diamond%22 style=%22color: #009400;%22><\/i> Le Service D\u00e9partemental de l&#8217;Urbanisme, de l&#8217;Habitat et du Partenariat Local ;<\/li>\n<li><i class=%22fa-solid fa-diamond%22 style=%22color: #009400;%22><\/i> Le Bureau du Courrier et des Archives ;<\/li>\n<li><i class=%22fa-solid fa-diamond%22 style=%22color: #009400;%22><\/i> Le Bureau des Affaires G\u00e9n\u00e9rales.<\/li>\n<\/ul>\n<p>&#8221; content_phone=&#8221;<\/p>\n<p style=%22text-align: left; font-size: 15px; color: #006400;%22><strong>D\u00e9l\u00e9gation R\u00e9gionale de l&#8217;Habitat et du D\u00e9veloppement Urbain<\/strong><\/p>\n<hr width=%22985 px%22 size=%223px%22 color=%22#004c99%22 style=%22margin-top: -10px; float: left;%22 \/>\n<p>Plac\u00e9e sous l&#8217;autorit\u00e9 d&#8217;un D\u00e9l\u00e9gu\u00e9 R\u00e9gional, la D\u00e9l\u00e9gation R\u00e9gionale de l&#8217;Habitat et du D\u00e9veloppement Urbain est charg\u00e9e de la supervision et de la coordination de toutes les\u00a0 activit\u00e9s des Services r\u00e9gionaux et des D\u00e9l\u00e9gations d\u00e9partementales.<\/p>\n<p>A ce titre, elle est charg\u00e9e :<\/p>\n<ul style=%22list-style-type: none;%22>\n<li><i class=%22fa-solid fa-play%22 style=%22color: #009400;%22><\/i> De la coordination technique des activit\u00e9s du Minist\u00e8re dans la R\u00e9gion ;<\/li>\n<li><i class=%22fa-solid fa-play%22 style=%22color: #009400;%22><\/i> De l&#8217;approbation, du suivi et de l&#8217;\u00e9laboration des programmes d&#8217;action des D\u00e9l\u00e9gations d\u00e9partementales ;<\/li>\n<li><i class=%22fa-solid fa-play%22 style=%22color: #009400;%22><\/i> De l&#8217;\u00e9laboration du projet de programme d&#8217;action et du budget de la d\u00e9l\u00e9gation r\u00e9gionale ainsi que de la mise en \u0153uvre des op\u00e9rations retenues ;<\/li>\n<li><i class=%22fa-solid fa-play%22 style=%22color: #009400;%22><\/i> De la gestion des ressources humaines, mat\u00e9rielles et financi\u00e8res ;<\/li>\n<li><i class=%22fa-solid fa-play%22 style=%22color: #009400;%22><\/i> Du suivi et de l&#8217;\u00e9valuation des projets ex\u00e9cut\u00e9s dans la R\u00e9gion en mati\u00e8re d&#8217;habitat et de d\u00e9veloppement\u00a0 urbain ;<\/li>\n<li><i class=%22fa-solid fa-play%22 style=%22color: #009400;%22><\/i> De la collecte et de la centralisation des donn\u00e9es statistiques en mati\u00e8re d&#8217;habitat et de d\u00e9veloppement urbain ;<\/li>\n<li><i class=%22fa-solid fa-play%22 style=%22color: #009400;%22><\/i> Du contr\u00f4le de l&#8217;application des cahiers de charge relatifs aux lotissements en fonction de l&#8217;importance du projet ;<\/li>\n<li><i class=%22fa-solid fa-play%22 style=%22color: #009400;%22><\/i> De la coordination de l&#8217;ex\u00e9cution des \u00e9tudes relatives aux lotissements domaniaux et de visa technique des lotissements communaux et priv\u00e9s en fonction de l&#8217;importance du projet ;<\/li>\n<li><i class=%22fa-solid fa-play%22 style=%22color: #009400;%22><\/i> Du contr\u00f4le du respect de l&#8217;application de la l\u00e9gislation et de la r\u00e9glementation de l&#8217;habitat et du d\u00e9veloppement urbain dans la R\u00e9gion ;<\/li>\n<li><i class=%22fa-solid fa-play%22 style=%22color: #009400;%22><\/i> Du suivi des \u00e9tudes de planification urbaine ainsi que des\u00a0 op\u00e9rations d&#8217;am\u00e9nagement en fonction de l&#8217;importance du projet ;<\/li>\n<li><i class=%22fa-solid fa-play%22 style=%22color: #009400;%22><\/i> De la participation \u00e0 l&#8217;\u00e9laboration, au suivi et \u00e0 l&#8217;\u00e9valuation des protocoles d&#8217;accords et des contrats de ville ;<\/li>\n<li><i class=%22fa-solid fa-play%22 style=%22color: #009400;%22><\/i> De la coordination de la mobilisation des partenaires autour des enjeux de la gouvernance urbaine et des projets de d\u00e9veloppement urbain dans la R\u00e9gion ;<\/li>\n<li><i class=%22fa-solid fa-play%22 style=%22color: #009400;%22><\/i> De la coordination et du suivi des activit\u00e9s li\u00e9es \u00e0 l&#8217;environnement social urbain ;<\/li>\n<li><i class=%22fa-solid fa-play%22 style=%22color: #009400;%22><\/i> De la coordination et du suivi des expertises immobili\u00e8res dans le cadre des proc\u00e9dures de d\u00e9claration d&#8217;utilit\u00e9\u00a0 publique ou \u00e0 la demande d&#8217;une administration publique ou d&#8217;un priv\u00e9 dans la zone de ressort ;<\/li>\n<li><i class=%22fa-solid fa-play%22 style=%22color: #009400;%22><\/i> De la ma\u00eetrise d&#8217;\u0153uvre des projets de construction, de r\u00e9habilitation et d&#8217;entretien des b\u00e2timents publics ;<\/li>\n<li><i class=%22fa-solid fa-play%22 style=%22color: #009400;%22><\/i> Du suivi des travaux des commissions en charge de l&#8217;examen des dossiers de permis de construire, d&#8217;autorisation de lotir et de permis de d\u00e9molir, en relation avec les communes concern\u00e9es et en fonction de l&#8217;importance du projet.<\/li>\n<\/ul>\n<p>Elle comprend :<\/p>\n<ul style=%22list-style-type: none;%22>\n<li><i class=%22fa-solid fa-diamond%22 style=%22color: #009400;%22><\/i> Le Service R\u00e9gional des Op\u00e9rations Urbaines ;<\/li>\n<li><i class=%22fa-solid fa-diamond%22 style=%22color: #009400;%22><\/i> Le Service R\u00e9gional de l&#8217;Habitat et de l&#8217;Architecture ;<\/li>\n<li><i class=%22fa-solid fa-diamond%22 style=%22color: #009400;%22><\/i> Le Service R\u00e9gional du Partenariat Local et de la Planification ;<\/li>\n<li><i class=%22fa-solid fa-diamond%22 style=%22color: #009400;%22><\/i> Le Service R\u00e9gional du D\u00e9veloppement Social Urbain ;<\/li>\n<li><i class=%22fa-solid fa-diamond%22 style=%22color: #009400;%22><\/i> Le Service Administratif\u00a0 et Financier.<\/li>\n<\/ul>\n<p>&nbsp;<\/p>\n<p style=%22text-align: left; font-size: 15px; color: #006400;%22><strong>D\u00e9l\u00e9gation D\u00e9partementale de l&#8217;Habitat et du D\u00e9veloppement Urbain<\/strong><\/p>\n<hr width=%22985 px%22 size=%223px%22 color=%22#004c99%22 style=%22margin-top: -10px; float: left;%22 \/>\n<p>&nbsp;<\/p>\n<p>Plac\u00e9e sous l&#8217;autorit\u00e9 d&#8217;un D\u00e9l\u00e9gu\u00e9 D\u00e9partemental, la D\u00e9l\u00e9gation D\u00e9partementale de l&#8217;Habitat et du D\u00e9veloppement Urbain est charg\u00e9e de la supervision et de la coordination de toutes les \u00a0activit\u00e9s des Services D\u00e9partementaux.<\/p>\n<p>A ce titre, elle est charg\u00e9e :<\/p>\n<ul style=%22list-style-type: none;%22>\n<li><i class=%22fa-solid fa-play%22 style=%22color: #009400;%22><\/i> De la pr\u00e9paration des projets de budget et des programmes d&#8217;action de la D\u00e9l\u00e9gation D\u00e9partementale, ainsi que de la mise en \u0153uvre des op\u00e9rations retenues ;<\/li>\n<li><i class=%22fa-solid fa-play%22 style=%22color: #009400;%22><\/i> De la gestion des ressources humaines, financi\u00e8res et mat\u00e9rielles ;<\/li>\n<li><i class=%22fa-solid fa-play%22 style=%22color: #009400;%22><\/i> Du contr\u00f4le, du suivi et de l&#8217;\u00e9valuation des projets ex\u00e9cut\u00e9s dans le d\u00e9partement en mati\u00e8re d&#8217;habitat et de d\u00e9veloppement urbain ;<\/li>\n<li><i class=%22fa-solid fa-play%22 style=%22color: #009400;%22><\/i> De la collecte , de la centralisation et de l&#8217;exploitation des donn\u00e9es statistiques en mati\u00e8re d&#8217;habitat et de d\u00e9veloppement urbain ;<\/li>\n<li><i class=%22fa-solid fa-play%22 style=%22color: #009400;%22><\/i> Du contr\u00f4le de l&#8217;application des cahiers de charge relatifs aux lotissements ;<\/li>\n<li><i class=%22fa-solid fa-play%22 style=%22color: #009400;%22><\/i> De la coordination de l&#8217;ex\u00e9cution des \u00e9tudes de lotissements domaniaux et du visa technique des lotissements communaux et priv\u00e9s de\u00a0 leur ressort ;<\/li>\n<li><i class=%22fa-solid fa-play%22 style=%22color: #009400;%22><\/i> Du suivi du respect de l&#8217;application de la l\u00e9gislation et de la r\u00e9glementation en mati\u00e8re d&#8217;habitat et de d\u00e9veloppement urbain dans le D\u00e9partement ;<\/li>\n<li><i class=%22fa-solid fa-play%22 style=%22color: #009400;%22><\/i> De la ma\u00eetrise d&#8217;\u0153uvre des projets de construction, de r\u00e9habilitation\u00a0 et d&#8217;entretien des b\u00e2timents publics ;<\/li>\n<li><i class=%22fa-solid fa-play%22 style=%22color: #009400;%22><\/i> Du suivi des travaux des commissions consultatives de gestion de proc\u00e9dures de d\u00e9claration d&#8217;utilit\u00e9 publique ou \u00e0 la demande d&#8217;une administration ou\u00a0 d&#8217;un priv\u00e9 dans la zone de ressort ;<\/li>\n<li><i class=%22fa-solid fa-play%22 style=%22color: #009400;%22><\/i> De la participation \u00e0 l&#8217;\u00e9laboration, au suivi et \u00e0 l&#8217;\u00e9valuation des protocoles d&#8217;accords et des contrats de ville<\/li>\n<li><i class=%22fa-solid fa-play%22 style=%22color: #009400;%22><\/i> De la coordination de la\u00a0 mobilisation des partenaires autour des enjeux de la gouvernance urbaine et des projets de d\u00e9veloppement urbain ;<\/li>\n<li><i class=%22fa-solid fa-play%22 style=%22color: #009400;%22><\/i> Du suivi des travaux des commissions en charge de l&#8217;examen des dossiers de\u00a0 permis de construire, d&#8217;autorisation de lotir et de permis de d\u00e9molir en relation avec les communes concern\u00e9es ;<\/li>\n<li><i class=%22fa-solid fa-play%22 style=%22color: #009400;%22><\/i> De la coordination et du suivi des activit\u00e9s li\u00e9es \u00e0\u00a0 l&#8217;environnement social urbain ;<\/li>\n<li><i class=%22fa-solid fa-play%22 style=%22color: #009400;%22><\/i> Du suivi des \u00e9tudes de planification urbaine, ainsi que des op\u00e9rations d&#8217;am\u00e9nagement urbain ;<\/li>\n<li><i class=%22fa-solid fa-play%22 style=%22color: #009400;%22><\/i> De la coordination des activit\u00e9s des services d\u00e9partementaux ;<\/li>\n<li><i class=%22fa-solid fa-play%22 style=%22color: #009400;%22><\/i> De la\u00a0 pr\u00e9paration des projets de budget et des programmes d&#8217;action, ainsi que de la mise en \u0152uvre des op\u00e9rations retenues ;<\/li>\n<li><i class=%22fa-solid fa-play%22 style=%22color: #009400;%22><\/i> Du contr\u00f4le de l&#8217;ex\u00e9cution des programmes d&#8217;action ;<\/li>\n<li><i class=%22fa-solid fa-play%22 style=%22color: #009400;%22><\/i> Du contr\u00f4le technique des projets ex\u00e9cut\u00e9s dans le D\u00e9partement.<\/li>\n<\/ul>\n<p>Elle comprend :<\/p>\n<ul style=%22list-style-type: none;%22>\n<li><i class=%22fa-solid fa-diamond%22 style=%22color: #009400;%22><\/i> Le Service D\u00e9partemental des Op\u00e9rations Urbaines et du D\u00e9veloppement Social Urbain ;<\/li>\n<li><i class=%22fa-solid fa-diamond%22 style=%22color: #009400;%22><\/i> Le Service D\u00e9partemental de l&#8217;Urbanisme, de l&#8217;Habitat et du Partenariat Local ;<\/li>\n<li><i class=%22fa-solid fa-diamond%22 style=%22color: #009400;%22><\/i> Le Bureau du Courrier et des Archives ;<\/li>\n<li><i class=%22fa-solid fa-diamond%22 style=%22color: #009400;%22><\/i> Le Bureau des Affaires G\u00e9n\u00e9rales.<\/li>\n<\/ul>\n<p>&#8221; body_font_size_phone=&#8221;12px&#8221;]<\/p>\n<p style=\"text-align: left; font-size: 21px; color: #006400;\"><strong>D\u00e9l\u00e9gation R\u00e9gionale de l&#8217;Habitat et du D\u00e9veloppement Urbain<\/strong><\/p>\n<hr width=\"985 px\" size=\"5px\" color=\"#004c99\" style=\"margin-top: -10px; float: left;\" \/>\n<p>Plac\u00e9e sous l&#8217;autorit\u00e9 d&#8217;un D\u00e9l\u00e9gu\u00e9 R\u00e9gional, la D\u00e9l\u00e9gation R\u00e9gionale de l&#8217;Habitat et du D\u00e9veloppement Urbain est charg\u00e9e de la supervision et de la coordination de toutes les\u00a0 activit\u00e9s des Services r\u00e9gionaux et des D\u00e9l\u00e9gations d\u00e9partementales.<\/p>\n<p>A ce titre, elle est charg\u00e9e :<\/p>\n<ul style=\"list-style-type: none;\">\n<li><i class=\"fa-solid fa-play\" style=\"color: #009400;\"><\/i> De la coordination technique des activit\u00e9s du Minist\u00e8re dans la R\u00e9gion ;<\/li>\n<li><i class=\"fa-solid fa-play\" style=\"color: #009400;\"><\/i> De l&#8217;approbation, du suivi et de l&#8217;\u00e9laboration des programmes d&#8217;action des D\u00e9l\u00e9gations d\u00e9partementales ;<\/li>\n<li><i class=\"fa-solid fa-play\" style=\"color: #009400;\"><\/i> De l&#8217;\u00e9laboration du projet de programme d&#8217;action et du budget de la d\u00e9l\u00e9gation r\u00e9gionale ainsi que de la mise en \u0153uvre des op\u00e9rations retenues ;<\/li>\n<li><i class=\"fa-solid fa-play\" style=\"color: #009400;\"><\/i> De la gestion des ressources humaines, mat\u00e9rielles et financi\u00e8res ;<\/li>\n<li><i class=\"fa-solid fa-play\" style=\"color: #009400;\"><\/i> Du suivi et de l&#8217;\u00e9valuation des projets ex\u00e9cut\u00e9s dans la R\u00e9gion en mati\u00e8re d&#8217;habitat et de d\u00e9veloppement\u00a0 urbain ;<\/li>\n<li><i class=\"fa-solid fa-play\" style=\"color: #009400;\"><\/i> De la collecte et de la centralisation des donn\u00e9es statistiques en mati\u00e8re d&#8217;habitat et de d\u00e9veloppement urbain ;<\/li>\n<li><i class=\"fa-solid fa-play\" style=\"color: #009400;\"><\/i> Du contr\u00f4le de l&#8217;application des cahiers de charge relatifs aux lotissements en fonction de l&#8217;importance du projet ;<\/li>\n<li><i class=\"fa-solid fa-play\" style=\"color: #009400;\"><\/i> De la coordination de l&#8217;ex\u00e9cution des \u00e9tudes relatives aux lotissements domaniaux et de visa technique des lotissements communaux et priv\u00e9s en fonction de l&#8217;importance du projet ;<\/li>\n<li><i class=\"fa-solid fa-play\" style=\"color: #009400;\"><\/i> Du contr\u00f4le du respect de l&#8217;application de la l\u00e9gislation et de la r\u00e9glementation de l&#8217;habitat et du d\u00e9veloppement urbain dans la R\u00e9gion ;<\/li>\n<li><i class=\"fa-solid fa-play\" style=\"color: #009400;\"><\/i> Du suivi des \u00e9tudes de planification urbaine ainsi que des\u00a0 op\u00e9rations d&#8217;am\u00e9nagement en fonction de l&#8217;importance du projet ;<\/li>\n<li><i class=\"fa-solid fa-play\" style=\"color: #009400;\"><\/i> De la participation \u00e0 l&#8217;\u00e9laboration, au suivi et \u00e0 l&#8217;\u00e9valuation des protocoles d&#8217;accords et des contrats de ville ;<\/li>\n<li><i class=\"fa-solid fa-play\" style=\"color: #009400;\"><\/i> De la coordination de la mobilisation des partenaires autour des enjeux de la gouvernance urbaine et des projets de d\u00e9veloppement urbain dans la R\u00e9gion ;<\/li>\n<li><i class=\"fa-solid fa-play\" style=\"color: #009400;\"><\/i> De la coordination et du suivi des activit\u00e9s li\u00e9es \u00e0 l&#8217;environnement social urbain ;<\/li>\n<li><i class=\"fa-solid fa-play\" style=\"color: #009400;\"><\/i> De la coordination et du suivi des expertises immobili\u00e8res dans le cadre des proc\u00e9dures de d\u00e9claration d&#8217;utilit\u00e9\u00a0 publique ou \u00e0 la demande d&#8217;une administration publique ou d&#8217;un priv\u00e9 dans la zone de ressort ;<\/li>\n<li><i class=\"fa-solid fa-play\" style=\"color: #009400;\"><\/i> De la ma\u00eetrise d&#8217;\u0153uvre des projets de construction, de r\u00e9habilitation et d&#8217;entretien des b\u00e2timents publics ;<\/li>\n<li><i class=\"fa-solid fa-play\" style=\"color: #009400;\"><\/i> Du suivi des travaux des commissions en charge de l&#8217;examen des dossiers de permis de construire, d&#8217;autorisation de lotir et de permis de d\u00e9molir, en relation avec les communes concern\u00e9es et en fonction de l&#8217;importance du projet.<\/li>\n<\/ul>\n<p>Elle comprend :<\/p>\n<ul style=\"list-style-type: none;\">\n<li><i class=\"fa-solid fa-diamond\" style=\"color: #009400;\"><\/i> Le Service R\u00e9gional des Op\u00e9rations Urbaines ;<\/li>\n<li><i class=\"fa-solid fa-diamond\" style=\"color: #009400;\"><\/i> Le Service R\u00e9gional de l&#8217;Habitat et de l&#8217;Architecture ;<\/li>\n<li><i class=\"fa-solid fa-diamond\" style=\"color: #009400;\"><\/i> Le Service R\u00e9gional du Partenariat Local et de la Planification ;<\/li>\n<li><i class=\"fa-solid fa-diamond\" style=\"color: #009400;\"><\/i> Le Service R\u00e9gional du D\u00e9veloppement Social Urbain ;<\/li>\n<li><i class=\"fa-solid fa-diamond\" style=\"color: #009400;\"><\/i> Le Service Administratif\u00a0 et Financier.<\/li>\n<\/ul>\n<p>&nbsp;<\/p>\n<p style=\"text-align: left; font-size: 21px; color: #006400;\"><strong>D\u00e9l\u00e9gation D\u00e9partementale de l&#8217;Habitat et du D\u00e9veloppement Urbain<\/strong><\/p>\n<hr width=\"985 px\" size=\"5px\" color=\"#004c99\" style=\"margin-top: -10px; float: left;\" \/>\n<p>&nbsp;<\/p>\n<p>Plac\u00e9e sous l&#8217;autorit\u00e9 d&#8217;un D\u00e9l\u00e9gu\u00e9 D\u00e9partemental, la D\u00e9l\u00e9gation D\u00e9partementale de l&#8217;Habitat et du D\u00e9veloppement Urbain est charg\u00e9e de la supervision et de la coordination de toutes les \u00a0activit\u00e9s des Services D\u00e9partementaux.<\/p>\n<p>A ce titre, elle est charg\u00e9e :<\/p>\n<ul style=\"list-style-type: none;\">\n<li><i class=\"fa-solid fa-play\" style=\"color: #009400;\"><\/i> De la pr\u00e9paration des projets de budget et des programmes d&#8217;action de la D\u00e9l\u00e9gation D\u00e9partementale, ainsi que de la mise en \u0153uvre des op\u00e9rations retenues ;<\/li>\n<li><i class=\"fa-solid fa-play\" style=\"color: #009400;\"><\/i> De la gestion des ressources humaines, financi\u00e8res et mat\u00e9rielles ;<\/li>\n<li><i class=\"fa-solid fa-play\" style=\"color: #009400;\"><\/i> Du contr\u00f4le, du suivi et de l&#8217;\u00e9valuation des projets ex\u00e9cut\u00e9s dans le d\u00e9partement en mati\u00e8re d&#8217;habitat et de d\u00e9veloppement urbain ;<\/li>\n<li><i class=\"fa-solid fa-play\" style=\"color: #009400;\"><\/i> De la collecte , de la centralisation et de l&#8217;exploitation des donn\u00e9es statistiques en mati\u00e8re d&#8217;habitat et de d\u00e9veloppement urbain ;<\/li>\n<li><i class=\"fa-solid fa-play\" style=\"color: #009400;\"><\/i> Du contr\u00f4le de l&#8217;application des cahiers de charge relatifs aux lotissements ;<\/li>\n<li><i class=\"fa-solid fa-play\" style=\"color: #009400;\"><\/i> De la coordination de l&#8217;ex\u00e9cution des \u00e9tudes de lotissements domaniaux et du visa technique des lotissements communaux et priv\u00e9s de\u00a0 leur ressort ;<\/li>\n<li><i class=\"fa-solid fa-play\" style=\"color: #009400;\"><\/i> Du suivi du respect de l&#8217;application de la l\u00e9gislation et de la r\u00e9glementation en mati\u00e8re d&#8217;habitat et de d\u00e9veloppement urbain dans le D\u00e9partement ;<\/li>\n<li><i class=\"fa-solid fa-play\" style=\"color: #009400;\"><\/i> De la ma\u00eetrise d&#8217;\u0153uvre des projets de construction, de r\u00e9habilitation\u00a0 et d&#8217;entretien des b\u00e2timents publics ;<\/li>\n<li><i class=\"fa-solid fa-play\" style=\"color: #009400;\"><\/i> Du suivi des travaux des commissions consultatives de gestion de proc\u00e9dures de d\u00e9claration d&#8217;utilit\u00e9 publique ou \u00e0 la demande d&#8217;une administration ou\u00a0 d&#8217;un priv\u00e9 dans la zone de ressort ;<\/li>\n<li><i class=\"fa-solid fa-play\" style=\"color: #009400;\"><\/i> De la participation \u00e0 l&#8217;\u00e9laboration, au suivi et \u00e0 l&#8217;\u00e9valuation des protocoles d&#8217;accords et des contrats de ville<\/li>\n<li><i class=\"fa-solid fa-play\" style=\"color: #009400;\"><\/i> De la coordination de la\u00a0 mobilisation des partenaires autour des enjeux de la gouvernance urbaine et des projets de d\u00e9veloppement urbain ;<\/li>\n<li><i class=\"fa-solid fa-play\" style=\"color: #009400;\"><\/i> Du suivi des travaux des commissions en charge de l&#8217;examen des dossiers de\u00a0 permis de construire, d&#8217;autorisation de lotir et de permis de d\u00e9molir en relation avec les communes concern\u00e9es ;<\/li>\n<li><i class=\"fa-solid fa-play\" style=\"color: #009400;\"><\/i> De la coordination et du suivi des activit\u00e9s li\u00e9es \u00e0\u00a0 l&#8217;environnement social urbain ;<\/li>\n<li><i class=\"fa-solid fa-play\" style=\"color: #009400;\"><\/i> Du suivi des \u00e9tudes de planification urbaine, ainsi que des op\u00e9rations d&#8217;am\u00e9nagement urbain ;<\/li>\n<li><i class=\"fa-solid fa-play\" style=\"color: #009400;\"><\/i> De la coordination des activit\u00e9s des services d\u00e9partementaux ;<\/li>\n<li><i class=\"fa-solid fa-play\" style=\"color: #009400;\"><\/i> De la\u00a0 pr\u00e9paration des projets de budget et des programmes d&#8217;action, ainsi que de la mise en \u0152uvre des op\u00e9rations retenues ;<\/li>\n<li><i class=\"fa-solid fa-play\" style=\"color: #009400;\"><\/i> Du contr\u00f4le de l&#8217;ex\u00e9cution des programmes d&#8217;action ;<\/li>\n<li><i class=\"fa-solid fa-play\" style=\"color: #009400;\"><\/i> Du contr\u00f4le technique des projets ex\u00e9cut\u00e9s dans le D\u00e9partement.<\/li>\n<\/ul>\n<p>Elle comprend :<\/p>\n<ul style=\"list-style-type: none;\">\n<li><i class=\"fa-solid fa-diamond\" style=\"color: #009400;\"><\/i> Le Service D\u00e9partemental des Op\u00e9rations Urbaines et du D\u00e9veloppement Social Urbain ;<\/li>\n<li><i class=\"fa-solid fa-diamond\" style=\"color: #009400;\"><\/i> Le Service D\u00e9partemental de l&#8217;Urbanisme, de l&#8217;Habitat et du Partenariat Local ;<\/li>\n<li><i class=\"fa-solid fa-diamond\" style=\"color: #009400;\"><\/i> Le Bureau du Courrier et des Archives ;<\/li>\n<li><i class=\"fa-solid fa-diamond\" style=\"color: #009400;\"><\/i> Le Bureau des Affaires G\u00e9n\u00e9rales.<\/li>\n<\/ul>\n<p>[\/et_pb_tab][et_pb_tab title=&#8221;Liste des structures d\u00e9concentr\u00e9es&#8221; _builder_version=&#8221;4.17.6&#8243; _module_preset=&#8221;default&#8221; body_font=&#8221;|600|||||||&#8221; body_text_color=&#8221;#000000&#8243; tab_font=&#8221;|600|||||||&#8221; tab_text_color=&#8221;#004c99&#8243; custom_padding=&#8221;35px||35px||true|false&#8221; hover_enabled=&#8221;0&#8243; global_colors_info=&#8221;{}&#8221; sticky_enabled=&#8221;0&#8243;]<\/p>\n<p>[et_pb_section global_module=\"4289\"][\/et_pb_section][et_pb_section global_module=\"4291\"][\/et_pb_section][et_pb_section global_module=\"4292\"][\/et_pb_section][et_pb_section global_module=\"4293\"][\/et_pb_section][et_pb_section global_module=\"4294\"][\/et_pb_section][et_pb_section global_module=\"4295\"][\/et_pb_section][et_pb_section global_module=\"4297\"][\/et_pb_section][et_pb_section global_module=\"4298\"][\/et_pb_section][et_pb_section global_module=\"4299\"][\/et_pb_section][et_pb_section global_module=\"4301\"][\/et_pb_section]<\/p>\n<p>[\/et_pb_tab][\/et_pb_tabs][\/et_pb_column][\/et_pb_row][et_pb_row _builder_version=&#8221;4.17.4&#8243; _module_preset=&#8221;default&#8221; custom_css_main_element=&#8221;display: none;&#8221; global_colors_info=&#8221;{}&#8221;][et_pb_column type=&#8221;4_4&#8243; _builder_version=&#8221;4.17.4&#8243; _module_preset=&#8221;default&#8221; global_colors_info=&#8221;{}&#8221;][et_pb_toggle title=&#8221;Adamaoua&#8221; open_toggle_text_color=&#8221;#006400&#8243; open_toggle_background_color=&#8221;#FFFFFF&#8221; closed_toggle_background_color=&#8221;#FFFFFF&#8221; icon_color=&#8221;#006400&#8243; toggle_icon=&#8221;&#xe04c;||divi||400&#8243; open_icon_color=&#8221;#006400&#8243; open_toggle_icon=&#8221;&#x46;||divi||400&#8243; _builder_version=&#8221;4.17.4&#8243; _module_preset=&#8221;default&#8221; title_text_color=&#8221;#006400&#8243; title_level=&#8221;h4&#8243; title_font=&#8221;|700||on|||||&#8221; title_text_align=&#8221;left&#8221; title_letter_spacing=&#8221;2px&#8221; body_font=&#8221;|600|||||||&#8221; body_text_align=&#8221;left&#8221; body_text_color=&#8221;#000000&#8243; text_orientation=&#8221;left&#8221; custom_padding=&#8221;||0px||false|false&#8221; body_font_size_tablet=&#8221;&#8221; body_font_size_phone=&#8221;&#8221; body_font_size_last_edited=&#8221;on|desktop&#8221; body_line_height_tablet=&#8221;&#8221; body_line_height_phone=&#8221;1.7em&#8221; body_line_height_last_edited=&#8221;on|phone&#8221; custom_css_main_element=&#8221;border : 1px solid darkgray !important;||border-radius : 6px !important;&#8221; custom_css_toggle_title=&#8221;border : 1px solid darkgray !important;||border-radius : 5px;||padding : 15px !important;||margin-left : -20px !important;||margin-top : -20px !important;||width: 103.8% !important;||background-color : #e5e5e5;&#8221; custom_css_toggle_icon=&#8221;margin-right : 18px !important;&#8221; custom_css_toggle_content=&#8221;margin-bottom : 20px;&#8221; border_radii=&#8221;off||||&#8221; border_color_bottom=&#8221;#FFFFFF&#8221; global_colors_info=&#8221;{}&#8221; custom_css_toggle_title_tablet=&#8221;border : 1px solid darkgray !important;||border-radius : 5px;||padding : 15px !important;||margin-left : -20px !important;||margin-top : -20px !important;||width: 107% !important;||background-color : #e5e5e5;&#8221; custom_css_toggle_title_phone=&#8221;border : 1px solid darkgray !important;||border-radius : 5px;||padding : 15px !important;||margin-left : -20px !important;||margin-top : -20px !important;||width: 114.5% !important;||background-color : #e5e5e5;&#8221; custom_css_toggle_title_last_edited=&#8221;on|tablet&#8221; custom_css_toggle_icon_tablet=&#8221;margin-right : 18px !important;&#8221; custom_css_toggle_icon_phone=&#8221;margin-right : 7px !important;&#8221; custom_css_toggle_icon_last_edited=&#8221;on|phone&#8221;]<\/p>\n\n<table id=\"tablepress-39\" class=\"tablepress tablepress-id-39\">\n<thead>\n<tr class=\"row-1\">\n\t<th class=\"column-1\">D\u00e9l\u00e9gations<\/th><th class=\"column-2\">Nom du Responsable<\/th><th class=\"column-3\">T\u00e9l\u00e9phone<\/th>\n<\/tr>\n<\/thead>\n<tbody class=\"row-hover\">\n<tr class=\"row-2\">\n\t<td class=\"column-1\">R\u00e9gionale de l'Adamaoua (Ngaound\u00e9r\u00e9)<\/td><td class=\"column-2\">M. POTTO Alain<\/td><td class=\"column-3\">222 25 17 81<br \/>\n<\/td>\n<\/tr>\n<tr class=\"row-3\">\n\t<td class=\"column-1\">D\u00e9partementale du Dj\u00e9rem (Tibati)<\/td><td class=\"column-2\">M. MANDO Serge<\/td><td class=\"column-3\">222 19 62 94<\/td>\n<\/tr>\n<tr class=\"row-4\">\n\t<td class=\"column-1\">D\u00e9partementale du Faro-et-D\u00e9o (Tign\u00e8re)<\/td><td class=\"column-2\">M. MOHAMADOU SANI<\/td><td class=\"column-3\">222 65 57 80<\/td>\n<\/tr>\n<tr class=\"row-5\">\n\t<td class=\"column-1\">D\u00e9partementale du Mayo-Banyo (Banyo)<\/td><td class=\"column-2\">M. FANKAM TOGUE Janvier Nic\u00e9phore<\/td><td class=\"column-3\">222 19 65 11<\/td>\n<\/tr>\n<tr class=\"row-6\">\n\t<td class=\"column-1\">D\u00e9partementale du Mb\u00e9r\u00e9 (Meiganga)<\/td><td class=\"column-2\">M. OUMAROU Paul<\/td><td class=\"column-3\">242 26 12 12<\/td>\n<\/tr>\n<tr class=\"row-7\">\n\t<td class=\"column-1\">D\u00e9partementale de la Vina (Ngaound\u00e9r\u00e9)<\/td><td class=\"column-2\">M. DIFFO KENE Herv\u00e9 Carlos<\/td><td class=\"column-3\">242 25 17 81<\/td>\n<\/tr>\n<\/tbody>\n<\/table>\n<!-- #tablepress-39 from cache -->\n<p>[\/et_pb_toggle][et_pb_toggle title=&#8221;Centre&#8221; open_toggle_text_color=&#8221;#006400&#8243; open_toggle_background_color=&#8221;#FFFFFF&#8221; closed_toggle_background_color=&#8221;#FFFFFF&#8221; icon_color=&#8221;#006400&#8243; toggle_icon=&#8221;&#xe04c;||divi||400&#8243; open_icon_color=&#8221;#006400&#8243; open_toggle_icon=&#8221;&#x46;||divi||400&#8243; _builder_version=&#8221;4.17.4&#8243; _module_preset=&#8221;default&#8221; title_text_color=&#8221;#006400&#8243; title_level=&#8221;h4&#8243; title_font=&#8221;|700||on|||||&#8221; title_text_align=&#8221;left&#8221; title_letter_spacing=&#8221;2px&#8221; body_font=&#8221;|600|||||||&#8221; body_text_align=&#8221;left&#8221; body_text_color=&#8221;#000000&#8243; text_orientation=&#8221;left&#8221; custom_margin=&#8221;-12px||||false|false&#8221; custom_padding=&#8221;||0px||false|false&#8221; body_font_size_tablet=&#8221;&#8221; body_font_size_phone=&#8221;&#8221; body_font_size_last_edited=&#8221;on|desktop&#8221; body_line_height_tablet=&#8221;&#8221; body_line_height_phone=&#8221;1.7em&#8221; body_line_height_last_edited=&#8221;on|phone&#8221; custom_css_main_element=&#8221;border : 1px solid darkgray !important;||border-radius : 6px !important;&#8221; custom_css_toggle_title=&#8221;border : 1px solid darkgray !important;||border-radius : 5px;||padding : 15px !important;||margin-left : -20px !important;||margin-top : -20px !important;||width: 103.8% !important;||background-color : #e5e5e5;&#8221; custom_css_toggle_icon=&#8221;margin-right : 18px !important;&#8221; custom_css_toggle_content=&#8221;margin-bottom : 20px;&#8221; border_radii=&#8221;off||||&#8221; border_color_bottom=&#8221;#FFFFFF&#8221; global_colors_info=&#8221;{}&#8221; custom_css_toggle_title_tablet=&#8221;border : 1px solid darkgray !important;||border-radius : 5px;||padding : 15px !important;||margin-left : -20px !important;||margin-top : -20px !important;||width: 107% !important;||background-color : #e5e5e5;&#8221; custom_css_toggle_title_phone=&#8221;border : 1px solid darkgray !important;||border-radius : 5px;||padding : 15px !important;||margin-left : -20px !important;||margin-top : -20px !important;||width: 114.5% !important;||background-color : #e5e5e5;&#8221; custom_css_toggle_title_last_edited=&#8221;on|tablet&#8221; custom_css_toggle_icon_tablet=&#8221;margin-right : 18px !important;&#8221; custom_css_toggle_icon_phone=&#8221;margin-right : 7px !important;&#8221; custom_css_toggle_icon_last_edited=&#8221;on|phone&#8221;]<\/p>\n\n<table id=\"tablepress-34\" class=\"tablepress tablepress-id-34\">\n<thead>\n<tr class=\"row-1\">\n\t<th class=\"column-1\">D\u00e9l\u00e9gations<\/th><th class=\"column-2\">Nom du Responsable<\/th><th class=\"column-3\">T\u00e9l\u00e9phone<\/th>\n<\/tr>\n<\/thead>\n<tbody class=\"row-hover\">\n<tr class=\"row-2\">\n\t<td class=\"column-1\">R\u00e9gionale du centre (Yaound\u00e9)<\/td><td class=\"column-2\">M. SAMBA MBOL Martin Paul<\/td><td class=\"column-3\">222 22 85 79<\/td>\n<\/tr>\n<tr class=\"row-3\">\n\t<td class=\"column-1\">D\u00e9partementale du Mfoundi (Yaound\u00e9)<\/td><td class=\"column-2\">M. NGOUNGA MOUCHILI AMADOU<\/td><td class=\"column-3\"><\/td>\n<\/tr>\n<tr class=\"row-4\">\n\t<td class=\"column-1\">D\u00e9partementale du M\u00e9fou-et-Afamba (Mfou)<\/td><td class=\"column-2\">Mme SADO, Epse DJEULEFACK<\/td><td class=\"column-3\"><\/td>\n<\/tr>\n<tr class=\"row-5\">\n\t<td class=\"column-1\">D\u00e9partementale du <br \/>\n M\u00e9fou-et-Akono (Ngoumou)<\/td><td class=\"column-2\">Mme NGA Anne Marie No\u00eblle, Epse BENGONO KONO<\/td><td class=\"column-3\"><\/td>\n<\/tr>\n<tr class=\"row-6\">\n\t<td class=\"column-1\">D\u00e9partementale du  Leki\u00e9 (Monatele)<\/td><td class=\"column-2\">M. DAMANE RACFAMINE<\/td><td class=\"column-3\"><\/td>\n<\/tr>\n<tr class=\"row-7\">\n\t<td class=\"column-1\">D\u00e9partementale de la <br \/>\n Haute sanaga(Nanga-Eboko)<\/td><td class=\"column-2\">M. KAMTO TOUKAM Innocent<\/td><td class=\"column-3\"><\/td>\n<\/tr>\n<tr class=\"row-8\">\n\t<td class=\"column-1\">D\u00e9partementale du Mbam-et-Inoubou (Bafia)<\/td><td class=\"column-2\">M. NGUIDJOL Fernand<\/td><td class=\"column-3\"><\/td>\n<\/tr>\n<tr class=\"row-9\">\n\t<td class=\"column-1\">D\u00e9partementale du Nyong-et-Kell\u00e9 (\u00c9s\u00e9ka)<\/td><td class=\"column-2\">M. MIASSE BEKOLO Jules Crepin<\/td><td class=\"column-3\"><\/td>\n<\/tr>\n<tr class=\"row-10\">\n\t<td class=\"column-1\">D\u00e9partementale du Nyong-et-Mfoumou (Akonolinga)<\/td><td class=\"column-2\">M. MVONDO Yves Martial<\/td><td class=\"column-3\"><\/td>\n<\/tr>\n<tr class=\"row-11\">\n\t<td class=\"column-1\">D\u00e9partementale du Nyong-et-So'o (Mbalmayo)<\/td><td class=\"column-2\">M. NANFACK Pierre<\/td><td class=\"column-3\"><\/td>\n<\/tr>\n<tr class=\"row-12\">\n\t<td class=\"column-1\">D\u00e9partementale du Mbam-et-Kim (Ntui)<\/td><td class=\"column-2\">M. NGUETSOL Edgard<\/td><td class=\"column-3\"><\/td>\n<\/tr>\n<\/tbody>\n<\/table>\n<!-- #tablepress-34 from cache -->\n<p>[\/et_pb_toggle][et_pb_toggle title=&#8221;Est&#8221; open_toggle_text_color=&#8221;#006400&#8243; open_toggle_background_color=&#8221;#FFFFFF&#8221; closed_toggle_background_color=&#8221;#FFFFFF&#8221; icon_color=&#8221;#006400&#8243; toggle_icon=&#8221;&#xe04c;||divi||400&#8243; open_icon_color=&#8221;#006400&#8243; open_toggle_icon=&#8221;&#x46;||divi||400&#8243; _builder_version=&#8221;4.17.4&#8243; _module_preset=&#8221;default&#8221; title_text_color=&#8221;#006400&#8243; title_level=&#8221;h4&#8243; title_font=&#8221;|700||on|||||&#8221; title_text_align=&#8221;left&#8221; title_letter_spacing=&#8221;2px&#8221; body_font=&#8221;|600|||||||&#8221; body_text_align=&#8221;left&#8221; body_text_color=&#8221;#000000&#8243; text_orientation=&#8221;left&#8221; custom_margin=&#8221;-12px||||false|false&#8221; custom_padding=&#8221;||0px||false|false&#8221; body_font_size_tablet=&#8221;&#8221; body_font_size_phone=&#8221;&#8221; body_font_size_last_edited=&#8221;on|desktop&#8221; body_line_height_tablet=&#8221;&#8221; body_line_height_phone=&#8221;1.7em&#8221; body_line_height_last_edited=&#8221;on|phone&#8221; custom_css_main_element=&#8221;border : 1px solid darkgray !important;||border-radius : 6px !important;&#8221; custom_css_toggle_title=&#8221;border : 1px solid darkgray !important;||border-radius : 5px;||padding : 15px !important;||margin-left : -20px !important;||margin-top : -20px !important;||width: 103.8% !important;||background-color : #e5e5e5;&#8221; custom_css_toggle_icon=&#8221;margin-right : 18px !important;&#8221; custom_css_toggle_content=&#8221;margin-bottom : 20px;&#8221; border_radii=&#8221;off||||&#8221; border_color_bottom=&#8221;#FFFFFF&#8221; global_colors_info=&#8221;{}&#8221; custom_css_toggle_title_tablet=&#8221;border : 1px solid darkgray !important;||border-radius : 5px;||padding : 15px !important;||margin-left : -20px !important;||margin-top : -20px !important;||width: 107% !important;||background-color : #e5e5e5;&#8221; custom_css_toggle_title_phone=&#8221;border : 1px solid darkgray !important;||border-radius : 5px;||padding : 15px !important;||margin-left : -20px !important;||margin-top : -20px !important;||width: 114.5% !important;||background-color : #e5e5e5;&#8221; custom_css_toggle_title_last_edited=&#8221;on|tablet&#8221; custom_css_toggle_icon_tablet=&#8221;margin-right : 18px !important;&#8221; custom_css_toggle_icon_phone=&#8221;margin-right : 7px !important;&#8221; custom_css_toggle_icon_last_edited=&#8221;on|phone&#8221;]<\/p>\n\n<table id=\"tablepress-42\" class=\"tablepress tablepress-id-42\">\n<thead>\n<tr class=\"row-1\">\n\t<th class=\"column-1\">D\u00e9l\u00e9gations<\/th><th class=\"column-2\">Nom du Responsable<\/th><th class=\"column-3\">T\u00e9l\u00e9phone<\/th>\n<\/tr>\n<\/thead>\n<tbody class=\"row-hover\">\n<tr class=\"row-2\">\n\t<td class=\"column-1\">R\u00e9gionale de l'Est (Bertoua)<\/td><td class=\"column-2\">M. MENGUE anatole<\/td><td class=\"column-3\"><\/td>\n<\/tr>\n<tr class=\"row-3\">\n\t<td class=\"column-1\">D\u00e9partementale du Boumba-et-Ngoko (Yokadouma)<\/td><td class=\"column-2\">M. MISSOUP YENGANEMOUL Gael<\/td><td class=\"column-3\"><\/td>\n<\/tr>\n<tr class=\"row-4\">\n\t<td class=\"column-1\">D\u00e9partementale du Haut-Nyong (Abong-Mbang)<\/td><td class=\"column-2\">M. BIDJANGA BIDJANGA Alain<\/td><td class=\"column-3\">222 07 96 27<\/td>\n<\/tr>\n<tr class=\"row-5\">\n\t<td class=\"column-1\">D\u00e9partementale de la Kadey (Batouri)<\/td><td class=\"column-2\">Mme NGOUOT Marthe Liliane<\/td><td class=\"column-3\">222 26 24 31<\/td>\n<\/tr>\n<tr class=\"row-6\">\n\t<td class=\"column-1\">D\u00e9partementale du Lom-et-Dj\u00e9rem (Bertoua)<\/td><td class=\"column-2\">M. MOHAMAN BELLO<\/td><td class=\"column-3\"><\/td>\n<\/tr>\n<\/tbody>\n<\/table>\n<!-- #tablepress-42 from cache -->\n<p>[\/et_pb_toggle][et_pb_toggle title=&#8221;Extr\u00eame-nord&#8221; open_toggle_text_color=&#8221;#006400&#8243; open_toggle_background_color=&#8221;#FFFFFF&#8221; closed_toggle_background_color=&#8221;#FFFFFF&#8221; icon_color=&#8221;#006400&#8243; toggle_icon=&#8221;&#xe04c;||divi||400&#8243; open_icon_color=&#8221;#006400&#8243; open_toggle_icon=&#8221;&#x46;||divi||400&#8243; _builder_version=&#8221;4.17.4&#8243; _module_preset=&#8221;default&#8221; title_text_color=&#8221;#006400&#8243; title_level=&#8221;h4&#8243; title_font=&#8221;|700||on|||||&#8221; title_text_align=&#8221;left&#8221; title_letter_spacing=&#8221;2px&#8221; body_font=&#8221;|600|||||||&#8221; body_text_align=&#8221;left&#8221; body_text_color=&#8221;#000000&#8243; text_orientation=&#8221;left&#8221; custom_margin=&#8221;-12px||||false|false&#8221; custom_padding=&#8221;||0px||false|false&#8221; body_font_size_tablet=&#8221;&#8221; body_font_size_phone=&#8221;&#8221; body_font_size_last_edited=&#8221;on|desktop&#8221; body_line_height_tablet=&#8221;&#8221; body_line_height_phone=&#8221;1.7em&#8221; body_line_height_last_edited=&#8221;on|phone&#8221; custom_css_main_element=&#8221;border : 1px solid darkgray !important;||border-radius : 6px !important;&#8221; custom_css_toggle_title=&#8221;border : 1px solid darkgray !important;||border-radius : 5px;||padding : 15px !important;||margin-left : -20px !important;||margin-top : -20px !important;||width: 103.8% !important;||background-color : #e5e5e5;&#8221; custom_css_toggle_icon=&#8221;margin-right : 18px !important;&#8221; custom_css_toggle_content=&#8221;margin-bottom : 20px;&#8221; border_radii=&#8221;off||||&#8221; border_color_bottom=&#8221;#FFFFFF&#8221; global_colors_info=&#8221;{}&#8221; custom_css_toggle_title_tablet=&#8221;border : 1px solid darkgray !important;||border-radius : 5px;||padding : 15px !important;||margin-left : -20px !important;||margin-top : -20px !important;||width: 107% !important;||background-color : #e5e5e5;&#8221; custom_css_toggle_title_phone=&#8221;border : 1px solid darkgray !important;||border-radius : 5px;||padding : 15px !important;||margin-left : -20px !important;||margin-top : -20px !important;||width: 114.5% !important;||background-color : #e5e5e5;&#8221; custom_css_toggle_title_last_edited=&#8221;on|tablet&#8221; custom_css_toggle_icon_tablet=&#8221;margin-right : 18px !important;&#8221; custom_css_toggle_icon_phone=&#8221;margin-right : 7px !important;&#8221; custom_css_toggle_icon_last_edited=&#8221;on|phone&#8221;]<\/p>\n\n<table id=\"tablepress-43\" class=\"tablepress tablepress-id-43\">\n<thead>\n<tr class=\"row-1 odd\">\n\t<th class=\"column-1\">STRUCTURE<\/th><th class=\"column-2\">NOM DU RESPONSABLE<\/th><th class=\"column-3\">TELEPHONE<\/th>\n<\/tr>\n<\/thead>\n<tbody class=\"row-hover\">\n<tr class=\"row-2 even\">\n\t<td class=\"column-1\"> D\u00e9l\u00e9gation r\u00e9gionale de l'Extreme Nord (Maroua)<\/td><td class=\"column-2\">M. Pierre MAJILA<\/td><td class=\"column-3\">222 29 13 30<br \/>\n<br \/>\n<\/td>\n<\/tr>\n<tr class=\"row-3 odd\">\n\t<td class=\"column-1\">D\u00e9l\u00e9gation d\u00e9partementale du Diamar\u00e9 (Maroua)<\/td><td class=\"column-2\">M. ABALI Eli<\/td><td class=\"column-3\"><\/td>\n<\/tr>\n<tr class=\"row-4 even\">\n\t<td class=\"column-1\">D\u00e9l\u00e9gation d\u00e9partementale du Logone-et-Chari (Kouss\u00e9ri)<\/td><td class=\"column-2\">M. OUMATE<\/td><td class=\"column-3\"><\/td>\n<\/tr>\n<tr class=\"row-5 odd\">\n\t<td class=\"column-1\">D\u00e9l\u00e9gation d\u00e9partementale du Mayo-Danay (Yagoua)<\/td><td class=\"column-2\">M. NGOMNA Jean Ren\u00e9<\/td><td class=\"column-3\"><\/td>\n<\/tr>\n<tr class=\"row-6 even\">\n\t<td class=\"column-1\">D\u00e9l\u00e9gation d\u00e9partementale du Mayo-Kani ( Ka\u00e9l\u00e9)<\/td><td class=\"column-2\">M. HONNESSE ADAMOU<\/td><td class=\"column-3\"><\/td>\n<\/tr>\n<tr class=\"row-7 odd\">\n\t<td class=\"column-1\">D\u00e9l\u00e9gation d\u00e9partementale du Mayo-Sava (Mora)<\/td><td class=\"column-2\">M. DJA-AFFARE<\/td><td class=\"column-3\"><\/td>\n<\/tr>\n<tr class=\"row-8 even\">\n\t<td class=\"column-1\">D\u00e9l\u00e9gation d\u00e9partementale du Mayo-Tsanaga (Mokolo)<\/td><td class=\"column-2\">M. MANA<\/td><td class=\"column-3\"><\/td>\n<\/tr>\n<\/tbody>\n<\/table>\n<!-- #tablepress-43 from cache -->\n<p>[\/et_pb_toggle][et_pb_toggle title=&#8221;Littoral&#8221; open_toggle_text_color=&#8221;#006400&#8243; open_toggle_background_color=&#8221;#FFFFFF&#8221; closed_toggle_background_color=&#8221;#FFFFFF&#8221; icon_color=&#8221;#006400&#8243; toggle_icon=&#8221;&#xe04c;||divi||400&#8243; open_icon_color=&#8221;#006400&#8243; open_toggle_icon=&#8221;&#x46;||divi||400&#8243; _builder_version=&#8221;4.17.4&#8243; _module_preset=&#8221;default&#8221; title_text_color=&#8221;#006400&#8243; title_level=&#8221;h4&#8243; title_font=&#8221;|700||on|||||&#8221; title_text_align=&#8221;left&#8221; title_letter_spacing=&#8221;2px&#8221; body_font=&#8221;|600|||||||&#8221; body_text_align=&#8221;left&#8221; body_text_color=&#8221;#000000&#8243; text_orientation=&#8221;left&#8221; custom_margin=&#8221;-12px||||false|false&#8221; custom_padding=&#8221;||0px||false|false&#8221; body_font_size_tablet=&#8221;&#8221; body_font_size_phone=&#8221;&#8221; body_font_size_last_edited=&#8221;on|desktop&#8221; body_line_height_tablet=&#8221;&#8221; body_line_height_phone=&#8221;1.7em&#8221; body_line_height_last_edited=&#8221;on|phone&#8221; custom_css_main_element=&#8221;border : 1px solid darkgray !important;||border-radius : 6px !important;&#8221; custom_css_toggle_title=&#8221;border : 1px solid darkgray !important;||border-radius : 5px;||padding : 15px !important;||margin-left : -20px !important;||margin-top : -20px !important;||width: 103.8% !important;||background-color : #e5e5e5;&#8221; custom_css_toggle_icon=&#8221;margin-right : 18px !important;&#8221; custom_css_toggle_content=&#8221;margin-bottom : 20px;&#8221; border_radii=&#8221;off||||&#8221; border_color_bottom=&#8221;#FFFFFF&#8221; global_colors_info=&#8221;{}&#8221; custom_css_toggle_title_tablet=&#8221;border : 1px solid darkgray !important;||border-radius : 5px;||padding : 15px !important;||margin-left : -20px !important;||margin-top : -20px !important;||width: 107% !important;||background-color : #e5e5e5;&#8221; custom_css_toggle_title_phone=&#8221;border : 1px solid darkgray !important;||border-radius : 5px;||padding : 15px !important;||margin-left : -20px !important;||margin-top : -20px !important;||width: 114.5% !important;||background-color : #e5e5e5;&#8221; custom_css_toggle_title_last_edited=&#8221;on|tablet&#8221; custom_css_toggle_icon_tablet=&#8221;margin-right : 18px !important;&#8221; custom_css_toggle_icon_phone=&#8221;margin-right : 7px !important;&#8221; custom_css_toggle_icon_last_edited=&#8221;on|phone&#8221;]<\/p>\n\n<table id=\"tablepress-35\" class=\"tablepress tablepress-id-35\">\n<thead>\n<tr class=\"row-1\">\n\t<th class=\"column-1\">D\u00e9l\u00e9gations<\/th><th class=\"column-2\">Nom du Responsable<\/th><th class=\"column-3\">T\u00e9l\u00e9phone<\/th>\n<\/tr>\n<\/thead>\n<tbody class=\"row-hover\">\n<tr class=\"row-2\">\n\t<td class=\"column-1\">R\u00e9gionale du Littoral (Douala)<\/td><td class=\"column-2\">M. BIAKEU Patrice<\/td><td class=\"column-3\">233 42 48 20<br \/>\n233 42 39 89<br \/>\nFax: 233 42 37 26<\/td>\n<\/tr>\n<tr class=\"row-3\">\n\t<td class=\"column-1\">D\u00e9partementale du Moungo (Nkongsamba)<\/td><td class=\"column-2\">M. NJAYOU SEUMEN NGANSEUM Palliather<\/td><td class=\"column-3\"><\/td>\n<\/tr>\n<tr class=\"row-4\">\n\t<td class=\"column-1\">D\u00e9partementale du Nkam (Yabassi)<\/td><td class=\"column-2\">M. BILONG MBOM Andr\u00e9 St\u00e9phane<\/td><td class=\"column-3\">233 46 31 73<\/td>\n<\/tr>\n<tr class=\"row-5\">\n\t<td class=\"column-1\">D\u00e9partementale de la  Sanaga-Maritime (\u00c9d\u00e9a)<\/td><td class=\"column-2\">M. EKOUEDJOM ESSOUMAN Jacques<\/td><td class=\"column-3\">233 45 46 30<\/td>\n<\/tr>\n<tr class=\"row-6\">\n\t<td class=\"column-1\">D\u00e9partementale du Wouri (Douala)<\/td><td class=\"column-2\">M. KOUNDA KOUNDA Patrice Armel<\/td><td class=\"column-3\">233 42 41 05<\/td>\n<\/tr>\n<\/tbody>\n<\/table>\n<!-- #tablepress-35 from cache -->\n<p>[\/et_pb_toggle][et_pb_toggle title=&#8221;Nord&#8221; open_toggle_text_color=&#8221;#006400&#8243; open_toggle_background_color=&#8221;#FFFFFF&#8221; closed_toggle_background_color=&#8221;#FFFFFF&#8221; icon_color=&#8221;#006400&#8243; toggle_icon=&#8221;&#xe04c;||divi||400&#8243; open_icon_color=&#8221;#006400&#8243; open_toggle_icon=&#8221;&#x46;||divi||400&#8243; _builder_version=&#8221;4.17.4&#8243; _module_preset=&#8221;default&#8221; title_text_color=&#8221;#006400&#8243; title_level=&#8221;h4&#8243; title_font=&#8221;|700||on|||||&#8221; title_text_align=&#8221;left&#8221; title_letter_spacing=&#8221;2px&#8221; body_font=&#8221;|600|||||||&#8221; body_text_align=&#8221;left&#8221; body_text_color=&#8221;#000000&#8243; text_orientation=&#8221;left&#8221; custom_margin=&#8221;-12px||||false|false&#8221; custom_padding=&#8221;||0px||false|false&#8221; body_font_size_tablet=&#8221;&#8221; body_font_size_phone=&#8221;&#8221; body_font_size_last_edited=&#8221;on|desktop&#8221; body_line_height_tablet=&#8221;&#8221; body_line_height_phone=&#8221;1.7em&#8221; body_line_height_last_edited=&#8221;on|phone&#8221; custom_css_main_element=&#8221;border : 1px solid darkgray !important;||border-radius : 6px !important;&#8221; custom_css_toggle_title=&#8221;border : 1px solid darkgray !important;||border-radius : 5px;||padding : 15px !important;||margin-left : -20px !important;||margin-top : -20px !important;||width: 103.8% !important;||background-color : #e5e5e5;&#8221; custom_css_toggle_icon=&#8221;margin-right : 18px !important;&#8221; custom_css_toggle_content=&#8221;margin-bottom : 20px;&#8221; border_radii=&#8221;off||||&#8221; border_color_bottom=&#8221;#FFFFFF&#8221; global_colors_info=&#8221;{}&#8221; custom_css_toggle_title_tablet=&#8221;border : 1px solid darkgray !important;||border-radius : 5px;||padding : 15px !important;||margin-left : -20px !important;||margin-top : -20px !important;||width: 107% !important;||background-color : #e5e5e5;&#8221; custom_css_toggle_title_phone=&#8221;border : 1px solid darkgray !important;||border-radius : 5px;||padding : 15px !important;||margin-left : -20px !important;||margin-top : -20px !important;||width: 114.5% !important;||background-color : #e5e5e5;&#8221; custom_css_toggle_title_last_edited=&#8221;on|tablet&#8221; custom_css_toggle_icon_tablet=&#8221;margin-right : 18px !important;&#8221; custom_css_toggle_icon_phone=&#8221;margin-right : 7px !important;&#8221; custom_css_toggle_icon_last_edited=&#8221;on|phone&#8221;]<\/p>\n\n<table id=\"tablepress-38\" class=\"tablepress tablepress-id-38\">\n<thead>\n<tr class=\"row-1\">\n\t<th class=\"column-1\">D\u00e9l\u00e9gations<\/th><th class=\"column-2\">Nom du Responsable<\/th><th class=\"column-3\">T\u00e9l\u00e9phone<\/th>\n<\/tr>\n<\/thead>\n<tbody class=\"row-hover\">\n<tr class=\"row-2\">\n\t<td class=\"column-1\">R\u00e9gionale du Nord ( Garoua)<\/td><td class=\"column-2\">M. BOUBAKARI TOUMBA<\/td><td class=\"column-3\">222 27 10 66<br \/>\nFax: 222 27 14 84 <\/td>\n<\/tr>\n<tr class=\"row-3\">\n\t<td class=\"column-1\">D\u00e9partementale de la B\u00e9nou\u00e9 (Garoua)<\/td><td class=\"column-2\">M. LINGWI Samuel<\/td><td class=\"column-3\"> <\/td>\n<\/tr>\n<tr class=\"row-4\">\n\t<td class=\"column-1\">D\u00e9partementale du Faro (Poli)<\/td><td class=\"column-2\">M. MVOGO Achille Blaise<\/td><td class=\"column-3\"><\/td>\n<\/tr>\n<tr class=\"row-5\">\n\t<td class=\"column-1\">D\u00e9partementale du Mayo-Louti (Guider)<\/td><td class=\"column-2\">M. BOUBAKARI TOUMBA<\/td><td class=\"column-3\"><\/td>\n<\/tr>\n<tr class=\"row-6\">\n\t<td class=\"column-1\">D\u00e9partementale du Mayo-Rey (Tchollir\u00e9)<\/td><td class=\"column-2\">M. SALI AMADOU<\/td><td class=\"column-3\"><\/td>\n<\/tr>\n<\/tbody>\n<\/table>\n<!-- #tablepress-38 from cache -->\n<p>[\/et_pb_toggle][et_pb_toggle title=&#8221;Nord-Ouest&#8221; open_toggle_text_color=&#8221;#006400&#8243; open_toggle_background_color=&#8221;#FFFFFF&#8221; closed_toggle_background_color=&#8221;#FFFFFF&#8221; icon_color=&#8221;#006400&#8243; toggle_icon=&#8221;&#xe04c;||divi||400&#8243; open_icon_color=&#8221;#006400&#8243; open_toggle_icon=&#8221;&#x46;||divi||400&#8243; _builder_version=&#8221;4.17.4&#8243; _module_preset=&#8221;default&#8221; title_text_color=&#8221;#006400&#8243; title_level=&#8221;h4&#8243; title_font=&#8221;|700||on|||||&#8221; title_text_align=&#8221;left&#8221; title_letter_spacing=&#8221;2px&#8221; body_font=&#8221;|600|||||||&#8221; body_text_align=&#8221;left&#8221; body_text_color=&#8221;#000000&#8243; text_orientation=&#8221;left&#8221; custom_margin=&#8221;-12px||||false|false&#8221; custom_padding=&#8221;||0px||false|false&#8221; body_font_size_tablet=&#8221;&#8221; body_font_size_phone=&#8221;&#8221; body_font_size_last_edited=&#8221;on|desktop&#8221; body_line_height_tablet=&#8221;&#8221; body_line_height_phone=&#8221;1.7em&#8221; body_line_height_last_edited=&#8221;on|phone&#8221; custom_css_main_element=&#8221;border : 1px solid darkgray !important;||border-radius : 6px !important;&#8221; custom_css_toggle_title=&#8221;border : 1px solid darkgray !important;||border-radius : 5px;||padding : 15px !important;||margin-left : -20px !important;||margin-top : -20px !important;||width: 103.8% !important;||background-color : #e5e5e5;&#8221; custom_css_toggle_icon=&#8221;margin-right : 18px !important;&#8221; custom_css_toggle_content=&#8221;margin-bottom : 20px;&#8221; border_radii=&#8221;off||||&#8221; border_color_bottom=&#8221;#FFFFFF&#8221; global_colors_info=&#8221;{}&#8221; custom_css_toggle_title_tablet=&#8221;border : 1px solid darkgray !important;||border-radius : 5px;||padding : 15px !important;||margin-left : -20px !important;||margin-top : -20px !important;||width: 107% !important;||background-color : #e5e5e5;&#8221; custom_css_toggle_title_phone=&#8221;border : 1px solid darkgray !important;||border-radius : 5px;||padding : 15px !important;||margin-left : -20px !important;||margin-top : -20px !important;||width: 114.5% !important;||background-color : #e5e5e5;&#8221; custom_css_toggle_title_last_edited=&#8221;on|tablet&#8221; custom_css_toggle_icon_tablet=&#8221;margin-right : 18px !important;&#8221; custom_css_toggle_icon_phone=&#8221;margin-right : 7px !important;&#8221; custom_css_toggle_icon_last_edited=&#8221;on|phone&#8221;]<\/p>\n\n<table id=\"tablepress-40\" class=\"tablepress tablepress-id-40\">\n<thead>\n<tr class=\"row-1\">\n\t<th class=\"column-1\">D\u00e9l\u00e9gations<\/th><th class=\"column-2\">Nom du Responsable<\/th><th class=\"column-3\">T\u00e9l\u00e9phone<\/th>\n<\/tr>\n<\/thead>\n<tbody class=\"row-hover\">\n<tr class=\"row-2\">\n\t<td class=\"column-1\">R\u00e9gionale du Nord Ouest (Bamenda)<\/td><td class=\"column-2\">M. NDIWUM DION Gilbert<\/td><td class=\"column-3\">233 36 23 06<\/td>\n<\/tr>\n<tr class=\"row-3\">\n\t<td class=\"column-1\">D\u00e9partementale du Boyo (Fundong)<\/td><td class=\"column-2\">M. NJEI Victor UKEINIA<\/td><td class=\"column-3\">233 20 35 77<\/td>\n<\/tr>\n<tr class=\"row-4\">\n\t<td class=\"column-1\">D\u00e9partementale du Bui (Kumbo)<\/td><td class=\"column-2\">M. FUH NFORBI Sylvester<\/td><td class=\"column-3\">233 48 14 74 <\/td>\n<\/tr>\n<tr class=\"row-5\">\n\t<td class=\"column-1\">D\u00e9partementale du Ndonga-Mantung (Nkamb\u00e9)<\/td><td class=\"column-2\">M. MBANG Richard Chia<\/td><td class=\"column-3\"><\/td>\n<\/tr>\n<tr class=\"row-6\">\n\t<td class=\"column-1\">D\u00e9partementale de Menchum (Wum)<\/td><td class=\"column-2\">M. CHEBISUH Emmanuel NEBA<\/td><td class=\"column-3\"><\/td>\n<\/tr>\n<tr class=\"row-7\">\n\t<td class=\"column-1\">D\u00e9partementale de la Mezam (Bamenda)<\/td><td class=\"column-2\">Mme VUCHAS Noela VUNAN<\/td><td class=\"column-3\">233 22 21 02 <br \/>\nFax:233 36 15 63<\/td>\n<\/tr>\n<tr class=\"row-8\">\n\t<td class=\"column-1\">D\u00e9partementale de Momo (Mbengwi)<\/td><td class=\"column-2\">M. ANYANG Gordin BAH NDAH<\/td><td class=\"column-3\">233 13 34 21<\/td>\n<\/tr>\n<tr class=\"row-9\">\n\t<td class=\"column-1\">D\u00e9partementale du Ngo-Ketunjia (Ndop)<\/td><td class=\"column-2\">M. JOHN Paul NJOSI<\/td><td class=\"column-3\">233 21 53 36<\/td>\n<\/tr>\n<\/tbody>\n<\/table>\n<!-- #tablepress-40 from cache -->\n<p>[\/et_pb_toggle][et_pb_toggle title=&#8221;Ouest&#8221; open_toggle_text_color=&#8221;#006400&#8243; open_toggle_background_color=&#8221;#FFFFFF&#8221; closed_toggle_background_color=&#8221;#FFFFFF&#8221; icon_color=&#8221;#006400&#8243; toggle_icon=&#8221;&#xe04c;||divi||400&#8243; open_icon_color=&#8221;#006400&#8243; open_toggle_icon=&#8221;&#x46;||divi||400&#8243; _builder_version=&#8221;4.17.4&#8243; _module_preset=&#8221;default&#8221; title_text_color=&#8221;#006400&#8243; title_level=&#8221;h4&#8243; title_font=&#8221;|700||on|||||&#8221; title_text_align=&#8221;left&#8221; title_letter_spacing=&#8221;2px&#8221; body_font=&#8221;|600|||||||&#8221; body_text_align=&#8221;left&#8221; body_text_color=&#8221;#000000&#8243; text_orientation=&#8221;left&#8221; custom_margin=&#8221;-12px||||false|false&#8221; custom_padding=&#8221;||0px||false|false&#8221; body_font_size_tablet=&#8221;&#8221; body_font_size_phone=&#8221;&#8221; body_font_size_last_edited=&#8221;on|desktop&#8221; body_line_height_tablet=&#8221;&#8221; body_line_height_phone=&#8221;1.7em&#8221; body_line_height_last_edited=&#8221;on|phone&#8221; custom_css_main_element=&#8221;border : 1px solid darkgray !important;||border-radius : 6px !important;&#8221; custom_css_toggle_title=&#8221;border : 1px solid darkgray !important;||border-radius : 5px;||padding : 15px !important;||margin-left : -20px !important;||margin-top : -20px !important;||width: 103.8% !important;||background-color : #e5e5e5;&#8221; custom_css_toggle_icon=&#8221;margin-right : 18px !important;&#8221; custom_css_toggle_content=&#8221;margin-bottom : 20px;&#8221; border_radii=&#8221;off||||&#8221; border_color_bottom=&#8221;#FFFFFF&#8221; global_colors_info=&#8221;{}&#8221; custom_css_toggle_title_tablet=&#8221;border : 1px solid darkgray !important;||border-radius : 5px;||padding : 15px !important;||margin-left : -20px !important;||margin-top : -20px !important;||width: 107% !important;||background-color : #e5e5e5;&#8221; custom_css_toggle_title_phone=&#8221;border : 1px solid darkgray !important;||border-radius : 5px;||padding : 15px !important;||margin-left : -20px !important;||margin-top : -20px !important;||width: 114.5% !important;||background-color : #e5e5e5;&#8221; custom_css_toggle_title_last_edited=&#8221;on|tablet&#8221; custom_css_toggle_icon_tablet=&#8221;margin-right : 18px !important;&#8221; custom_css_toggle_icon_phone=&#8221;margin-right : 7px !important;&#8221; custom_css_toggle_icon_last_edited=&#8221;on|phone&#8221;]<\/p>\n\n<table id=\"tablepress-36\" class=\"tablepress tablepress-id-36\">\n<thead>\n<tr class=\"row-1\">\n\t<th class=\"column-1\">D\u00e9l\u00e9gations<\/th><th class=\"column-2\">Nom du Responsable<\/th><th class=\"column-3\">T\u00e9l\u00e9phone<\/th>\n<\/tr>\n<\/thead>\n<tbody class=\"row-hover\">\n<tr class=\"row-2\">\n\t<td class=\"column-1\">R\u00e9gionale de l'Ouest (Bafoussam)<\/td><td class=\"column-2\">M. ZEBAZE Fran\u00e7ois Delaunay<\/td><td class=\"column-3\"><\/td>\n<\/tr>\n<tr class=\"row-3\">\n\t<td class=\"column-1\">D\u00e9partementale du Bamboutos (Mbouda)<\/td><td class=\"column-2\">Mme HAPI Regina Constance<\/td><td class=\"column-3\"><\/td>\n<\/tr>\n<tr class=\"row-4\">\n\t<td class=\"column-1\">D\u00e9partementale du Haut-Nkam (Bafang)<\/td><td class=\"column-2\">M. TSAYEM Martin<\/td><td class=\"column-3\"><\/td>\n<\/tr>\n<tr class=\"row-5\">\n\t<td class=\"column-1\">D\u00e9partementale du Hauts-Plateaux (Baham)<\/td><td class=\"column-2\">Mme Roselinda TONGUE FONCHAM<\/td><td class=\"column-3\"><\/td>\n<\/tr>\n<tr class=\"row-6\">\n\t<td class=\"column-1\">D\u00e9partementale du Koung-Khi (Bandjoun)<\/td><td class=\"column-2\">Mme MEFIRE Elise D\u00e9sir\u00e9e<\/td><td class=\"column-3\"><\/td>\n<\/tr>\n<tr class=\"row-7\">\n\t<td class=\"column-1\">D\u00e9partementale du Menoua (Dschang)<\/td><td class=\"column-2\">M. ASSONGASONG EDET DONATUS<\/td><td class=\"column-3\"><\/td>\n<\/tr>\n<tr class=\"row-8\">\n\t<td class=\"column-1\">D\u00e9partementale du Mifi (Bafoussam)<\/td><td class=\"column-2\">M. FOKA Paul<\/td><td class=\"column-3\"><\/td>\n<\/tr>\n<tr class=\"row-9\">\n\t<td class=\"column-1\">D\u00e9partementale du Nd\u00e9 (Bangangt\u00e9)<\/td><td class=\"column-2\">M. YAKAM NZOUANKE Sorel<\/td><td class=\"column-3\">222 12 46 76<\/td>\n<\/tr>\n<tr class=\"row-10\">\n\t<td class=\"column-1\">D\u00e9partementale du Noun (Foumban)<\/td><td class=\"column-2\">M. KENGNE Bernard<\/td><td class=\"column-3\"><\/td>\n<\/tr>\n<\/tbody>\n<\/table>\n<!-- #tablepress-36 from cache -->\n<p>[\/et_pb_toggle][et_pb_toggle title=&#8221;Sud&#8221; open_toggle_text_color=&#8221;#006400&#8243; open_toggle_background_color=&#8221;#FFFFFF&#8221; closed_toggle_background_color=&#8221;#FFFFFF&#8221; icon_color=&#8221;#006400&#8243; toggle_icon=&#8221;&#xe04c;||divi||400&#8243; open_icon_color=&#8221;#006400&#8243; open_toggle_icon=&#8221;&#x46;||divi||400&#8243; _builder_version=&#8221;4.17.4&#8243; _module_preset=&#8221;default&#8221; title_text_color=&#8221;#006400&#8243; title_level=&#8221;h4&#8243; title_font=&#8221;|700||on|||||&#8221; title_text_align=&#8221;left&#8221; title_letter_spacing=&#8221;2px&#8221; body_font=&#8221;|600|||||||&#8221; body_text_align=&#8221;left&#8221; body_text_color=&#8221;#000000&#8243; text_orientation=&#8221;left&#8221; custom_margin=&#8221;-12px||||false|false&#8221; custom_padding=&#8221;||0px||false|false&#8221; body_font_size_tablet=&#8221;&#8221; body_font_size_phone=&#8221;&#8221; body_font_size_last_edited=&#8221;on|desktop&#8221; body_line_height_tablet=&#8221;&#8221; body_line_height_phone=&#8221;1.7em&#8221; body_line_height_last_edited=&#8221;on|phone&#8221; custom_css_main_element=&#8221;border : 1px solid darkgray !important;||border-radius : 6px !important;&#8221; custom_css_toggle_title=&#8221;border : 1px solid darkgray !important;||border-radius : 5px;||padding : 15px !important;||margin-left : -20px !important;||margin-top : -20px !important;||width: 103.8% !important;||background-color : #e5e5e5;&#8221; custom_css_toggle_icon=&#8221;margin-right : 18px !important;&#8221; custom_css_toggle_content=&#8221;margin-bottom : 20px;&#8221; border_radii=&#8221;off||||&#8221; border_color_bottom=&#8221;#FFFFFF&#8221; global_colors_info=&#8221;{}&#8221; custom_css_toggle_title_tablet=&#8221;border : 1px solid darkgray !important;||border-radius : 5px;||padding : 15px !important;||margin-left : -20px !important;||margin-top : -20px !important;||width: 107% !important;||background-color : #e5e5e5;&#8221; custom_css_toggle_title_phone=&#8221;border : 1px solid darkgray !important;||border-radius : 5px;||padding : 15px !important;||margin-left : -20px !important;||margin-top : -20px !important;||width: 114.5% !important;||background-color : #e5e5e5;&#8221; custom_css_toggle_title_last_edited=&#8221;on|tablet&#8221; custom_css_toggle_icon_tablet=&#8221;margin-right : 18px !important;&#8221; custom_css_toggle_icon_phone=&#8221;margin-right : 7px !important;&#8221; custom_css_toggle_icon_last_edited=&#8221;on|phone&#8221;]<\/p>\n\n<table id=\"tablepress-37\" class=\"tablepress tablepress-id-37\">\n<thead>\n<tr class=\"row-1\">\n\t<th class=\"column-1\">D\u00e9l\u00e9gations<\/th><th class=\"column-2\">Nom du Responsable<\/th><th class=\"column-3\">T\u00e9l\u00e9phone<\/th>\n<\/tr>\n<\/thead>\n<tbody class=\"row-hover\">\n<tr class=\"row-2\">\n\t<td class=\"column-1\">R\u00e9gionale du Sud (Ebolowa)<\/td><td class=\"column-2\">M. ENAMVELE Z\u00e9non Flavien<\/td><td class=\"column-3\">222 22 85 79<\/td>\n<\/tr>\n<tr class=\"row-3\">\n\t<td class=\"column-1\">D\u00e9partementale du Dja-et-Lobo (Sangm\u00e9lima)<\/td><td class=\"column-2\">M. MENGOLO MESSI Emile Fran\u00e7ois<\/td><td class=\"column-3\">222 47 90 23<\/td>\n<\/tr>\n<tr class=\"row-4\">\n\t<td class=\"column-1\">D\u00e9partementale de la Mvila (Ebolowa)<\/td><td class=\"column-2\">M. BAYAM YOUNOUSSA<\/td><td class=\"column-3\">222 28 31 43<\/td>\n<\/tr>\n<tr class=\"row-5\">\n\t<td class=\"column-1\">D\u00e9partementale de Oc\u00e9an (Kribi)<\/td><td class=\"column-2\">M. CHI CHE RAMESH<\/td><td class=\"column-3\"><\/td>\n<\/tr>\n<tr class=\"row-6\">\n\t<td class=\"column-1\">D\u00e9partementale de la Vall\u00e9e-du-Ntem (Vall\u00e9e-du-Ntem)<\/td><td class=\"column-2\">M. EDONGUE Yannick Henri<\/td><td class=\"column-3\">222 28 23 27<\/td>\n<\/tr>\n<\/tbody>\n<\/table>\n<!-- #tablepress-37 from cache -->\n<p>[\/et_pb_toggle][et_pb_toggle title=&#8221;Sud-Ouest&#8221; open_toggle_text_color=&#8221;#006400&#8243; open_toggle_background_color=&#8221;#FFFFFF&#8221; closed_toggle_background_color=&#8221;#FFFFFF&#8221; icon_color=&#8221;#006400&#8243; toggle_icon=&#8221;&#xe04c;||divi||400&#8243; open_icon_color=&#8221;#006400&#8243; open_toggle_icon=&#8221;&#x46;||divi||400&#8243; _builder_version=&#8221;4.17.4&#8243; _module_preset=&#8221;default&#8221; title_text_color=&#8221;#006400&#8243; title_level=&#8221;h4&#8243; title_font=&#8221;|700||on|||||&#8221; title_text_align=&#8221;left&#8221; title_letter_spacing=&#8221;2px&#8221; body_font=&#8221;|600|||||||&#8221; body_text_align=&#8221;left&#8221; body_text_color=&#8221;#000000&#8243; text_orientation=&#8221;left&#8221; custom_margin=&#8221;-12px||||false|false&#8221; custom_padding=&#8221;||0px||false|false&#8221; body_font_size_tablet=&#8221;&#8221; body_font_size_phone=&#8221;&#8221; body_font_size_last_edited=&#8221;on|desktop&#8221; body_line_height_tablet=&#8221;&#8221; body_line_height_phone=&#8221;1.7em&#8221; body_line_height_last_edited=&#8221;on|phone&#8221; custom_css_main_element=&#8221;border : 1px solid darkgray !important;||border-radius : 6px !important;&#8221; custom_css_toggle_title=&#8221;border : 1px solid darkgray !important;||border-radius : 5px;||padding : 15px !important;||margin-left : -20px !important;||margin-top : -20px !important;||width: 103.8% !important;||background-color : #e5e5e5;&#8221; custom_css_toggle_icon=&#8221;margin-right : 18px !important;&#8221; custom_css_toggle_content=&#8221;margin-bottom : 20px;&#8221; border_radii=&#8221;off||||&#8221; border_color_bottom=&#8221;#FFFFFF&#8221; global_colors_info=&#8221;{}&#8221; custom_css_toggle_title_tablet=&#8221;border : 1px solid darkgray !important;||border-radius : 5px;||padding : 15px !important;||margin-left : -20px !important;||margin-top : -20px !important;||width: 107% !important;||background-color : #e5e5e5;&#8221; custom_css_toggle_title_phone=&#8221;border : 1px solid darkgray !important;||border-radius : 5px;||padding : 15px !important;||margin-left : -20px !important;||margin-top : -20px !important;||width: 114.5% !important;||background-color : #e5e5e5;&#8221; custom_css_toggle_title_last_edited=&#8221;on|tablet&#8221; custom_css_toggle_icon_tablet=&#8221;margin-right : 18px !important;&#8221; custom_css_toggle_icon_phone=&#8221;margin-right : 7px !important;&#8221; custom_css_toggle_icon_last_edited=&#8221;on|phone&#8221;]<\/p>\n\n<table id=\"tablepress-41\" class=\"tablepress tablepress-id-41\">\n<thead>\n<tr class=\"row-1\">\n\t<th class=\"column-1\">D\u00e9l\u00e9gation<\/th><th class=\"column-2\">Nom du responsable<\/th><th class=\"column-3\">T\u00e9l\u00e9phone<\/th>\n<\/tr>\n<\/thead>\n<tbody class=\"row-hover\">\n<tr class=\"row-2\">\n\t<td class=\"column-1\">R\u00e9gionale du Sud Ouest (Buea)<\/td><td class=\"column-2\">M. Robert ACHALEKE FONGE<\/td><td class=\"column-3\"><\/td>\n<\/tr>\n<tr class=\"row-3\">\n\t<td class=\"column-1\">D\u00e9partementale du  Fako (Limb\u00e9 )<\/td><td class=\"column-2\">Mme NGANGSI Regina<\/td><td class=\"column-3\"><\/td>\n<\/tr>\n<tr class=\"row-4\">\n\t<td class=\"column-1\">D\u00e9partementale du <br \/>\n Kup\u00e9-Manengouba (Bangem)<\/td><td class=\"column-2\">M. TAKANG OROCK EWUBE<\/td><td class=\"column-3\"><\/td>\n<\/tr>\n<tr class=\"row-5\">\n\t<td class=\"column-1\">D\u00e9partementale du <br \/>\n Lebialem (Menji)<\/td><td class=\"column-2\">M. BONGONG Gildas NFONMI<\/td><td class=\"column-3\"><\/td>\n<\/tr>\n<tr class=\"row-6\">\n\t<td class=\"column-1\">D\u00e9partementale du <br \/>\n Manyu (Mamf\u00e9)<\/td><td class=\"column-2\">M. ATEKWE George ETOH<\/td><td class=\"column-3\"><\/td>\n<\/tr>\n<tr class=\"row-7\">\n\t<td class=\"column-1\">D\u00e9partementale du <br \/>\n Meme (Kumba)<\/td><td class=\"column-2\">M. Clifort ENOWRU AYUK<\/td><td class=\"column-3\"><\/td>\n<\/tr>\n<tr class=\"row-8\">\n\t<td class=\"column-1\">D\u00e9partementale du <br \/>\n Ndian (Mundemba)<\/td><td class=\"column-2\">Mme ATABONG FONKENG (int\u00e9rim)<\/td><td class=\"column-3\"><\/td>\n<\/tr>\n<\/tbody>\n<\/table>\n<!-- #tablepress-41 from cache -->\n<p>[\/et_pb_toggle][\/et_pb_column][\/et_pb_row][\/et_pb_section]<\/p>\n<span class=\"et_bloom_bottom_trigger\"><\/span>","protected":false},"excerpt":{"rendered":"<p>D\u00e9l\u00e9gation R\u00e9gionale de l&#8217;Habitat et du D\u00e9veloppement Urbain Plac\u00e9e sous l&#8217;autorit\u00e9 d&#8217;un D\u00e9l\u00e9gu\u00e9 R\u00e9gional, la D\u00e9l\u00e9gation R\u00e9gionale de l&#8217;Habitat et du D\u00e9veloppement Urbain est charg\u00e9e de la supervision et de [&hellip;]<\/p>\n","protected":false},"author":2,"featured_media":0,"parent":96,"menu_order":0,"comment_status":"closed","ping_status":"closed","template":"","meta":{"_et_pb_use_builder":"on","_et_pb_old_content":"","_et_gb_content_width":"","_EventAllDay":false,"_EventTimezone":"","_EventStartDate":"","_EventEndDate":"","_EventStartDateUTC":"","_EventEndDateUTC":"","_EventShowMap":false,"_EventShowMapLink":false,"_EventURL":"","_EventCost":"","_EventCostDescription":"","_EventCurrencySymbol":"","_EventCurrencyCode":"","_EventCurrencyPosition":"","_EventDateTimeSeparator":"","_EventTimeRangeSeparator":"","_EventOrganizerID":[],"_EventVenueID":0,"_OrganizerEmail":"","_OrganizerPhone":"","_OrganizerWebsite":"","_VenueAddress":"","_VenueCity":"","_VenueCountry":"","_VenueProvince":"","_VenueZip":"","_VenuePhone":"","_VenueURL":"","_VenueStateProvince":"","_VenueLat":"","_VenueLng":"","footnotes":""},"folder":[],"class_list":["post-126","page","type-page","status-publish","hentry"],"yoast_head":"<!-- This site is optimized with the Yoast SEO plugin v19.13 - https:\/\/yoast.com\/wordpress\/plugins\/seo\/ -->\n<title>Decentralized Structures<\/title>\n<meta name=\"robots\" content=\"index, follow, max-snippet:-1, max-image-preview:large, max-video-preview:-1\" \/>\n<link rel=\"canonical\" href=\"https:\/\/www.minhdu.gov.cm\/le-ministere\/structures-deconcentrees\/\" \/>\n<meta property=\"og:locale\" content=\"en_US\" \/>\n<meta property=\"og:type\" content=\"article\" \/>\n<meta property=\"og:title\" content=\"Decentralized Structures\" \/>\n<meta property=\"og:url\" content=\"https:\/\/www.minhdu.gov.cm\/le-ministere\/structures-deconcentrees\/\" \/>\n<meta property=\"og:site_name\" content=\"MINHDU\" \/>\n<meta property=\"article:publisher\" content=\"https:\/\/www.facebook.com\/cameroun.minhdu\/\" \/>\n<meta property=\"article:modified_time\" content=\"2022-07-14T12:16:19+00:00\" \/>\n<meta name=\"twitter:card\" content=\"summary_large_image\" \/>\n<meta name=\"twitter:site\" content=\"@cameroun_minhdu\" \/>\n<meta name=\"twitter:label1\" content=\"Est. reading time\" \/>\n\t<meta name=\"twitter:data1\" content=\"34 minutes\" \/>\n<script type=\"application\/ld+json\" class=\"yoast-schema-graph\">{\"@context\":\"https:\/\/schema.org\",\"@graph\":[{\"@type\":\"WebPage\",\"@id\":\"https:\/\/www.minhdu.gov.cm\/le-ministere\/structures-deconcentrees\/\",\"url\":\"https:\/\/www.minhdu.gov.cm\/le-ministere\/structures-deconcentrees\/\",\"name\":\"Structures D\u00e9concentr\u00e9es - MINHDU\",\"isPartOf\":{\"@id\":\"https:\/\/www.minhdu.gov.cm\/#website\"},\"datePublished\":\"2022-06-16T08:00:46+00:00\",\"dateModified\":\"2022-07-14T12:16:19+00:00\",\"breadcrumb\":{\"@id\":\"https:\/\/www.minhdu.gov.cm\/le-ministere\/structures-deconcentrees\/#breadcrumb\"},\"inLanguage\":\"en-US\",\"potentialAction\":[{\"@type\":\"ReadAction\",\"target\":[\"https:\/\/www.minhdu.gov.cm\/le-ministere\/structures-deconcentrees\/\"]}]},{\"@type\":\"BreadcrumbList\",\"@id\":\"https:\/\/www.minhdu.gov.cm\/le-ministere\/structures-deconcentrees\/#breadcrumb\",\"itemListElement\":[{\"@type\":\"ListItem\",\"position\":1,\"name\":\"Home\",\"item\":\"https:\/\/www.minhdu.gov.cm\/\"},{\"@type\":\"ListItem\",\"position\":2,\"name\":\"Le Minist\u00e8re\",\"item\":\"https:\/\/www.minhdu.gov.cm\/le-ministere\/\"},{\"@type\":\"ListItem\",\"position\":3,\"name\":\"Structures D\u00e9concentr\u00e9es\"}]},{\"@type\":\"WebSite\",\"@id\":\"https:\/\/www.minhdu.gov.cm\/#website\",\"url\":\"https:\/\/www.minhdu.gov.cm\/\",\"name\":\"MINHDU\",\"description\":\"\",\"publisher\":{\"@id\":\"https:\/\/www.minhdu.gov.cm\/#organization\"},\"potentialAction\":[{\"@type\":\"SearchAction\",\"target\":{\"@type\":\"EntryPoint\",\"urlTemplate\":\"https:\/\/www.minhdu.gov.cm\/?s={search_term_string}\"},\"query-input\":\"required name=search_term_string\"}],\"inLanguage\":\"en-US\"},{\"@type\":\"Organization\",\"@id\":\"https:\/\/www.minhdu.gov.cm\/#organization\",\"name\":\"MINHDU\",\"url\":\"https:\/\/www.minhdu.gov.cm\/\",\"logo\":{\"@type\":\"ImageObject\",\"inLanguage\":\"en-US\",\"@id\":\"https:\/\/www.minhdu.gov.cm\/#\/schema\/logo\/image\/\",\"url\":\"https:\/\/www.minhdu.gov.cm\/wp-content\/uploads\/2022\/06\/minhdu2.png\",\"contentUrl\":\"https:\/\/www.minhdu.gov.cm\/wp-content\/uploads\/2022\/06\/minhdu2.png\",\"width\":250,\"height\":250,\"caption\":\"MINHDU\"},\"image\":{\"@id\":\"https:\/\/www.minhdu.gov.cm\/#\/schema\/logo\/image\/\"},\"sameAs\":[\"https:\/\/www.facebook.com\/cameroun.minhdu\/\",\"https:\/\/twitter.com\/cameroun_minhdu\"]}]}<\/script>\n<!-- \/ Yoast SEO plugin. -->","yoast_head_json":{"title":"Decentralized Structures","robots":{"index":"index","follow":"follow","max-snippet":"max-snippet:-1","max-image-preview":"max-image-preview:large","max-video-preview":"max-video-preview:-1"},"canonical":"https:\/\/www.minhdu.gov.cm\/le-ministere\/structures-deconcentrees\/","og_locale":"en_US","og_type":"article","og_title":"Decentralized Structures","og_url":"https:\/\/www.minhdu.gov.cm\/le-ministere\/structures-deconcentrees\/","og_site_name":"MINHDU","article_publisher":"https:\/\/www.facebook.com\/cameroun.minhdu\/","article_modified_time":"2022-07-14T12:16:19+00:00","twitter_card":"summary_large_image","twitter_site":"@cameroun_minhdu","twitter_misc":{"Est. reading time":"34 minutes"},"schema":{"@context":"https:\/\/schema.org","@graph":[{"@type":"WebPage","@id":"https:\/\/www.minhdu.gov.cm\/le-ministere\/structures-deconcentrees\/","url":"https:\/\/www.minhdu.gov.cm\/le-ministere\/structures-deconcentrees\/","name":"Structures D\u00e9concentr\u00e9es - MINHDU","isPartOf":{"@id":"https:\/\/www.minhdu.gov.cm\/#website"},"datePublished":"2022-06-16T08:00:46+00:00","dateModified":"2022-07-14T12:16:19+00:00","breadcrumb":{"@id":"https:\/\/www.minhdu.gov.cm\/le-ministere\/structures-deconcentrees\/#breadcrumb"},"inLanguage":"en-US","potentialAction":[{"@type":"ReadAction","target":["https:\/\/www.minhdu.gov.cm\/le-ministere\/structures-deconcentrees\/"]}]},{"@type":"BreadcrumbList","@id":"https:\/\/www.minhdu.gov.cm\/le-ministere\/structures-deconcentrees\/#breadcrumb","itemListElement":[{"@type":"ListItem","position":1,"name":"Home","item":"https:\/\/www.minhdu.gov.cm\/"},{"@type":"ListItem","position":2,"name":"Le Minist\u00e8re","item":"https:\/\/www.minhdu.gov.cm\/le-ministere\/"},{"@type":"ListItem","position":3,"name":"Structures D\u00e9concentr\u00e9es"}]},{"@type":"WebSite","@id":"https:\/\/www.minhdu.gov.cm\/#website","url":"https:\/\/www.minhdu.gov.cm\/","name":"MINHDU","description":"","publisher":{"@id":"https:\/\/www.minhdu.gov.cm\/#organization"},"potentialAction":[{"@type":"SearchAction","target":{"@type":"EntryPoint","urlTemplate":"https:\/\/www.minhdu.gov.cm\/?s={search_term_string}"},"query-input":"required name=search_term_string"}],"inLanguage":"en-US"},{"@type":"Organization","@id":"https:\/\/www.minhdu.gov.cm\/#organization","name":"MINHDU","url":"https:\/\/www.minhdu.gov.cm\/","logo":{"@type":"ImageObject","inLanguage":"en-US","@id":"https:\/\/www.minhdu.gov.cm\/#\/schema\/logo\/image\/","url":"https:\/\/www.minhdu.gov.cm\/wp-content\/uploads\/2022\/06\/minhdu2.png","contentUrl":"https:\/\/www.minhdu.gov.cm\/wp-content\/uploads\/2022\/06\/minhdu2.png","width":250,"height":250,"caption":"MINHDU"},"image":{"@id":"https:\/\/www.minhdu.gov.cm\/#\/schema\/logo\/image\/"},"sameAs":["https:\/\/www.facebook.com\/cameroun.minhdu\/","https:\/\/twitter.com\/cameroun_minhdu"]}]}},"_links":{"self":[{"href":"https:\/\/www.minhdu.gov.cm\/wp-json\/wp\/v2\/pages\/126","targetHints":{"allow":["GET"]}}],"collection":[{"href":"https:\/\/www.minhdu.gov.cm\/wp-json\/wp\/v2\/pages"}],"about":[{"href":"https:\/\/www.minhdu.gov.cm\/wp-json\/wp\/v2\/types\/page"}],"author":[{"embeddable":true,"href":"https:\/\/www.minhdu.gov.cm\/wp-json\/wp\/v2\/users\/2"}],"replies":[{"embeddable":true,"href":"https:\/\/www.minhdu.gov.cm\/wp-json\/wp\/v2\/comments?post=126"}],"version-history":[{"count":23,"href":"https:\/\/www.minhdu.gov.cm\/wp-json\/wp\/v2\/pages\/126\/revisions"}],"predecessor-version":[{"id":5339,"href":"https:\/\/www.minhdu.gov.cm\/wp-json\/wp\/v2\/pages\/126\/revisions\/5339"}],"up":[{"embeddable":true,"href":"https:\/\/www.minhdu.gov.cm\/wp-json\/wp\/v2\/pages\/96"}],"wp:attachment":[{"href":"https:\/\/www.minhdu.gov.cm\/wp-json\/wp\/v2\/media?parent=126"}],"wp:term":[{"taxonomy":"folder","embeddable":true,"href":"https:\/\/www.minhdu.gov.cm\/wp-json\/wp\/v2\/folder?post=126"}],"curies":[{"name":"wp","href":"https:\/\/api.w.org\/{rel}","templated":true}]}}