{"id":6989,"date":"2022-07-27T11:57:51","date_gmt":"2022-07-27T09:57:51","guid":{"rendered":"http:\/\/192.168.108.1\/?page_id=6989"},"modified":"2022-07-28T09:52:32","modified_gmt":"2022-07-28T07:52:32","slug":"administration-centrale","status":"publish","type":"page","link":"https:\/\/www.minhdu.gov.cm\/le-ministere\/services-du-minhdu\/administration-centrale\/","title":{"rendered":"Administration Centrale"},"content":{"rendered":"<p>[et_pb_section fb_built=&#8221;1&#8243; _builder_version=&#8221;4.17.6&#8243; _module_preset=&#8221;default&#8221; hover_enabled=&#8221;0&#8243; global_colors_info=&#8221;{}&#8221; background_color=&#8221;#FFFFFF&#8221; sticky_enabled=&#8221;0&#8243;][et_pb_row column_structure=&#8221;2_3,1_3&#8243; _builder_version=&#8221;4.17.6&#8243; _module_preset=&#8221;default&#8221; width=&#8221;90%&#8221; max_width=&#8221;90%&#8221; global_colors_info=&#8221;{}&#8221;][et_pb_column type=&#8221;2_3&#8243; _builder_version=&#8221;4.17.6&#8243; _module_preset=&#8221;default&#8221; global_colors_info=&#8221;{}&#8221;][et_pb_text _builder_version=&#8221;4.17.6&#8243; _module_preset=&#8221;default&#8221; text_font=&#8221;Arimo|700|||||||&#8221; text_text_color=&#8221;#004c99&#8243; text_font_size=&#8221;25px&#8221; background_color=&#8221;#FFFFFF&#8221; text_orientation=&#8221;center&#8221; width=&#8221;100%&#8221; min_height=&#8221;90px&#8221; height=&#8221;90px&#8221; custom_margin=&#8221;-51px||||false|false&#8221; custom_padding=&#8221;30px||||false|false&#8221; box_shadow_style=&#8221;preset1&#8243; global_colors_info=&#8221;{}&#8221;]<\/p>\n<p>L&#8217;Administion Centrale comprend:<\/p>\n<p>[\/et_pb_text][et_pb_toggle title=&#8221;Le Secr\u00e9taeiat G\u00e9n\u00e9ral&#8221; open=&#8221;on&#8221; open_toggle_text_color=&#8221;#004c99&#8243; open_toggle_background_color=&#8221;#FFFFFF&#8221; closed_toggle_background_color=&#8221;#FFFFFF&#8221; icon_color=&#8221;#004c99&#8243; toggle_icon=&#8221;&#xe04c;||divi||400&#8243; open_icon_color=&#8221;#004c99&#8243; open_toggle_icon=&#8221;&#x46;||divi||400&#8243; _builder_version=&#8221;4.17.6&#8243; _module_preset=&#8221;default&#8221; title_text_color=&#8221;#004c99&#8243; title_level=&#8221;h3&#8243; title_font=&#8221;|800||on|||||&#8221; title_text_align=&#8221;left&#8221; title_font_size=&#8221;16px&#8221; title_letter_spacing=&#8221;1px&#8221; body_font=&#8221;|600|||||||&#8221; body_text_align=&#8221;left&#8221; body_text_color=&#8221;#000000&#8243; body_font_size=&#8221;16px&#8221; text_orientation=&#8221;justified&#8221; custom_margin=&#8221;-12px|0px||0px|false|false&#8221; custom_padding=&#8221;|0px|0px|0px|false|false&#8221; title_font_size_tablet=&#8221;15px&#8221; title_font_size_phone=&#8221;12px&#8221; title_font_size_last_edited=&#8221;on|desktop&#8221; body_font_size_tablet=&#8221;16px&#8221; body_font_size_phone=&#8221;16px&#8221; body_font_size_last_edited=&#8221;on|desktop&#8221; body_line_height_tablet=&#8221;&#8221; body_line_height_phone=&#8221;1.7em&#8221; body_line_height_last_edited=&#8221;on|phone&#8221; custom_css_main_element=&#8221;border : 1px solid darkgray !important;||border-radius : 6px !important;&#8221; custom_css_toggle_title=&#8221;border : 1px solid darkgray !important;||border-radius : 5px;||padding : 15px !important;||margin-top : -20px !important;&#8221; custom_css_toggle_icon=&#8221;margin-right : 18px !important;&#8221; custom_css_toggle_content=&#8221;margin : 20px;||padding:0px !important;&#8221; border_radii=&#8221;off||||&#8221; border_color_bottom=&#8221;#FFFFFF&#8221; box_shadow_style=&#8221;preset1&#8243; global_colors_info=&#8221;{}&#8221; custom_css_toggle_title_tablet=&#8221;border : 1px solid darkgray !important;||border-radius : 5px;||padding : 15px !important;||margin-top : -20px !important;||width: 100% !important;||background-color : #e5e5e5;&#8221; custom_css_toggle_title_phone=&#8221;border : 1px solid darkgray !important;||border-radius : 5px;||padding : 15px !important;||margin-top : -20px !important;||width: 100% !important;||background-color : #e5e5e5;&#8221; custom_css_toggle_title_last_edited=&#8221;on|phone&#8221; custom_css_toggle_icon_tablet=&#8221;margin-right : 18px !important;&#8221; custom_css_toggle_icon_phone=&#8221;margin-right : 7px !important;&#8221; custom_css_toggle_icon_last_edited=&#8221;on|phone&#8221;]<\/p>\n<p style=\"text-align: justify;\"><strong>Le Secr\u00e9tariat G\u00e9n\u00e9ral <\/strong> est plac\u00e9 sous l&#8217;autorit\u00e9 d&#8217;un Secr\u00e9taire G\u00e9n\u00e9ral, principalpaI collaborateur du Ministre, qui suit l&#8217;instruction des affaires du D\u00e9partement et re\u00e7oit du Ministre les d\u00e9l\u00e9gations de signature n\u00e9cessaires.<\/p>\n<p>A ce titre , il :<\/p>\n<ul style=\"list-style-type: none;\">\n<i class=\"fa-solid fa-circle-check\"><\/i>  coordonne l&#8217;action des services centraux et d\u00e9concentr\u00e9s du Minist\u00e8re et tient \u00e0 cet effet des r\u00e9unions de coordination dont il adresse le proc\u00e8sverbal au Ministre ;<\/p>\n<p><i class=\"fa-solid fa-circle-check\"><\/i> d\u00e9finit et codifie les proc\u00e9dures internes du Minist\u00e8re ;<\/p>\n<p><i class=\"fa-solid fa-circle-check\"><\/i> veille \u00e0 la formation permanente du personnel et organise sous l&#8217;autorit\u00e9 du Ministre, des s\u00e9minaires et des stages de recyclage, de perfectionnement ou de sp\u00e9cialisation;<\/p>\n<p><i class=\"fa-solid fa-circle-check\"><\/i> suit, l&#8217;action des services rattach\u00e9s dont il approuve le programme d&#8217;actions et re\u00e7oit les comptes rendus d&#8217;activit\u00e9s ,   veille \u00e0 la c\u00e9l\u00e9rit\u00e9 dans le traitement des dossiers, centralise les archives et g\u00e8re la documentation du Minist\u00e8re.\n<\/ul>\n<p style=\"text-align: justify;\"> En cas d&#8217;absence ou d&#8217;emp\u00eachement du Secr\u00e9taire G\u00e9n\u00e9ral, le Ministre d\u00e9signe un Directeur pour assurer l&#8217;int\u00e9rim. <\/p>\n<p>Sont rattach\u00e9es au Secr\u00e9tariat G\u00e9n\u00e9ral : <\/p>\n<ul style=\"list-style-type: none;\">\n<i class=\"fa-solid fa-circle-check\"><\/i> la Division des Etudes, de la Planification et de la Coop\u00e9ration ;<br \/>\n<i class=\"fa-solid fa-circle-check\"><\/i>  la Division des Affaires Juridiques;<br \/>\n <i class=\"fa-solid fa-circle-check\"><\/i>  la Cellule de Communication ;<br \/>\n<i class=\"fa-solid fa-circle-check\"><\/i>  la Cellule de Suivi ;<br \/>\n <i class=\"fa-solid fa-circle-check\"><\/i> la Cellule Informatique ;<br \/>\n <i class=\"fa-solid fa-circle-check\"><\/i> la Cellule de Traduction;<br \/>\n <i class=\"fa-solid fa-circle-check\"><\/i> la Sous-direction de la Documentation et des Archives ;<br \/>\n <i class=\"fa-solid fa-circle-check\"><\/i> la Sous-direction de l&#8217;Accueil, du Courrier et de Liaison.\n<\/ul >[\/et_pb_toggle][et_pb_toggle title=&#8221;Division du D\u00e9veloppement Social et Urbain (DDSU)&#8221; open_toggle_text_color=&#8221;#004c99&#8243; open_toggle_background_color=&#8221;#FFFFFF&#8221; closed_toggle_background_color=&#8221;#FFFFFF&#8221; icon_color=&#8221;#004c99&#8243; toggle_icon=&#8221;&#xe04c;||divi||400&#8243; open_icon_color=&#8221;#004c99&#8243; open_toggle_icon=&#8221;&#x46;||divi||400&#8243; _builder_version=&#8221;4.17.6&#8243; _module_preset=&#8221;default&#8221; title_text_color=&#8221;#004c99&#8243; title_level=&#8221;h3&#8243; title_font=&#8221;|800||on|||||&#8221; title_text_align=&#8221;left&#8221; title_font_size=&#8221;16px&#8221; title_letter_spacing=&#8221;1px&#8221; body_font=&#8221;|600|||||||&#8221; body_text_align=&#8221;left&#8221; body_text_color=&#8221;#000000&#8243; body_font_size=&#8221;16px&#8221; text_orientation=&#8221;justified&#8221; custom_margin=&#8221;-12px|0px||0px|false|false&#8221; custom_padding=&#8221;|0px|0px|0px|false|false&#8221; title_font_size_tablet=&#8221;15px&#8221; title_font_size_phone=&#8221;12px&#8221; title_font_size_last_edited=&#8221;on|desktop&#8221; body_font_size_tablet=&#8221;16px&#8221; body_font_size_phone=&#8221;16px&#8221; body_font_size_last_edited=&#8221;on|desktop&#8221; body_line_height_tablet=&#8221;&#8221; body_line_height_phone=&#8221;1.7em&#8221; body_line_height_last_edited=&#8221;on|phone&#8221; custom_css_main_element=&#8221;border : 1px solid darkgray !important;||border-radius : 6px !important;&#8221; custom_css_toggle_title=&#8221;border : 1px solid darkgray !important;||border-radius : 5px;||padding : 15px !important;||margin-top : -20px !important;&#8221; custom_css_toggle_icon=&#8221;margin-right : 18px !important;&#8221; custom_css_toggle_content=&#8221;margin : 20px;||padding:0px !important;&#8221; border_radii=&#8221;off||||&#8221; border_color_bottom=&#8221;#FFFFFF&#8221; box_shadow_style=&#8221;preset1&#8243; global_colors_info=&#8221;{}&#8221; custom_css_toggle_title_tablet=&#8221;border : 1px solid darkgray !important;||border-radius : 5px;||padding : 15px !important;||margin-top : -20px !important;||width: 100% !important;||background-color : #e5e5e5;&#8221; custom_css_toggle_title_phone=&#8221;border : 1px solid darkgray !important;||border-radius : 5px;||padding : 15px !important;||margin-top : -20px !important;||width: 100% !important;||background-color : #e5e5e5;&#8221; custom_css_toggle_title_last_edited=&#8221;on|phone&#8221; custom_css_toggle_icon_tablet=&#8221;margin-right : 18px !important;&#8221; custom_css_toggle_icon_phone=&#8221;margin-right : 7px !important;&#8221; custom_css_toggle_icon_last_edited=&#8221;on|phone&#8221;]Plac\u00e9e sous l\u2019autorit\u00e9 d\u2019un Chef de Division, la<strong> Division du D\u00e9veloppement Social Urbain<\/strong> est charg\u00e9e, en liaison avec les Minist\u00e8res concern\u00e9s et les collectivit\u00e9s territoriales d\u00e9centralis\u00e9es :<\/p>\n<ul style=\"list-style-type: none;\">\n<i class=\"fa-solid fa-circle-check\"><\/i> De la participation \u00e0 l\u2019\u00e9laboration de la politique du Gouvernement en mati\u00e8re de promotion sociale en faveur des populations urbaines ;<\/p>\n<p><i class=\"fa-solid fa-circle-check\"><\/i> De la pr\u00e9vention de la d\u00e9linquance, de l\u2019alcoolisme et de la toxicomanie en milieu urbain;<\/p>\n<p><i class=\"fa-solid fa-circle-check\"><\/i> Du suivi de la mise en \u0153uvre des engagements internationaux du Cameroun en mati\u00e8re de d\u00e9veloppement social en milieu urbain;<\/p>\n<p><i class=\"fa-solid fa-circle-check\"><\/i> De la promotion de la mixit\u00e9 sociale ;<\/p>\n<p><i class=\"fa-solid fa-circle-check\"><\/i> De la participation \u00e0 la lutte contre la s\u00e9gr\u00e9gation en milieu urbain ;<\/p>\n<p><i class=\"fa-solid fa-circle-check\"><\/i> De la participation \u00e0 l\u2019\u00e9laboration des strat\u00e9gies de promotion des activit\u00e9s \u00e0 haute intensit\u00e9 de main-d\u2019\u0153uvre ;<\/p>\n<p><i class=\"fa-solid fa-circle-check\"><\/i> Du suivi de la mise en \u0153uvre des activit\u00e9s \u00e0 haute intensit\u00e9 de main d\u2019\u0153uvre ;<\/p>\n<p><i class=\"fa-solid fa-circle-check\"><\/i> De la participation \u00e0 l\u2019encadrement, en milieu urbain, des jeunes en difficult\u00e9 et de leur insertion sociale;<\/p>\n<p><i class=\"fa-solid fa-circle-check\"><\/i> Du suivi des questions relatives au d\u00e9veloppement durable en milieu urbain.\n<\/ul >\n<p style=\"text-align: justify;\">Elle comprend :<\/p>\n<ul style=\"list-style-type: none;\">\n<i class=\"fa-solid fa-circle-check\"><\/i> La Cellule de la Promotion de l\u2019Insertion Sociale en Milieu Urbain;<br \/>\n<i class=\"fa-solid fa-circle-check\"><\/i> La Cellule du D\u00e9veloppement Social des Zones Urbaines.\n<\/ul>\n<p>[\/et_pb_toggle][et_pb_toggle title=&#8221; Direction de l\u2019Habitat Social et de la Promotion Immobili\u00e8re(DHSPI) &#8221; open_toggle_text_color=&#8221;#004c99&#8243; open_toggle_background_color=&#8221;#FFFFFF&#8221; closed_toggle_background_color=&#8221;#FFFFFF&#8221; icon_color=&#8221;#004c99&#8243; toggle_icon=&#8221;&#xe04c;||divi||400&#8243; open_icon_color=&#8221;#004c99&#8243; open_toggle_icon=&#8221;&#x46;||divi||400&#8243; _builder_version=&#8221;4.17.6&#8243; _module_preset=&#8221;default&#8221; title_text_color=&#8221;#004c99&#8243; title_level=&#8221;h3&#8243; title_font=&#8221;|800||on|||||&#8221; title_text_align=&#8221;left&#8221; title_font_size=&#8221;16px&#8221; title_letter_spacing=&#8221;1px&#8221; body_font=&#8221;|600|||||||&#8221; body_text_align=&#8221;left&#8221; body_text_color=&#8221;#000000&#8243; body_font_size=&#8221;16px&#8221; text_orientation=&#8221;justified&#8221; custom_margin=&#8221;-12px|0px||0px|false|false&#8221; custom_padding=&#8221;|0px|0px|0px|false|false&#8221; title_font_size_tablet=&#8221;15px&#8221; title_font_size_phone=&#8221;12px&#8221; title_font_size_last_edited=&#8221;on|desktop&#8221; body_font_size_tablet=&#8221;16px&#8221; body_font_size_phone=&#8221;16px&#8221; body_font_size_last_edited=&#8221;on|desktop&#8221; body_line_height_tablet=&#8221;&#8221; body_line_height_phone=&#8221;1.7em&#8221; body_line_height_last_edited=&#8221;on|phone&#8221; custom_css_main_element=&#8221;border : 1px solid darkgray !important;||border-radius : 6px !important;&#8221; custom_css_toggle_title=&#8221;border : 1px solid darkgray !important;||border-radius : 5px;||padding : 15px !important;||margin-top : -20px !important;&#8221; custom_css_toggle_icon=&#8221;margin-right : 18px !important;&#8221; custom_css_toggle_content=&#8221;margin : 20px;||padding:0px !important;&#8221; border_radii=&#8221;off||||&#8221; border_color_bottom=&#8221;#FFFFFF&#8221; box_shadow_style=&#8221;preset1&#8243; global_colors_info=&#8221;{}&#8221; custom_css_toggle_title_tablet=&#8221;border : 1px solid darkgray !important;||border-radius : 5px;||padding : 15px !important;||margin-top : -20px !important;||width: 100% !important;||background-color : #e5e5e5;&#8221; custom_css_toggle_title_phone=&#8221;border : 1px solid darkgray !important;||border-radius : 5px;||padding : 15px !important;||margin-top : -20px !important;||width: 100% !important;||background-color : #e5e5e5;&#8221; custom_css_toggle_title_last_edited=&#8221;on|phone&#8221; custom_css_toggle_icon_tablet=&#8221;margin-right : 18px !important;&#8221; custom_css_toggle_icon_phone=&#8221;margin-right : 7px !important;&#8221; custom_css_toggle_icon_last_edited=&#8221;on|phone&#8221;]<\/p>\n<p>Plac\u00e9e sous l\u2019autorit\u00e9 d\u2019un Directeur, la <strong> Direction de l\u2019Habitat Social et de la Promotion Immobili\u00e8re <\/strong>est charg\u00e9e : <\/p>\n<ul style=\"list-style-type: none;\">\n<i class=\"fa-solid fa-circle-check\"><\/i>De l\u2019\u00e9laboration et de la mise en \u0153uvre des strat\u00e9gies de promotion de l\u2019habitat social ;<\/p>\n<p><i class=\"fa-solid fa-circle-check\"><\/i> De la participation \u00e0 la d\u00e9finition des normes pour l\u2019habitat social, en liaison avec les administrations concern\u00e9es ;<\/p>\n<p><i class=\"fa-solid fa-circle-check\"><\/i> De la ma\u00eetrise d\u2019ouvrage des programmes de construction des logements sociaux conduits par l\u2019Etat ;<\/p>\n<p><i class=\"fa-solid fa-circle-check\"><\/i> Du montage financier des projets financ\u00e9s totalement ou partiellement par l\u2019Etat dans le secteur , en relation avec les administrations concern\u00e9es ;<\/p>\n<p><i class=\"fa-solid fa-circle-check\"><\/i> Du contr\u00f4le de l\u2019ex\u00e9cution des programmes d\u2019habitat social ;<\/p>\n<p><i class=\"fa-solid fa-circle-check\"><\/i> De l\u2019examen des dossiers techniques et financiers relatifs aux projets d\u2019habitat social ;<\/p>\n<p><i class=\"fa-solid fa-circle-check\"><\/i> De la d\u00e9finition des crit\u00e8res d\u2019\u00e9ligibilit\u00e9 des programmes immobiliers \u00e0 caract\u00e8re social ;<\/p>\n<p><i class=\"fa-solid fa-circle-check\"><\/i> De l\u2019identification des types d\u2019aides correspondants \u00e0 chaque programme immobilier  \u00e0 caract\u00e8re social;<\/p>\n<p><i class=\"fa-solid fa-circle-check\"><\/i> De la participation \u00e0 la pr\u00e9paration des textes r\u00e9glementant l\u2019activit\u00e9 de promotion immobili\u00e8re et l\u2019auto-construction, ainsi que du contr\u00f4le de leur application ;<\/p>\n<p><i class=\"fa-solid fa-circle-check\"><\/i> De la d\u00e9finition des syst\u00e8mes de production des logements, ainsi que des modes d\u2019intervention de l\u2019Etat dans les programmes d\u2019habitat social ;<\/p>\n<p><i class=\"fa-solid fa-circle-check\"><\/i> De l\u2019\u00e9valuation des besoins  en logements et en financement de l\u2019habitat social par l\u2019Etat ;<\/p>\n<p><i class=\"fa-solid fa-circle-check\"><\/i> e la conception et de la mise en place d\u2019un cadre institutionnel d\u2019incitation \u00e0 la promotion immobili\u00e8re et \u00e0 l\u2019auto- construction ;<\/p>\n<p><i class=\"fa-solid fa-circle-check\"><\/i> De l\u2019\u00e9tablissement des indicateurs des cat\u00e9gories de logement, de leurs cibles et des loyers ;<\/p>\n<p><i class=\"fa-solid fa-circle-check\"><\/i> Du suivi des op\u00e9rations de promotion immobili\u00e8re et de l\u2019auto-construction ;<\/p>\n<p><i class=\"fa-solid fa-circle-check\"><\/i> Du suivi des activit\u00e9s des professionnels du secteur de l\u2019habitat ;<\/p>\n<p><i class=\"fa-solid fa-circle-check\"><\/i> Du suivi du programme national de logement.<\/p>\n<\/ul >\n<p style=\"text-align: justify;\">Elle comprend :<\/p>\n<ul style=\"list-style-type: none;\">\n<i class=\"fa-solid fa-circle-check\"><\/i> LLa Sous-Direction de l\u2019Habitat Social;<br \/>\n<i class=\"fa-solid fa-circle-check\"><\/i> La Sous-Direction de la Promotion Immobili\u00e8re et de l\u2019Auto-construction.\n<\/ul >[\/et_pb_toggle][et_pb_toggle title=&#8221;Direction de l\u2019Architecture et des Normes d\u2019Habitat (DANH)&#8221; open_toggle_text_color=&#8221;#004c99&#8243; open_toggle_background_color=&#8221;#FFFFFF&#8221; closed_toggle_background_color=&#8221;#FFFFFF&#8221; icon_color=&#8221;#004c99&#8243; toggle_icon=&#8221;&#xe04c;||divi||400&#8243; open_icon_color=&#8221;#004c99&#8243; open_toggle_icon=&#8221;&#x46;||divi||400&#8243; _builder_version=&#8221;4.17.6&#8243; _module_preset=&#8221;default&#8221; title_text_color=&#8221;#004c99&#8243; title_level=&#8221;h3&#8243; title_font=&#8221;|800||on|||||&#8221; title_text_align=&#8221;left&#8221; title_font_size=&#8221;16px&#8221; title_letter_spacing=&#8221;1px&#8221; body_font=&#8221;|600|||||||&#8221; body_text_align=&#8221;left&#8221; body_text_color=&#8221;#000000&#8243; body_font_size=&#8221;16px&#8221; text_orientation=&#8221;justified&#8221; custom_margin=&#8221;-12px|0px||0px|false|false&#8221; custom_padding=&#8221;|0px|0px|0px|false|false&#8221; title_font_size_tablet=&#8221;15px&#8221; title_font_size_phone=&#8221;12px&#8221; title_font_size_last_edited=&#8221;on|desktop&#8221; body_font_size_tablet=&#8221;16px&#8221; body_font_size_phone=&#8221;16px&#8221; body_font_size_last_edited=&#8221;on|desktop&#8221; body_line_height_tablet=&#8221;&#8221; body_line_height_phone=&#8221;1.7em&#8221; body_line_height_last_edited=&#8221;on|phone&#8221; custom_css_main_element=&#8221;border : 1px solid darkgray !important;||border-radius : 6px !important;&#8221; custom_css_toggle_title=&#8221;border : 1px solid darkgray !important;||border-radius : 5px;||padding : 15px !important;||margin-top : -20px !important;&#8221; custom_css_toggle_icon=&#8221;margin-right : 18px !important;&#8221; custom_css_toggle_content=&#8221;margin : 20px;||padding:0px !important;&#8221; border_radii=&#8221;off||||&#8221; border_color_bottom=&#8221;#FFFFFF&#8221; box_shadow_style=&#8221;preset1&#8243; global_colors_info=&#8221;{}&#8221; custom_css_toggle_title_tablet=&#8221;border : 1px solid darkgray !important;||border-radius : 5px;||padding : 15px !important;||margin-top : -20px !important;||width: 100% !important;||background-color : #e5e5e5;&#8221; custom_css_toggle_title_phone=&#8221;border : 1px solid darkgray !important;||border-radius : 5px;||padding : 15px !important;||margin-top : -20px !important;||width: 100% !important;||background-color : #e5e5e5;&#8221; custom_css_toggle_title_last_edited=&#8221;on|phone&#8221; custom_css_toggle_icon_tablet=&#8221;margin-right : 18px !important;&#8221; custom_css_toggle_icon_phone=&#8221;margin-right : 7px !important;&#8221; custom_css_toggle_icon_last_edited=&#8221;on|phone&#8221;]<\/p>\n<p>Plac\u00e9e sous l\u2019autorit\u00e9 d\u2019un Directeur, la Direction de l\u2019Architecture et des Normes d\u2019Habitat est charg\u00e9e :<\/p>\n<ul style=\"list-style-type: none;\">\n<p><i class=\"fa-solid fa-circle-check\"><\/i> De la promotion du patrimoine architectural national ;<\/p>\n<p><i class=\"fa-solid fa-circle-check\"><\/i> Du suivi des activit\u00e9s des Ordres et corps professionnels du secteur de l\u2019habitat ;<\/p>\n<p><i class=\"fa-solid fa-circle-check\"><\/i> De l\u2019innovation et de l\u2019am\u00e9lioration de la qualit\u00e9 architecturale des r\u00e9alisations en  milieux urbain et rural ;<\/p>\n<p><i class=\"fa-solid fa-circle-check\"><\/i> De l\u2019\u00e9laboration des prescriptions architecturales favorisant l\u2019embellissement des villes, en liaison avec les collectivit\u00e9s territoriales d\u00e9centralis\u00e9es ;<\/p>\n<p><i class=\"fa-solid fa-circle-check\"><\/i> Des expertises immobili\u00e8res, en relation avec les administrations concern\u00e9es ;<\/p>\n<p><i class=\"fa-solid fa-circle-check\"><\/i> De la participation \u00e0 l\u2019\u00e9laboration des \u00e9tudes relatives aux mat\u00e9riaux et techniques de construction adapt\u00e9es aux conditions des \u00e9cosyst\u00e8mes nationaux ;<\/p>\n<p><i class=\"fa-solid fa-circle-check\"><\/i> De la participation \u00e0 la d\u00e9finition des normes et sp\u00e9cifications techniques des mat\u00e9riaux locaux de construction ;<\/p>\n<p><i class=\"fa-solid fa-circle-check\"><\/i> De la vulgarisation de l\u2019utilisation des mat\u00e9riaux locaux de construction, en  liaison avec les administrations concern\u00e9es ;<\/p>\n<p><i class=\"fa-solid fa-circle-check\"><\/i> De la ma\u00eetrise d\u2019ouvrage des b\u00e2timents publics ;<\/p>\n<p><i class=\"fa-solid fa-circle-check\"><\/i> De la conception et du contr\u00f4le des \u00e9tudes architecturales des b\u00e2timents publics.\n<\/ul >\n<p style=\"text-align: justify;\">Elle comprend :<\/p>\n<ul style=\"list-style-type: none;\">\n<i class=\"fa-solid fa-circle-check\"><\/i> La Sous-Direction de l\u2019Architecture ;<br \/>\n<i class=\"fa-solid fa-circle-check\"><\/i> La Sous-Direction des Normes d\u2019Habitat.\n<\/ul>\n<p>[\/et_pb_toggle][et_pb_toggle title=&#8221;Direction des Op\u00e9rations Urbaines (DOU)&#8221; open_toggle_text_color=&#8221;#004c99&#8243; open_toggle_background_color=&#8221;#FFFFFF&#8221; closed_toggle_background_color=&#8221;#FFFFFF&#8221; icon_color=&#8221;#004c99&#8243; toggle_icon=&#8221;&#xe04c;||divi||400&#8243; open_icon_color=&#8221;#004c99&#8243; open_toggle_icon=&#8221;&#x46;||divi||400&#8243; _builder_version=&#8221;4.17.6&#8243; _module_preset=&#8221;default&#8221; title_text_color=&#8221;#004c99&#8243; title_level=&#8221;h3&#8243; title_font=&#8221;|800||on|||||&#8221; title_text_align=&#8221;left&#8221; title_font_size=&#8221;16px&#8221; title_letter_spacing=&#8221;1px&#8221; body_font=&#8221;|600|||||||&#8221; body_text_align=&#8221;left&#8221; body_text_color=&#8221;#000000&#8243; body_font_size=&#8221;16px&#8221; text_orientation=&#8221;justified&#8221; custom_margin=&#8221;-12px|0px||0px|false|false&#8221; custom_padding=&#8221;|0px|0px|0px|false|false&#8221; title_font_size_tablet=&#8221;15px&#8221; title_font_size_phone=&#8221;12px&#8221; title_font_size_last_edited=&#8221;on|desktop&#8221; body_font_size_tablet=&#8221;16px&#8221; body_font_size_phone=&#8221;16px&#8221; body_font_size_last_edited=&#8221;on|desktop&#8221; body_line_height_tablet=&#8221;&#8221; body_line_height_phone=&#8221;1.7em&#8221; body_line_height_last_edited=&#8221;on|phone&#8221; custom_css_main_element=&#8221;border : 1px solid darkgray !important;||border-radius : 6px !important;&#8221; custom_css_toggle_title=&#8221;border : 1px solid darkgray !important;||border-radius : 5px;||padding : 15px !important;||margin-top : -20px !important;&#8221; custom_css_toggle_icon=&#8221;margin-right : 18px !important;&#8221; custom_css_toggle_content=&#8221;margin : 20px;||padding:0px !important;&#8221; border_radii=&#8221;off||||&#8221; border_color_bottom=&#8221;#FFFFFF&#8221; box_shadow_style=&#8221;preset1&#8243; global_colors_info=&#8221;{}&#8221; custom_css_toggle_title_tablet=&#8221;border : 1px solid darkgray !important;||border-radius : 5px;||padding : 15px !important;||margin-top : -20px !important;||width: 100% !important;||background-color : #e5e5e5;&#8221; custom_css_toggle_title_phone=&#8221;border : 1px solid darkgray !important;||border-radius : 5px;||padding : 15px !important;||margin-top : -20px !important;||width: 100% !important;||background-color : #e5e5e5;&#8221; custom_css_toggle_title_last_edited=&#8221;on|phone&#8221; custom_css_toggle_icon_tablet=&#8221;margin-right : 18px !important;&#8221; custom_css_toggle_icon_phone=&#8221;margin-right : 7px !important;&#8221; custom_css_toggle_icon_last_edited=&#8221;on|phone&#8221;]<\/p>\n<p>Plac\u00e9e sous l&#8217;autorit\u00e9 d&#8217;un Directeur, la Direction des Op\u00e9rations Urbaines est charg\u00e9e :<\/p>\n<ul style=\"list-style-type: none;\">\n<i class=\"fa-solid fa-circle-check\"><\/i> Des \u00e9tudes et plans d&#8217;am\u00e9nagement des villes et quartiers ;<\/p>\n<p><i class=\"fa-solid fa-circle-check\"><\/i> Des op\u00e9rations d&#8217;am\u00e9nagement en milieu urbain telles que : la restructuration urbaine, la r\u00e9novation, les lotissements, les remembrements, les op\u00e9rations d&#8217;am\u00e9nagement concert\u00e9, les voiries, les r\u00e9seaux divers et tout autre \u00e9quipement touchant au foncier urbain ;<\/p>\n<p><i class=\"fa-solid fa-circle-check\"><\/i> De la participation \u00e0 l&#8217;\u00e9laboration des normes techniques en mati\u00e8re d&#8217;am\u00e9nagement ainsi que du suivi de leur application ;<\/p>\n<p><i class=\"fa-solid fa-circle-check\"><\/i> De la participation \u00e0 l&#8217;\u00e9laboration des politiques et strat\u00e9gies des transports urbains durables, en liaison avec les administrations concern\u00e9es ;<\/p>\n<p><i class=\"fa-solid fa-circle-check\"><\/i> De la coordination et du contr\u00f4le des travaux d&#8217;\u00e9quipement relevant de sa comp\u00e9tence dans les extensions urbaines ;<\/p>\n<p><i class=\"fa-solid fa-circle-check\"><\/i> De la r\u00e9alisation des \u00e9tudes en vue de la construction, de l&#8217;entretien ou de r\u00e9habilitation des voiries ;<\/p>\n<p><i class=\"fa-solid fa-circle-check\"><\/i> De la participation \u00e0 la protection du patrimoine routier urbain et de ses d\u00e9pendances en liaison avec les administrations concern\u00e9es ;<\/p>\n<p><i class=\"fa-solid fa-circle-check\"><\/i> De la participation \u00e0 l&#8217;\u00e9laboration de la nomenclature et de la classification des voiries et \u00e9quipements urbains ;<\/p>\n<p><i class=\"fa-solid fa-circle-check\"><\/i> De l&#8217;\u00e9laboration des strat\u00e9gies de gestion des infrastructures et \u00e9quipements urbains relevant de sa comp\u00e9tence ;<\/p>\n<p><i class=\"fa-solid fa-circle-check\"><\/i> De la mise en \u0153uvre des strat\u00e9gies de gestion des infrastructures urbaines ;<\/p>\n<p><i class=\"fa-solid fa-circle-check\"><\/i> De la ma\u00eetrise d&#8217;ouvrage et du contr\u00f4le des travaux d&#8217;\u00e9clairage public des villes ;<\/p>\n<p><i class=\"fa-solid fa-circle-check\"><\/i> De l&#8217;embellissement des centres urbains, en liaison avec les administrations et collectivit\u00e9s territoriales d\u00e9centralis\u00e9es concern\u00e9es ;<\/p>\n<p><i class=\"fa-solid fa-circle-check\"><\/i> Du suivi et du contr\u00f4le des travaux de construction des voiries, des r\u00e9seaux divers, ainsi que des ouvrages d&#8217;art, en liaison avec les administrations concern\u00e9es ;<\/p>\n<p><i class=\"fa-solid fa-circle-check\"><\/i> De la pr\u00e9vention et du suivi de la r\u00e9pression des occupations spontan\u00e9es et anarchiques de l&#8217;espace urbain ;<\/p>\n<p><i class=\"fa-solid fa-circle-check\"><\/i> De la participation aux op\u00e9rations d&#8217;expropriation pour cause d&#8217;utilit\u00e9 publique ;<\/p>\n<p><i class=\"fa-solid fa-circle-check\"><\/i> De la mise en \u0153uvre des projets \u00e0 haute intensit\u00e9 de main d&#8217;\u0153uvre dans le secteur de l&#8217;am\u00e9nagement urbain.<\/p>\n<\/ul>\n<p>Elle comprend :<\/p>\n<ul style=\"list-style-type: none;\">\n<li><i class=\"fa-solid fa-circle-check\"><\/i> La Sous-Direction des Op\u00e9rations d&#8217;Am\u00e9nagement et d&#8217;Embellissement ;<\/li>\n<li><i class=\"fa-solid fa-circle-check\"><\/i> La Sous-Direction des Voiries et R\u00e9seaux Divers ;<\/li>\n<li><i class=\"fa-solid fa-circle-check\"><\/i> La Sous-Direction de l&#8217;Assainissement et du Drainage.<\/li>\n<\/ul>\n<p>[\/et_pb_toggle][et_pb_toggle title=&#8221;Direction des Affaires G\u00e9n\u00e9rales (DAG)&#8221; open_toggle_text_color=&#8221;#004c99&#8243; open_toggle_background_color=&#8221;#FFFFFF&#8221; closed_toggle_background_color=&#8221;#FFFFFF&#8221; icon_color=&#8221;#004c99&#8243; toggle_icon=&#8221;&#xe04c;||divi||400&#8243; open_icon_color=&#8221;#004c99&#8243; open_toggle_icon=&#8221;&#x46;||divi||400&#8243; _builder_version=&#8221;4.17.6&#8243; _module_preset=&#8221;default&#8221; title_text_color=&#8221;#004c99&#8243; title_level=&#8221;h3&#8243; title_font=&#8221;|800||on|||||&#8221; title_text_align=&#8221;left&#8221; title_font_size=&#8221;16px&#8221; title_letter_spacing=&#8221;1px&#8221; body_font=&#8221;|600|||||||&#8221; body_text_align=&#8221;left&#8221; body_text_color=&#8221;#000000&#8243; body_font_size=&#8221;16px&#8221; text_orientation=&#8221;justified&#8221; custom_margin=&#8221;-12px|0px||0px|false|false&#8221; custom_padding=&#8221;|0px|0px|0px|false|false&#8221; title_font_size_tablet=&#8221;15px&#8221; title_font_size_phone=&#8221;12px&#8221; title_font_size_last_edited=&#8221;on|desktop&#8221; body_font_size_tablet=&#8221;16px&#8221; body_font_size_phone=&#8221;16px&#8221; body_font_size_last_edited=&#8221;on|desktop&#8221; body_line_height_tablet=&#8221;&#8221; body_line_height_phone=&#8221;1.7em&#8221; body_line_height_last_edited=&#8221;on|phone&#8221; custom_css_main_element=&#8221;border : 1px solid darkgray !important;||border-radius : 6px !important;&#8221; custom_css_toggle_title=&#8221;border : 1px solid darkgray !important;||border-radius : 5px;||padding : 15px !important;||margin-top : -20px !important;&#8221; custom_css_toggle_icon=&#8221;margin-right : 18px !important;&#8221; custom_css_toggle_content=&#8221;margin : 20px;||padding:0px !important;&#8221; border_radii=&#8221;off||||&#8221; border_color_bottom=&#8221;#FFFFFF&#8221; box_shadow_style=&#8221;preset1&#8243; global_colors_info=&#8221;{}&#8221; custom_css_toggle_title_tablet=&#8221;border : 1px solid darkgray !important;||border-radius : 5px;||padding : 15px !important;||margin-top : -20px !important;||width: 100% !important;||background-color : #e5e5e5;&#8221; custom_css_toggle_title_phone=&#8221;border : 1px solid darkgray !important;||border-radius : 5px;||padding : 15px !important;||margin-top : -20px !important;||width: 100% !important;||background-color : #e5e5e5;&#8221; custom_css_toggle_title_last_edited=&#8221;on|phone&#8221; custom_css_toggle_icon_tablet=&#8221;margin-right : 18px !important;&#8221; custom_css_toggle_icon_phone=&#8221;margin-right : 7px !important;&#8221; custom_css_toggle_icon_last_edited=&#8221;on|phone&#8221;]Plac\u00e9e sous l&#8217;autorit\u00e9 d&#8217;un Directeur, la Direction des Affaires G\u00e9n\u00e9rales est charg\u00e9e :<\/p>\n<ul style=\"list-style-type: none;\">\n<p><i class=\"fa-solid fa-circle-check\"><\/i>  De la conception et de la mise en \u0153uvre de la politique de gestion des ressources humaines du Minist\u00e8re ;<\/p>\n<p><i class=\"fa-solid fa-circle-check\"><\/i> De l&#8217;application de la politique du Gouvernement en mati\u00e8re de formation des personnels en service au Minist\u00e8re;<\/p>\n<p><i class=\"fa-solid fa-circle-check\"><\/i>  Du recrutement des personnels d\u00e9cisionnaires ;<\/p>\n<p><i class=\"fa-solid fa-circle-check\"><\/i>  De la coordination de l&#8217;\u00e9laboration du plan de formation des personnels internes ;<\/p>\n<p><i class=\"fa-solid fa-circle-check\"><\/i>  Du suivi de l&#8217;am\u00e9lioration des conditions de travail ;<\/p>\n<p><i class=\"fa-solid fa-circle-check\"><\/i>  De la pr\u00e9paration des actes administratifs de gestion des personnels internes ;<\/p>\n<p><i class=\"fa-solid fa-circle-check\"><\/i>  De la  pr\u00e9paration des mesures d&#8217;affectation des personnels au sein du Minist\u00e8re ;<\/p>\n<p><i class=\"fa-solid fa-circle-check\"><\/i>  De l&#8217;instruction des dossiers disciplinaires des personnels internes ;<\/p>\n<p><i class=\"fa-solid fa-circle-check\"><\/i> De l&#8217;application des textes l\u00e9gislatifs et r\u00e9glementaires relatifs aux d\u00e9penses de personnel du Minist\u00e8re;<\/p>\n<p><i class=\"fa-solid fa-circle-check\"><\/i>  De la pr\u00e9paration des \u00e9l\u00e9ments de la solde et accessoires de  solde des personnels en service au Minist\u00e8re ;<\/p>\n<p><i class=\"fa-solid fa-circle-check\"><\/i>  De la gestion des postes de travail ;<\/p>\n<p><i class=\"fa-solid fa-circle-check\"><\/i>  De la gestion pr\u00e9visionnelle des effectifs, en liaison avec le Minist\u00e8re charg\u00e9 de la fonction publique ;<\/p>\n<p><i class=\"fa-solid fa-circle-check\"><\/i>  De la mise \u00e0 jour du fichier solde et du fichier des personnels internes ;<\/p>\n<p><i class=\"fa-solid fa-circle-check\"><\/i>  De l&#8217;\u00e9laboration et de la liquidation des actes conc\u00e9dant des droits \u00e0 pension et rentes viag\u00e8res, apr\u00e8s visa des services comp\u00e9tents ;<\/p>\n<p><i class=\"fa-solid fa-circle-check\"><\/i>  De l&#8217;\u00e9laboration et de la liquidation des actes conc\u00e9dant des pensions d&#8217;accidents de travail et des maladies professionnelles, apr\u00e8s visa des services comp\u00e9tents ;<\/p>\n<p><i class=\"fa-solid fa-circle-check\"><\/i>  Du suivi de l&#8217;exploitation des applications informatiques  de gestion int\u00e9gr\u00e9e des personnels de l&#8217;Etat et de la solde ;<\/p>\n<p><i class=\"fa-solid fa-circle-check\"><\/i>  De la gestion des pensions ;<\/p>\n<p><i class=\"fa-solid fa-circle-check\"><\/i>  De l&#8217;\u00e9laboration et de l&#8217;ex\u00e9cution et du contr\u00f4le du budget du Minist\u00e8re ;<\/p>\n<p><i class=\"fa-solid fa-circle-check\"><\/i> De la pr\u00e9paration, en liaison avec les directions techniques et les administrations concern\u00e9es, des dossiers d&#8217;appels d&#8217;offres et du suivi de l&#8217;ex\u00e9cution des march\u00e9s publics au sein du Minist\u00e8re ;<\/p>\n<p><i class=\"fa-solid fa-circle-check\"><\/i>  Du contr\u00f4le du respect des proc\u00e9dures de passation des march\u00e9s publics ;<\/p>\n<p><i class=\"fa-solid fa-circle-check\"><\/i>  De la  conservation des documents des march\u00e9s publics ;<\/li>\n<p><i class=\"fa-solid fa-circle-check\"><\/i>  De la tenue du fichier et des statistiques sur les march\u00e9s publics pass\u00e9s par le Minist\u00e8re ;<\/p>\n<p><i class=\"fa-solid fa-circle-check\"><\/i>  De la gestion et de la maintenance des biens meubles et immeubles du Minist\u00e8re.<\/p>\n<\/ul>\n<p>Elle comprend :<\/p>\n<ul style=\"list-style-type: none;\">\n\t<i class=\"fa-solid fa-circle-check\"><\/i>  La Cellule de Gestion du Projet SIGIPES ;<br \/>\n\t<i class=\"fa-solid fa-circle-check\"><\/i>  La Sous-Direction des Personnels, de la Solde et des Pensions ;<br \/>\n\t<i class=\"fa-solid fa-circle-check\"><\/i>  La Sous-Direction du Budget, du Mat\u00e9riel et de la Maintenance.\n<\/ul>\n<p>[\/et_pb_toggle][\/et_pb_column][et_pb_column type=&#8221;1_3&#8243; _builder_version=&#8221;4.17.6&#8243; _module_preset=&#8221;default&#8221; global_colors_info=&#8221;{}&#8221;][dsm_menu title=&#8221;Tous les Services&#8221; title_bottom_gap=&#8221;20px&#8221; menu_id=&#8221;45&#8243; menu_link_text_color=&#8221;#FFFFFF&#8221; menu_space_between=&#8221;8px&#8221; list_style_type=&#8221;none&#8221; menu_left_space=&#8221;50px&#8221; _builder_version=&#8221;4.17.6&#8243; _module_preset=&#8221;default&#8221; header_level=&#8221;h1&#8243; header_font=&#8221;Montserrat|700|||||||&#8221; header_text_align=&#8221;center&#8221; header_text_color=&#8221;#EDF000&#8243; header_font_size=&#8221;35px&#8221; header_letter_spacing=&#8221;1px&#8221; menu_font=&#8221;Montserrat|700|||||||&#8221; menu_font_size=&#8221;17px&#8221; menu_letter_spacing=&#8221;1px&#8221; sub_menu_font=&#8221;Montserrat||||||||&#8221; background_color=&#8221;#004c99&#8243; min_height=&#8221;228px&#8221; custom_margin=&#8221;10px||||false|false&#8221; custom_padding=&#8221;20px||||false|false&#8221; box_shadow_style=&#8221;preset1&#8243; global_colors_info=&#8221;{}&#8221;][\/dsm_menu][\/et_pb_column][\/et_pb_row][\/et_pb_section]<\/p>\n<span class=\"et_bloom_bottom_trigger\"><\/span>","protected":false},"excerpt":{"rendered":"<p>L&#8217;Administion Centrale comprend:Le Secr\u00e9tariat G\u00e9n\u00e9ral est plac\u00e9 sous l&#8217;autorit\u00e9 d&#8217;un Secr\u00e9taire G\u00e9n\u00e9ral, principalpaI collaborateur du Ministre, qui suit l&#8217;instruction des affaires du D\u00e9partement et re\u00e7oit du Ministre les d\u00e9l\u00e9gations de [&hellip;]<\/p>\n","protected":false},"author":3,"featured_media":0,"parent":6787,"menu_order":0,"comment_status":"closed","ping_status":"closed","template":"","meta":{"_et_pb_use_builder":"on","_et_pb_old_content":"","_et_gb_content_width":"","_EventAllDay":false,"_EventTimezone":"","_EventStartDate":"","_EventEndDate":"","_EventStartDateUTC":"","_EventEndDateUTC":"","_EventShowMap":false,"_EventShowMapLink":false,"_EventURL":"","_EventCost":"","_EventCostDescription":"","_EventCurrencySymbol":"","_EventCurrencyCode":"","_EventCurrencyPosition":"","_EventDateTimeSeparator":"","_EventTimeRangeSeparator":"","_EventOrganizerID":[],"_EventVenueID":0,"_OrganizerEmail":"","_OrganizerPhone":"","_OrganizerWebsite":"","_VenueAddress":"","_VenueCity":"","_VenueCountry":"","_VenueProvince":"","_VenueZip":"","_VenuePhone":"","_VenueURL":"","_VenueStateProvince":"","_VenueLat":"","_VenueLng":"","footnotes":""},"folder":[],"class_list":["post-6989","page","type-page","status-publish","hentry"],"yoast_head":"<!-- This site is optimized with the Yoast SEO plugin v19.13 - https:\/\/yoast.com\/wordpress\/plugins\/seo\/ -->\n<title>Administration Centrale<\/title>\n<meta name=\"description\" content=\"[et_pb_section fb_built=&quot;1&quot; _builder_version=&quot;4.17.6&quot; _module_preset=&quot;default&quot; hover_enabled=&quot;0&quot; global_colors_info=&quot;{}&quot; background_color=&quot;#FFFFFF&quot; sticky_enabled=&quot;0&quot;][et_pb_row column_structure=&quot;2_3,1_3&quot; _builder_version=&quot;4.17.6&quot; _module_preset=&quot;default&quot; width=&quot;90%&quot; max_width=&quot;90%&quot; global_colors_info=&quot;{}&quot;][et_pb_column type=&quot;2_3&quot; _builder_version=&quot;4.17.6&quot; _module_preset=&quot;default&quot; global_colors_info=&quot;{}&quot;][et_pb_text _builder_version=&quot;4.17.6&quot; _module_preset=&quot;default&quot; text_font=&quot;Arimo|700|||||||&quot; text_text_color=&quot;#004c99&quot; text_font_size=&quot;25px&quot; background_color=&quot;#FFFFFF&quot; text_orientation=&quot;center&quot; width=&quot;100%&quot; min_height=&quot;90px&quot; height=&quot;90px&quot; custom_margin=&quot;-51px||||false|false&quot; custom_padding=&quot;30px||||false|false&quot; box_shadow_style=&quot;preset1&quot; global_colors_info=&quot;{}&quot;]L&#039;Administion Centrale comprend:[\/et_pb_text][et_pb_toggle title=&quot;Le Secr\u00e9taeiat G\u00e9n\u00e9ral&quot; open=&quot;on&quot; open_toggle_text_color=&quot;#004c99&quot; open_toggle_background_color=&quot;#FFFFFF&quot; closed_toggle_background_color=&quot;#FFFFFF&quot; icon_color=&quot;#004c99&quot; toggle_icon=&quot;&#xe04c;||divi||400&quot; open_icon_color=&quot;#004c99&quot; open_toggle_icon=&quot;&#x46;||divi||400&quot; _builder_version=&quot;4.17.6&quot; _module_preset=&quot;default&quot; title_text_color=&quot;#004c99&quot; title_level=&quot;h3&quot; title_font=&quot;|800||on|||||&quot; title_text_align=&quot;left&quot; title_font_size=&quot;16px&quot; title_letter_spacing=&quot;1px&quot; body_font=&quot;|600|||||||&quot; body_text_align=&quot;left&quot;&hellip;\" \/>\n<meta name=\"robots\" content=\"index, follow, max-snippet:-1, max-image-preview:large, max-video-preview:-1\" \/>\n<link rel=\"canonical\" href=\"https:\/\/www.minhdu.gov.cm\/le-ministere\/services-du-minhdu\/administration-centrale\/\" \/>\n<meta property=\"og:locale\" content=\"en_US\" \/>\n<meta property=\"og:type\" content=\"article\" \/>\n<meta property=\"og:title\" content=\"Administration Centrale\" \/>\n<meta property=\"og:description\" content=\"[et_pb_section fb_built=&quot;1&quot; _builder_version=&quot;4.17.6&quot; _module_preset=&quot;default&quot; hover_enabled=&quot;0&quot; global_colors_info=&quot;{}&quot; background_color=&quot;#FFFFFF&quot; sticky_enabled=&quot;0&quot;][et_pb_row column_structure=&quot;2_3,1_3&quot; _builder_version=&quot;4.17.6&quot; _module_preset=&quot;default&quot; width=&quot;90%&quot; max_width=&quot;90%&quot; global_colors_info=&quot;{}&quot;][et_pb_column type=&quot;2_3&quot; _builder_version=&quot;4.17.6&quot; _module_preset=&quot;default&quot; global_colors_info=&quot;{}&quot;][et_pb_text _builder_version=&quot;4.17.6&quot; _module_preset=&quot;default&quot; text_font=&quot;Arimo|700|||||||&quot; text_text_color=&quot;#004c99&quot; text_font_size=&quot;25px&quot; background_color=&quot;#FFFFFF&quot; text_orientation=&quot;center&quot; width=&quot;100%&quot; min_height=&quot;90px&quot; height=&quot;90px&quot; custom_margin=&quot;-51px||||false|false&quot; custom_padding=&quot;30px||||false|false&quot; box_shadow_style=&quot;preset1&quot; global_colors_info=&quot;{}&quot;]L&#039;Administion Centrale comprend:[\/et_pb_text][et_pb_toggle title=&quot;Le Secr\u00e9taeiat G\u00e9n\u00e9ral&quot; open=&quot;on&quot; open_toggle_text_color=&quot;#004c99&quot; open_toggle_background_color=&quot;#FFFFFF&quot; closed_toggle_background_color=&quot;#FFFFFF&quot; icon_color=&quot;#004c99&quot; toggle_icon=&quot;&#xe04c;||divi||400&quot; open_icon_color=&quot;#004c99&quot; open_toggle_icon=&quot;&#x46;||divi||400&quot; _builder_version=&quot;4.17.6&quot; _module_preset=&quot;default&quot; title_text_color=&quot;#004c99&quot; title_level=&quot;h3&quot; title_font=&quot;|800||on|||||&quot; title_text_align=&quot;left&quot; title_font_size=&quot;16px&quot; title_letter_spacing=&quot;1px&quot; body_font=&quot;|600|||||||&quot; body_text_align=&quot;left&quot;&hellip;\" \/>\n<meta property=\"og:url\" content=\"https:\/\/www.minhdu.gov.cm\/le-ministere\/services-du-minhdu\/administration-centrale\/\" \/>\n<meta property=\"og:site_name\" content=\"MINHDU\" \/>\n<meta property=\"article:publisher\" content=\"https:\/\/www.facebook.com\/cameroun.minhdu\/\" \/>\n<meta property=\"article:modified_time\" content=\"2022-07-28T07:52:32+00:00\" \/>\n<meta name=\"twitter:card\" content=\"summary_large_image\" \/>\n<meta name=\"twitter:site\" content=\"@cameroun_minhdu\" \/>\n<script type=\"application\/ld+json\" class=\"yoast-schema-graph\">{\"@context\":\"https:\/\/schema.org\",\"@graph\":[{\"@type\":\"WebPage\",\"@id\":\"https:\/\/www.minhdu.gov.cm\/le-ministere\/services-du-minhdu\/administration-centrale\/\",\"url\":\"https:\/\/www.minhdu.gov.cm\/le-ministere\/services-du-minhdu\/administration-centrale\/\",\"name\":\"Administration Centrale - MINHDU\",\"isPartOf\":{\"@id\":\"https:\/\/www.minhdu.gov.cm\/#website\"},\"datePublished\":\"2022-07-27T09:57:51+00:00\",\"dateModified\":\"2022-07-28T07:52:32+00:00\",\"breadcrumb\":{\"@id\":\"https:\/\/www.minhdu.gov.cm\/le-ministere\/services-du-minhdu\/administration-centrale\/#breadcrumb\"},\"inLanguage\":\"en-US\",\"potentialAction\":[{\"@type\":\"ReadAction\",\"target\":[\"https:\/\/www.minhdu.gov.cm\/le-ministere\/services-du-minhdu\/administration-centrale\/\"]}]},{\"@type\":\"BreadcrumbList\",\"@id\":\"https:\/\/www.minhdu.gov.cm\/le-ministere\/services-du-minhdu\/administration-centrale\/#breadcrumb\",\"itemListElement\":[{\"@type\":\"ListItem\",\"position\":1,\"name\":\"Home\",\"item\":\"https:\/\/www.minhdu.gov.cm\/\"},{\"@type\":\"ListItem\",\"position\":2,\"name\":\"Le Minist\u00e8re\",\"item\":\"https:\/\/www.minhdu.gov.cm\/le-ministere\/\"},{\"@type\":\"ListItem\",\"position\":3,\"name\":\"Services du MINHDU\",\"item\":\"https:\/\/www.minhdu.gov.cm\/le-ministere\/services-du-minhdu\/\"},{\"@type\":\"ListItem\",\"position\":4,\"name\":\"Administration Centrale\"}]},{\"@type\":\"WebSite\",\"@id\":\"https:\/\/www.minhdu.gov.cm\/#website\",\"url\":\"https:\/\/www.minhdu.gov.cm\/\",\"name\":\"MINHDU\",\"description\":\"\",\"publisher\":{\"@id\":\"https:\/\/www.minhdu.gov.cm\/#organization\"},\"potentialAction\":[{\"@type\":\"SearchAction\",\"target\":{\"@type\":\"EntryPoint\",\"urlTemplate\":\"https:\/\/www.minhdu.gov.cm\/?s={search_term_string}\"},\"query-input\":\"required name=search_term_string\"}],\"inLanguage\":\"en-US\"},{\"@type\":\"Organization\",\"@id\":\"https:\/\/www.minhdu.gov.cm\/#organization\",\"name\":\"MINHDU\",\"url\":\"https:\/\/www.minhdu.gov.cm\/\",\"logo\":{\"@type\":\"ImageObject\",\"inLanguage\":\"en-US\",\"@id\":\"https:\/\/www.minhdu.gov.cm\/#\/schema\/logo\/image\/\",\"url\":\"https:\/\/www.minhdu.gov.cm\/wp-content\/uploads\/2022\/06\/minhdu2.png\",\"contentUrl\":\"https:\/\/www.minhdu.gov.cm\/wp-content\/uploads\/2022\/06\/minhdu2.png\",\"width\":250,\"height\":250,\"caption\":\"MINHDU\"},\"image\":{\"@id\":\"https:\/\/www.minhdu.gov.cm\/#\/schema\/logo\/image\/\"},\"sameAs\":[\"https:\/\/www.facebook.com\/cameroun.minhdu\/\",\"https:\/\/twitter.com\/cameroun_minhdu\"]}]}<\/script>\n<!-- \/ Yoast SEO plugin. -->","yoast_head_json":{"title":"Administration Centrale","description":"[et_pb_section fb_built=\"1\" _builder_version=\"4.17.6\" _module_preset=\"default\" hover_enabled=\"0\" global_colors_info=\"{}\" background_color=\"#FFFFFF\" sticky_enabled=\"0\"][et_pb_row column_structure=\"2_3,1_3\" _builder_version=\"4.17.6\" _module_preset=\"default\" width=\"90%\" max_width=\"90%\" global_colors_info=\"{}\"][et_pb_column type=\"2_3\" _builder_version=\"4.17.6\" _module_preset=\"default\" global_colors_info=\"{}\"][et_pb_text _builder_version=\"4.17.6\" _module_preset=\"default\" text_font=\"Arimo|700|||||||\" text_text_color=\"#004c99\" text_font_size=\"25px\" background_color=\"#FFFFFF\" text_orientation=\"center\" width=\"100%\" min_height=\"90px\" height=\"90px\" custom_margin=\"-51px||||false|false\" custom_padding=\"30px||||false|false\" box_shadow_style=\"preset1\" global_colors_info=\"{}\"]L'Administion Centrale comprend:[\/et_pb_text][et_pb_toggle title=\"Le Secr\u00e9taeiat G\u00e9n\u00e9ral\" open=\"on\" open_toggle_text_color=\"#004c99\" open_toggle_background_color=\"#FFFFFF\" closed_toggle_background_color=\"#FFFFFF\" icon_color=\"#004c99\" toggle_icon=\"&#xe04c;||divi||400\" open_icon_color=\"#004c99\" open_toggle_icon=\"&#x46;||divi||400\" _builder_version=\"4.17.6\" _module_preset=\"default\" title_text_color=\"#004c99\" title_level=\"h3\" title_font=\"|800||on|||||\" title_text_align=\"left\" title_font_size=\"16px\" title_letter_spacing=\"1px\" body_font=\"|600|||||||\" body_text_align=\"left\"&hellip;","robots":{"index":"index","follow":"follow","max-snippet":"max-snippet:-1","max-image-preview":"max-image-preview:large","max-video-preview":"max-video-preview:-1"},"canonical":"https:\/\/www.minhdu.gov.cm\/le-ministere\/services-du-minhdu\/administration-centrale\/","og_locale":"en_US","og_type":"article","og_title":"Administration Centrale","og_description":"[et_pb_section fb_built=\"1\" _builder_version=\"4.17.6\" _module_preset=\"default\" hover_enabled=\"0\" global_colors_info=\"{}\" background_color=\"#FFFFFF\" sticky_enabled=\"0\"][et_pb_row column_structure=\"2_3,1_3\" _builder_version=\"4.17.6\" _module_preset=\"default\" width=\"90%\" max_width=\"90%\" global_colors_info=\"{}\"][et_pb_column type=\"2_3\" _builder_version=\"4.17.6\" _module_preset=\"default\" global_colors_info=\"{}\"][et_pb_text _builder_version=\"4.17.6\" _module_preset=\"default\" text_font=\"Arimo|700|||||||\" text_text_color=\"#004c99\" text_font_size=\"25px\" background_color=\"#FFFFFF\" text_orientation=\"center\" width=\"100%\" min_height=\"90px\" height=\"90px\" custom_margin=\"-51px||||false|false\" custom_padding=\"30px||||false|false\" box_shadow_style=\"preset1\" global_colors_info=\"{}\"]L'Administion Centrale comprend:[\/et_pb_text][et_pb_toggle title=\"Le Secr\u00e9taeiat G\u00e9n\u00e9ral\" open=\"on\" open_toggle_text_color=\"#004c99\" open_toggle_background_color=\"#FFFFFF\" closed_toggle_background_color=\"#FFFFFF\" icon_color=\"#004c99\" toggle_icon=\"&#xe04c;||divi||400\" open_icon_color=\"#004c99\" open_toggle_icon=\"&#x46;||divi||400\" _builder_version=\"4.17.6\" _module_preset=\"default\" title_text_color=\"#004c99\" title_level=\"h3\" title_font=\"|800||on|||||\" title_text_align=\"left\" title_font_size=\"16px\" title_letter_spacing=\"1px\" body_font=\"|600|||||||\" body_text_align=\"left\"&hellip;","og_url":"https:\/\/www.minhdu.gov.cm\/le-ministere\/services-du-minhdu\/administration-centrale\/","og_site_name":"MINHDU","article_publisher":"https:\/\/www.facebook.com\/cameroun.minhdu\/","article_modified_time":"2022-07-28T07:52:32+00:00","twitter_card":"summary_large_image","twitter_site":"@cameroun_minhdu","schema":{"@context":"https:\/\/schema.org","@graph":[{"@type":"WebPage","@id":"https:\/\/www.minhdu.gov.cm\/le-ministere\/services-du-minhdu\/administration-centrale\/","url":"https:\/\/www.minhdu.gov.cm\/le-ministere\/services-du-minhdu\/administration-centrale\/","name":"Administration Centrale - MINHDU","isPartOf":{"@id":"https:\/\/www.minhdu.gov.cm\/#website"},"datePublished":"2022-07-27T09:57:51+00:00","dateModified":"2022-07-28T07:52:32+00:00","breadcrumb":{"@id":"https:\/\/www.minhdu.gov.cm\/le-ministere\/services-du-minhdu\/administration-centrale\/#breadcrumb"},"inLanguage":"en-US","potentialAction":[{"@type":"ReadAction","target":["https:\/\/www.minhdu.gov.cm\/le-ministere\/services-du-minhdu\/administration-centrale\/"]}]},{"@type":"BreadcrumbList","@id":"https:\/\/www.minhdu.gov.cm\/le-ministere\/services-du-minhdu\/administration-centrale\/#breadcrumb","itemListElement":[{"@type":"ListItem","position":1,"name":"Home","item":"https:\/\/www.minhdu.gov.cm\/"},{"@type":"ListItem","position":2,"name":"Le Minist\u00e8re","item":"https:\/\/www.minhdu.gov.cm\/le-ministere\/"},{"@type":"ListItem","position":3,"name":"Services du MINHDU","item":"https:\/\/www.minhdu.gov.cm\/le-ministere\/services-du-minhdu\/"},{"@type":"ListItem","position":4,"name":"Administration Centrale"}]},{"@type":"WebSite","@id":"https:\/\/www.minhdu.gov.cm\/#website","url":"https:\/\/www.minhdu.gov.cm\/","name":"MINHDU","description":"","publisher":{"@id":"https:\/\/www.minhdu.gov.cm\/#organization"},"potentialAction":[{"@type":"SearchAction","target":{"@type":"EntryPoint","urlTemplate":"https:\/\/www.minhdu.gov.cm\/?s={search_term_string}"},"query-input":"required name=search_term_string"}],"inLanguage":"en-US"},{"@type":"Organization","@id":"https:\/\/www.minhdu.gov.cm\/#organization","name":"MINHDU","url":"https:\/\/www.minhdu.gov.cm\/","logo":{"@type":"ImageObject","inLanguage":"en-US","@id":"https:\/\/www.minhdu.gov.cm\/#\/schema\/logo\/image\/","url":"https:\/\/www.minhdu.gov.cm\/wp-content\/uploads\/2022\/06\/minhdu2.png","contentUrl":"https:\/\/www.minhdu.gov.cm\/wp-content\/uploads\/2022\/06\/minhdu2.png","width":250,"height":250,"caption":"MINHDU"},"image":{"@id":"https:\/\/www.minhdu.gov.cm\/#\/schema\/logo\/image\/"},"sameAs":["https:\/\/www.facebook.com\/cameroun.minhdu\/","https:\/\/twitter.com\/cameroun_minhdu"]}]}},"_links":{"self":[{"href":"https:\/\/www.minhdu.gov.cm\/wp-json\/wp\/v2\/pages\/6989","targetHints":{"allow":["GET"]}}],"collection":[{"href":"https:\/\/www.minhdu.gov.cm\/wp-json\/wp\/v2\/pages"}],"about":[{"href":"https:\/\/www.minhdu.gov.cm\/wp-json\/wp\/v2\/types\/page"}],"author":[{"embeddable":true,"href":"https:\/\/www.minhdu.gov.cm\/wp-json\/wp\/v2\/users\/3"}],"replies":[{"embeddable":true,"href":"https:\/\/www.minhdu.gov.cm\/wp-json\/wp\/v2\/comments?post=6989"}],"version-history":[{"count":14,"href":"https:\/\/www.minhdu.gov.cm\/wp-json\/wp\/v2\/pages\/6989\/revisions"}],"predecessor-version":[{"id":7196,"href":"https:\/\/www.minhdu.gov.cm\/wp-json\/wp\/v2\/pages\/6989\/revisions\/7196"}],"up":[{"embeddable":true,"href":"https:\/\/www.minhdu.gov.cm\/wp-json\/wp\/v2\/pages\/6787"}],"wp:attachment":[{"href":"https:\/\/www.minhdu.gov.cm\/wp-json\/wp\/v2\/media?parent=6989"}],"wp:term":[{"taxonomy":"folder","embeddable":true,"href":"https:\/\/www.minhdu.gov.cm\/wp-json\/wp\/v2\/folder?post=6989"}],"curies":[{"name":"wp","href":"https:\/\/api.w.org\/{rel}","templated":true}]}}